{"id":2221,"date":"2025-04-10T14:12:35","date_gmt":"2025-04-10T14:12:35","guid":{"rendered":"https:\/\/mhinteriores.pt\/loja\/?post_type=product&#038;p=2221"},"modified":"2025-04-15T12:43:29","modified_gmt":"2025-04-15T12:43:29","slug":"sofa-nalu-3-lugares-mh-interiores","status":"publish","type":"product","link":"https:\/\/mhinteriores.pt\/loja\/produto\/sofa-nalu-3-lugares-mh-interiores\/","title":{"rendered":"Sof\u00e1 Nalu 3 lugares &#8211; MH Interiores"},"content":{"rendered":"<p>Moderno e sinuoso, o sof\u00e1 Nalu de 3 lugares \u00e9 uma verdadeira homenagem aos mestres do design. A ideia de uma &#8220;nouvelle vague&#8221; de Ludovica Serafini e Roberto Palomba se expressa com toda a sua originalidade nas almofadas dos assentos que se transformam em encostos, abra\u00e7ando uma estrutura de alum\u00ednio semipolido com estilo retr\u00f4.<\/p>\n<ul class=\"info-list\">\n<li><span class=\"info-list-title\">Embalagem:<\/span>1 pe\u00e7a<\/li>\n<\/ul>\n<p>DIMENS\u00d5ES:<\/p>\n<ul class=\"info-list\">\n<li><span class=\"info-list-title\">Apoio de bra\u00e7o:<\/span>59 cm<\/li>\n<li><span class=\"info-list-title\">Assento:<\/span>43 cm<\/li>\n<li><span class=\"info-list-title\">Almofada H.:<\/span>20 cm<\/li>\n<\/ul>\n","protected":false},"excerpt":{"rendered":"<p>Moderno e sinuoso, o sof\u00e1 Nalu de 3 lugares \u00e9 uma verdadeira homenagem aos mestres do design. A ideia de uma &#8220;nouvelle vague&#8221; de Ludovica Serafini e Roberto Palomba se<\/p>\n","protected":false},"featured_media":2240,"comment_status":"open","ping_status":"closed","template":"","meta":[],"product_cat":[127],"product_tag":[],"class_list":{"0":"post-2221","1":"product","2":"type-product","3":"status-publish","4":"has-post-thumbnail","6":"product_brand-talenti-outdoor-living","7":"product_cat-sofas-exteriores","9":"first","10":"instock","11":"shipping-taxable","12":"product-type-variable"},"yoast_head":"<!-- This site is optimized with the Yoast SEO Premium plugin v24.0 (Yoast SEO v27.4) - https:\/\/yoast.com\/product\/yoast-seo-premium-wordpress\/ -->\n<title>Sof\u00e1 Nalu 3 lugares - MH Interiores - Loja Decora&ccedil;&atilde;o de Interiores<\/title>\n<meta name=\"description\" content=\"Descubra o conforto e a eleg\u00e2ncia do Nalu Sofa \u2013 um sof\u00e1 de exterior de 3 lugares, ideal para transformar qualquer espa\u00e7o ao ar livre num ref\u00fagio de luxo.\" \/>\n<meta name=\"robots\" content=\"index, follow, max-snippet:-1, max-image-preview:large, max-video-preview:-1\" \/>\n<link rel=\"canonical\" href=\"https:\/\/mhinteriores.pt\/loja\/produto\/sofa-nalu-3-lugares-mh-interiores\/\" \/>\n<meta property=\"og:locale\" content=\"pt_PT\" \/>\n<meta property=\"og:type\" content=\"article\" \/>\n<meta property=\"og:title\" content=\"Sof\u00e1 Nalu 3 lugares - MH Interiores\" \/>\n<meta property=\"og:description\" content=\"Descubra o conforto e a eleg\u00e2ncia do Nalu Sofa \u2013 um sof\u00e1 de exterior de 3 lugares, ideal para transformar qualquer espa\u00e7o ao ar livre num ref\u00fagio de luxo.\" \/>\n<meta property=\"og:url\" content=\"https:\/\/mhinteriores.pt\/loja\/produto\/sofa-nalu-3-lugares-mh-interiores\/\" \/>\n<meta property=\"og:site_name\" content=\"Loja Decora&ccedil;&atilde;o de Interiores\" \/>\n<meta property=\"article:modified_time\" content=\"2025-04-15T12:43:29+00:00\" \/>\n<meta property=\"og:image\" content=\"https:\/\/mhinteriores.pt\/loja\/wp-content\/uploads\/2025\/04\/NALU-VERMELHO.webp\" \/>\n\t<meta property=\"og:image:width\" content=\"500\" \/>\n\t<meta property=\"og:image:height\" content=\"500\" \/>\n\t<meta property=\"og:image:type\" content=\"image\/webp\" \/>\n<meta name=\"twitter:card\" content=\"summary_large_image\" \/>\n<meta name=\"twitter:label1\" content=\"Tempo estimado de leitura\" \/>\n\t<meta name=\"twitter:data1\" content=\"1 minuto\" \/>\n<script type=\"application\/ld+json\" class=\"yoast-schema-graph\">{\"@context\":\"https:\\\/\\\/schema.org\",\"@graph\":[{\"@type\":\"WebPage\",\"@id\":\"https:\\\/\\\/mhinteriores.pt\\\/loja\\\/produto\\\/sofa-nalu-3-lugares-mh-interiores\\\/\",\"url\":\"https:\\\/\\\/mhinteriores.pt\\\/loja\\\/produto\\\/sofa-nalu-3-lugares-mh-interiores\\\/\",\"name\":\"Sof\u00e1 Nalu 3 lugares - MH Interiores - Loja Decora&ccedil;&atilde;o de Interiores\",\"isPartOf\":{\"@id\":\"https:\\\/\\\/mhinteriores.pt\\\/loja\\\/#website\"},\"primaryImageOfPage\":{\"@id\":\"https:\\\/\\\/mhinteriores.pt\\\/loja\\\/produto\\\/sofa-nalu-3-lugares-mh-interiores\\\/#primaryimage\"},\"image\":{\"@id\":\"https:\\\/\\\/mhinteriores.pt\\\/loja\\\/produto\\\/sofa-nalu-3-lugares-mh-interiores\\\/#primaryimage\"},\"thumbnailUrl\":\"https:\\\/\\\/mhinteriores.pt\\\/loja\\\/wp-content\\\/uploads\\\/2025\\\/04\\\/NALU-VERMELHO.webp\",\"datePublished\":\"2025-04-10T14:12:35+00:00\",\"dateModified\":\"2025-04-15T12:43:29+00:00\",\"description\":\"Descubra o conforto e a eleg\u00e2ncia do Nalu Sofa \u2013 um sof\u00e1 de exterior de 3 lugares, ideal para transformar qualquer espa\u00e7o ao ar livre num ref\u00fagio de luxo.\",\"breadcrumb\":{\"@id\":\"https:\\\/\\\/mhinteriores.pt\\\/loja\\\/produto\\\/sofa-nalu-3-lugares-mh-interiores\\\/#breadcrumb\"},\"inLanguage\":\"pt-PT\",\"potentialAction\":[{\"@type\":\"ReadAction\",\"target\":[\"https:\\\/\\\/mhinteriores.pt\\\/loja\\\/produto\\\/sofa-nalu-3-lugares-mh-interiores\\\/\"]}]},{\"@type\":\"ImageObject\",\"inLanguage\":\"pt-PT\",\"@id\":\"https:\\\/\\\/mhinteriores.pt\\\/loja\\\/produto\\\/sofa-nalu-3-lugares-mh-interiores\\\/#primaryimage\",\"url\":\"https:\\\/\\\/mhinteriores.pt\\\/loja\\\/wp-content\\\/uploads\\\/2025\\\/04\\\/NALU-VERMELHO.webp\",\"contentUrl\":\"https:\\\/\\\/mhinteriores.pt\\\/loja\\\/wp-content\\\/uploads\\\/2025\\\/04\\\/NALU-VERMELHO.webp\",\"width\":500,\"height\":500,\"caption\":\"NALU VERMELHO\"},{\"@type\":\"BreadcrumbList\",\"@id\":\"https:\\\/\\\/mhinteriores.pt\\\/loja\\\/produto\\\/sofa-nalu-3-lugares-mh-interiores\\\/#breadcrumb\",\"itemListElement\":[{\"@type\":\"ListItem\",\"position\":1,\"name\":\"In\u00edcio\",\"item\":\"https:\\\/\\\/mhinteriores.pt\\\/loja\\\/\"},{\"@type\":\"ListItem\",\"position\":2,\"name\":\"Loja\",\"item\":\"https:\\\/\\\/mhinteriores.pt\\\/loja\\\/loja\\\/\"},{\"@type\":\"ListItem\",\"position\":3,\"name\":\"Sof\u00e1 Nalu 3 lugares &#8211; MH Interiores\"}]},{\"@type\":\"WebSite\",\"@id\":\"https:\\\/\\\/mhinteriores.pt\\\/loja\\\/#website\",\"url\":\"https:\\\/\\\/mhinteriores.pt\\\/loja\\\/\",\"name\":\"Loja de Decora\u00e7\u00e3o - MH Interiores\",\"description\":\"MH Interiores\",\"publisher\":{\"@id\":\"https:\\\/\\\/mhinteriores.pt\\\/loja\\\/#organization\"},\"potentialAction\":[{\"@type\":\"SearchAction\",\"target\":{\"@type\":\"EntryPoint\",\"urlTemplate\":\"https:\\\/\\\/mhinteriores.pt\\\/loja\\\/?s={search_term_string}\"},\"query-input\":{\"@type\":\"PropertyValueSpecification\",\"valueRequired\":true,\"valueName\":\"search_term_string\"}}],\"inLanguage\":\"pt-PT\"},{\"@type\":\"Organization\",\"@id\":\"https:\\\/\\\/mhinteriores.pt\\\/loja\\\/#organization\",\"name\":\"Loja de Decora\u00e7\u00e3o - MH Interiores\",\"url\":\"https:\\\/\\\/mhinteriores.pt\\\/loja\\\/\",\"logo\":{\"@type\":\"ImageObject\",\"inLanguage\":\"pt-PT\",\"@id\":\"https:\\\/\\\/mhinteriores.pt\\\/loja\\\/#\\\/schema\\\/logo\\\/image\\\/\",\"url\":\"https:\\\/\\\/mhinteriores.pt\\\/loja\\\/wp-content\\\/uploads\\\/2024\\\/12\\\/cropped-MH-Interiores.png\",\"contentUrl\":\"https:\\\/\\\/mhinteriores.pt\\\/loja\\\/wp-content\\\/uploads\\\/2024\\\/12\\\/cropped-MH-Interiores.png\",\"width\":512,\"height\":512,\"caption\":\"Loja de Decora\u00e7\u00e3o - MH Interiores\"},\"image\":{\"@id\":\"https:\\\/\\\/mhinteriores.pt\\\/loja\\\/#\\\/schema\\\/logo\\\/image\\\/\"}}]}<\/script>\n<!-- \/ Yoast SEO Premium plugin. -->","yoast_head_json":{"title":"Sof\u00e1 Nalu 3 lugares - MH Interiores - Loja Decora&ccedil;&atilde;o de Interiores","description":"Descubra o conforto e a eleg\u00e2ncia do Nalu Sofa \u2013 um sof\u00e1 de exterior de 3 lugares, ideal para transformar qualquer espa\u00e7o ao ar livre num ref\u00fagio de luxo.","robots":{"index":"index","follow":"follow","max-snippet":"max-snippet:-1","max-image-preview":"max-image-preview:large","max-video-preview":"max-video-preview:-1"},"canonical":"https:\/\/mhinteriores.pt\/loja\/produto\/sofa-nalu-3-lugares-mh-interiores\/","og_locale":"pt_PT","og_type":"article","og_title":"Sof\u00e1 Nalu 3 lugares - MH Interiores","og_description":"Descubra o conforto e a eleg\u00e2ncia do Nalu Sofa \u2013 um sof\u00e1 de exterior de 3 lugares, ideal para transformar qualquer espa\u00e7o ao ar livre num ref\u00fagio de luxo.","og_url":"https:\/\/mhinteriores.pt\/loja\/produto\/sofa-nalu-3-lugares-mh-interiores\/","og_site_name":"Loja Decora&ccedil;&atilde;o de Interiores","article_modified_time":"2025-04-15T12:43:29+00:00","og_image":[{"width":500,"height":500,"url":"https:\/\/mhinteriores.pt\/loja\/wp-content\/uploads\/2025\/04\/NALU-VERMELHO.webp","type":"image\/webp"}],"twitter_card":"summary_large_image","twitter_misc":{"Tempo estimado de leitura":"1 minuto"},"schema":{"@context":"https:\/\/schema.org","@graph":[{"@type":"WebPage","@id":"https:\/\/mhinteriores.pt\/loja\/produto\/sofa-nalu-3-lugares-mh-interiores\/","url":"https:\/\/mhinteriores.pt\/loja\/produto\/sofa-nalu-3-lugares-mh-interiores\/","name":"Sof\u00e1 Nalu 3 lugares - MH Interiores - Loja Decora&ccedil;&atilde;o de Interiores","isPartOf":{"@id":"https:\/\/mhinteriores.pt\/loja\/#website"},"primaryImageOfPage":{"@id":"https:\/\/mhinteriores.pt\/loja\/produto\/sofa-nalu-3-lugares-mh-interiores\/#primaryimage"},"image":{"@id":"https:\/\/mhinteriores.pt\/loja\/produto\/sofa-nalu-3-lugares-mh-interiores\/#primaryimage"},"thumbnailUrl":"https:\/\/mhinteriores.pt\/loja\/wp-content\/uploads\/2025\/04\/NALU-VERMELHO.webp","datePublished":"2025-04-10T14:12:35+00:00","dateModified":"2025-04-15T12:43:29+00:00","description":"Descubra o conforto e a eleg\u00e2ncia do Nalu Sofa \u2013 um sof\u00e1 de exterior de 3 lugares, ideal para transformar qualquer espa\u00e7o ao ar livre num ref\u00fagio de luxo.","breadcrumb":{"@id":"https:\/\/mhinteriores.pt\/loja\/produto\/sofa-nalu-3-lugares-mh-interiores\/#breadcrumb"},"inLanguage":"pt-PT","potentialAction":[{"@type":"ReadAction","target":["https:\/\/mhinteriores.pt\/loja\/produto\/sofa-nalu-3-lugares-mh-interiores\/"]}]},{"@type":"ImageObject","inLanguage":"pt-PT","@id":"https:\/\/mhinteriores.pt\/loja\/produto\/sofa-nalu-3-lugares-mh-interiores\/#primaryimage","url":"https:\/\/mhinteriores.pt\/loja\/wp-content\/uploads\/2025\/04\/NALU-VERMELHO.webp","contentUrl":"https:\/\/mhinteriores.pt\/loja\/wp-content\/uploads\/2025\/04\/NALU-VERMELHO.webp","width":500,"height":500,"caption":"NALU VERMELHO"},{"@type":"BreadcrumbList","@id":"https:\/\/mhinteriores.pt\/loja\/produto\/sofa-nalu-3-lugares-mh-interiores\/#breadcrumb","itemListElement":[{"@type":"ListItem","position":1,"name":"In\u00edcio","item":"https:\/\/mhinteriores.pt\/loja\/"},{"@type":"ListItem","position":2,"name":"Loja","item":"https:\/\/mhinteriores.pt\/loja\/loja\/"},{"@type":"ListItem","position":3,"name":"Sof\u00e1 Nalu 3 lugares &#8211; MH Interiores"}]},{"@type":"WebSite","@id":"https:\/\/mhinteriores.pt\/loja\/#website","url":"https:\/\/mhinteriores.pt\/loja\/","name":"Loja de Decora\u00e7\u00e3o - MH Interiores","description":"MH Interiores","publisher":{"@id":"https:\/\/mhinteriores.pt\/loja\/#organization"},"potentialAction":[{"@type":"SearchAction","target":{"@type":"EntryPoint","urlTemplate":"https:\/\/mhinteriores.pt\/loja\/?s={search_term_string}"},"query-input":{"@type":"PropertyValueSpecification","valueRequired":true,"valueName":"search_term_string"}}],"inLanguage":"pt-PT"},{"@type":"Organization","@id":"https:\/\/mhinteriores.pt\/loja\/#organization","name":"Loja de Decora\u00e7\u00e3o - MH Interiores","url":"https:\/\/mhinteriores.pt\/loja\/","logo":{"@type":"ImageObject","inLanguage":"pt-PT","@id":"https:\/\/mhinteriores.pt\/loja\/#\/schema\/logo\/image\/","url":"https:\/\/mhinteriores.pt\/loja\/wp-content\/uploads\/2024\/12\/cropped-MH-Interiores.png","contentUrl":"https:\/\/mhinteriores.pt\/loja\/wp-content\/uploads\/2024\/12\/cropped-MH-Interiores.png","width":512,"height":512,"caption":"Loja de Decora\u00e7\u00e3o - MH Interiores"},"image":{"@id":"https:\/\/mhinteriores.pt\/loja\/#\/schema\/logo\/image\/"}}]}},"_links":{"self":[{"href":"https:\/\/mhinteriores.pt\/loja\/wp-json\/wp\/v2\/product\/2221","targetHints":{"allow":["GET"]}}],"collection":[{"href":"https:\/\/mhinteriores.pt\/loja\/wp-json\/wp\/v2\/product"}],"about":[{"href":"https:\/\/mhinteriores.pt\/loja\/wp-json\/wp\/v2\/types\/product"}],"replies":[{"embeddable":true,"href":"https:\/\/mhinteriores.pt\/loja\/wp-json\/wp\/v2\/comments?post=2221"}],"version-history":[{"count":7,"href":"https:\/\/mhinteriores.pt\/loja\/wp-json\/wp\/v2\/product\/2221\/revisions"}],"predecessor-version":[{"id":3037,"href":"https:\/\/mhinteriores.pt\/loja\/wp-json\/wp\/v2\/product\/2221\/revisions\/3037"}],"wp:featuredmedia":[{"embeddable":true,"href":"https:\/\/mhinteriores.pt\/loja\/wp-json\/wp\/v2\/media\/2240"}],"wp:attachment":[{"href":"https:\/\/mhinteriores.pt\/loja\/wp-json\/wp\/v2\/media?parent=2221"}],"wp:term":[{"taxonomy":"product_cat","embeddable":true,"href":"https:\/\/mhinteriores.pt\/loja\/wp-json\/wp\/v2\/product_cat?post=2221"},{"taxonomy":"product_tag","embeddable":true,"href":"https:\/\/mhinteriores.pt\/loja\/wp-json\/wp\/v2\/product_tag?post=2221"}],"curies":[{"name":"wp","href":"https:\/\/api.w.org\/{rel}","templated":true}]}}