{"id":3766,"date":"2025-05-09T17:08:45","date_gmt":"2025-05-09T17:08:45","guid":{"rendered":"https:\/\/mhinteriores.pt\/loja\/?post_type=product&#038;p=3766"},"modified":"2025-05-09T17:14:46","modified_gmt":"2025-05-09T17:14:46","slug":"candeeiro-de-parede-sofinna-48cm-branco-mh-interiores","status":"publish","type":"product","link":"https:\/\/mhinteriores.pt\/loja\/produto\/candeeiro-de-parede-sofinna-48cm-branco-mh-interiores\/","title":{"rendered":"Candeeiro de Parede Sofinna 48cm. Branco &#8211; MH Interiores"},"content":{"rendered":"<h4 style=\"text-align: left;\">Candeeiro de Parede Sofinna 48cm. Branco &#8211; MH Interiores<\/h4>\n<p>Realce qualquer c\u00f4modo da sua casa com a sofisticada lumin\u00e1ria de parede Sofillia.<\/p>\n<p>O seu design atemporal e moderno cria uma atmosfera elegante e convidativa. Feita em alum\u00ednio e ferro de alta qualidade, este candeeiro foi constru\u00edda para durar. N\u00e3o s\u00f3 garante durabilidade, mas a sua apar\u00eancia radiante e elegante a diferencia das demais. A combina\u00e7\u00e3o da moldura cl\u00e1ssica com o abajur contempor\u00e2neo cria um candeeiro de parede cativante que adiciona um toque de eleg\u00e2ncia atemporal a qualquer espa\u00e7o.<\/p>\n<p>Seja na sua sala de estar ou no seu quarto, o candeeiro de parede Sofillia certamente elevar\u00e1 a sua decora\u00e7\u00e3o. F\u00e1cil de instalar e feita de materiais dur\u00e1veis, \u00e9 um complemento perfeito para qualquer casa.<\/p>\n<p>Comprimento do fio: 2,4 m.<\/p>\n","protected":false},"excerpt":{"rendered":"<p>Prazo de entrega: at\u00e9 15 dias \u00fateis<\/p>\n","protected":false},"featured_media":3767,"comment_status":"open","ping_status":"closed","template":"","meta":[],"product_cat":[90],"product_tag":[],"class_list":{"0":"post-3766","1":"product","2":"type-product","3":"status-publish","4":"has-post-thumbnail","6":"product_brand-lene-bjerre","7":"product_cat-candeeiros-de-parede","9":"first","10":"instock","11":"shipping-taxable","12":"product-type-simple"},"yoast_head":"<!-- This site is optimized with the Yoast SEO Premium plugin v24.0 (Yoast SEO v27.4) - https:\/\/yoast.com\/product\/yoast-seo-premium-wordpress\/ -->\n<title>Candeeiro de Parede Sofinna 48cm. Branco - MH Interiores - Loja Decora&ccedil;&atilde;o de Interiores<\/title>\n<meta name=\"description\" content=\"Candeeiro de Parede Sofinna 48cm em Branco - MH Interiores. Pe\u00e7a de ilumina\u00e7\u00e3o contempor\u00e2nea que alia minimalismo e sofistica\u00e7\u00e3o.\" \/>\n<meta name=\"robots\" content=\"index, follow, max-snippet:-1, max-image-preview:large, max-video-preview:-1\" \/>\n<link rel=\"canonical\" href=\"https:\/\/mhinteriores.pt\/loja\/produto\/candeeiro-de-parede-sofinna-48cm-branco-mh-interiores\/\" \/>\n<meta property=\"og:locale\" content=\"pt_PT\" \/>\n<meta property=\"og:type\" content=\"article\" \/>\n<meta property=\"og:title\" content=\"Candeeiro de Parede Sofinna 48cm. Branco - MH Interiores\" \/>\n<meta property=\"og:description\" content=\"Candeeiro de Parede Sofinna 48cm em Branco - MH Interiores. Pe\u00e7a de ilumina\u00e7\u00e3o contempor\u00e2nea que alia minimalismo e sofistica\u00e7\u00e3o.\" \/>\n<meta property=\"og:url\" content=\"https:\/\/mhinteriores.pt\/loja\/produto\/candeeiro-de-parede-sofinna-48cm-branco-mh-interiores\/\" \/>\n<meta property=\"og:site_name\" content=\"Loja Decora&ccedil;&atilde;o de Interiores\" \/>\n<meta property=\"article:modified_time\" content=\"2025-05-09T17:14:46+00:00\" \/>\n<meta property=\"og:image\" content=\"https:\/\/mhinteriores.pt\/loja\/wp-content\/uploads\/2025\/05\/Copia-2025-05-09T181108.102.webp\" \/>\n\t<meta property=\"og:image:width\" content=\"500\" \/>\n\t<meta property=\"og:image:height\" content=\"500\" \/>\n\t<meta property=\"og:image:type\" content=\"image\/webp\" \/>\n<meta name=\"twitter:card\" content=\"summary_large_image\" \/>\n<meta name=\"twitter:label1\" content=\"Tempo estimado de leitura\" \/>\n\t<meta name=\"twitter:data1\" content=\"1 minuto\" \/>\n<script type=\"application\/ld+json\" class=\"yoast-schema-graph\">{\"@context\":\"https:\\\/\\\/schema.org\",\"@graph\":[{\"@type\":\"WebPage\",\"@id\":\"https:\\\/\\\/mhinteriores.pt\\\/loja\\\/produto\\\/candeeiro-de-parede-sofinna-48cm-branco-mh-interiores\\\/\",\"url\":\"https:\\\/\\\/mhinteriores.pt\\\/loja\\\/produto\\\/candeeiro-de-parede-sofinna-48cm-branco-mh-interiores\\\/\",\"name\":\"Candeeiro de Parede Sofinna 48cm. Branco - MH Interiores - Loja Decora&ccedil;&atilde;o de Interiores\",\"isPartOf\":{\"@id\":\"https:\\\/\\\/mhinteriores.pt\\\/loja\\\/#website\"},\"primaryImageOfPage\":{\"@id\":\"https:\\\/\\\/mhinteriores.pt\\\/loja\\\/produto\\\/candeeiro-de-parede-sofinna-48cm-branco-mh-interiores\\\/#primaryimage\"},\"image\":{\"@id\":\"https:\\\/\\\/mhinteriores.pt\\\/loja\\\/produto\\\/candeeiro-de-parede-sofinna-48cm-branco-mh-interiores\\\/#primaryimage\"},\"thumbnailUrl\":\"https:\\\/\\\/mhinteriores.pt\\\/loja\\\/wp-content\\\/uploads\\\/2025\\\/05\\\/Copia-2025-05-09T181108.102.webp\",\"datePublished\":\"2025-05-09T17:08:45+00:00\",\"dateModified\":\"2025-05-09T17:14:46+00:00\",\"description\":\"Candeeiro de Parede Sofinna 48cm em Branco - MH Interiores. Pe\u00e7a de ilumina\u00e7\u00e3o contempor\u00e2nea que alia minimalismo e sofistica\u00e7\u00e3o.\",\"breadcrumb\":{\"@id\":\"https:\\\/\\\/mhinteriores.pt\\\/loja\\\/produto\\\/candeeiro-de-parede-sofinna-48cm-branco-mh-interiores\\\/#breadcrumb\"},\"inLanguage\":\"pt-PT\",\"potentialAction\":[{\"@type\":\"ReadAction\",\"target\":[\"https:\\\/\\\/mhinteriores.pt\\\/loja\\\/produto\\\/candeeiro-de-parede-sofinna-48cm-branco-mh-interiores\\\/\"]}]},{\"@type\":\"ImageObject\",\"inLanguage\":\"pt-PT\",\"@id\":\"https:\\\/\\\/mhinteriores.pt\\\/loja\\\/produto\\\/candeeiro-de-parede-sofinna-48cm-branco-mh-interiores\\\/#primaryimage\",\"url\":\"https:\\\/\\\/mhinteriores.pt\\\/loja\\\/wp-content\\\/uploads\\\/2025\\\/05\\\/Copia-2025-05-09T181108.102.webp\",\"contentUrl\":\"https:\\\/\\\/mhinteriores.pt\\\/loja\\\/wp-content\\\/uploads\\\/2025\\\/05\\\/Copia-2025-05-09T181108.102.webp\",\"width\":500,\"height\":500,\"caption\":\"Candeeiro de parede Sofinna 48cm.\"},{\"@type\":\"BreadcrumbList\",\"@id\":\"https:\\\/\\\/mhinteriores.pt\\\/loja\\\/produto\\\/candeeiro-de-parede-sofinna-48cm-branco-mh-interiores\\\/#breadcrumb\",\"itemListElement\":[{\"@type\":\"ListItem\",\"position\":1,\"name\":\"In\u00edcio\",\"item\":\"https:\\\/\\\/mhinteriores.pt\\\/loja\\\/\"},{\"@type\":\"ListItem\",\"position\":2,\"name\":\"Loja\",\"item\":\"https:\\\/\\\/mhinteriores.pt\\\/loja\\\/loja\\\/\"},{\"@type\":\"ListItem\",\"position\":3,\"name\":\"Candeeiro de Parede Sofinna 48cm. Branco &#8211; MH Interiores\"}]},{\"@type\":\"WebSite\",\"@id\":\"https:\\\/\\\/mhinteriores.pt\\\/loja\\\/#website\",\"url\":\"https:\\\/\\\/mhinteriores.pt\\\/loja\\\/\",\"name\":\"Loja de Decora\u00e7\u00e3o - MH Interiores\",\"description\":\"MH Interiores\",\"publisher\":{\"@id\":\"https:\\\/\\\/mhinteriores.pt\\\/loja\\\/#organization\"},\"potentialAction\":[{\"@type\":\"SearchAction\",\"target\":{\"@type\":\"EntryPoint\",\"urlTemplate\":\"https:\\\/\\\/mhinteriores.pt\\\/loja\\\/?s={search_term_string}\"},\"query-input\":{\"@type\":\"PropertyValueSpecification\",\"valueRequired\":true,\"valueName\":\"search_term_string\"}}],\"inLanguage\":\"pt-PT\"},{\"@type\":\"Organization\",\"@id\":\"https:\\\/\\\/mhinteriores.pt\\\/loja\\\/#organization\",\"name\":\"Loja de Decora\u00e7\u00e3o - MH Interiores\",\"url\":\"https:\\\/\\\/mhinteriores.pt\\\/loja\\\/\",\"logo\":{\"@type\":\"ImageObject\",\"inLanguage\":\"pt-PT\",\"@id\":\"https:\\\/\\\/mhinteriores.pt\\\/loja\\\/#\\\/schema\\\/logo\\\/image\\\/\",\"url\":\"https:\\\/\\\/mhinteriores.pt\\\/loja\\\/wp-content\\\/uploads\\\/2024\\\/12\\\/cropped-MH-Interiores.png\",\"contentUrl\":\"https:\\\/\\\/mhinteriores.pt\\\/loja\\\/wp-content\\\/uploads\\\/2024\\\/12\\\/cropped-MH-Interiores.png\",\"width\":512,\"height\":512,\"caption\":\"Loja de Decora\u00e7\u00e3o - MH Interiores\"},\"image\":{\"@id\":\"https:\\\/\\\/mhinteriores.pt\\\/loja\\\/#\\\/schema\\\/logo\\\/image\\\/\"}}]}<\/script>\n<!-- \/ Yoast SEO Premium plugin. -->","yoast_head_json":{"title":"Candeeiro de Parede Sofinna 48cm. Branco - MH Interiores - Loja Decora&ccedil;&atilde;o de Interiores","description":"Candeeiro de Parede Sofinna 48cm em Branco - MH Interiores. Pe\u00e7a de ilumina\u00e7\u00e3o contempor\u00e2nea que alia minimalismo e sofistica\u00e7\u00e3o.","robots":{"index":"index","follow":"follow","max-snippet":"max-snippet:-1","max-image-preview":"max-image-preview:large","max-video-preview":"max-video-preview:-1"},"canonical":"https:\/\/mhinteriores.pt\/loja\/produto\/candeeiro-de-parede-sofinna-48cm-branco-mh-interiores\/","og_locale":"pt_PT","og_type":"article","og_title":"Candeeiro de Parede Sofinna 48cm. Branco - MH Interiores","og_description":"Candeeiro de Parede Sofinna 48cm em Branco - MH Interiores. Pe\u00e7a de ilumina\u00e7\u00e3o contempor\u00e2nea que alia minimalismo e sofistica\u00e7\u00e3o.","og_url":"https:\/\/mhinteriores.pt\/loja\/produto\/candeeiro-de-parede-sofinna-48cm-branco-mh-interiores\/","og_site_name":"Loja Decora&ccedil;&atilde;o de Interiores","article_modified_time":"2025-05-09T17:14:46+00:00","og_image":[{"width":500,"height":500,"url":"https:\/\/mhinteriores.pt\/loja\/wp-content\/uploads\/2025\/05\/Copia-2025-05-09T181108.102.webp","type":"image\/webp"}],"twitter_card":"summary_large_image","twitter_misc":{"Tempo estimado de leitura":"1 minuto"},"schema":{"@context":"https:\/\/schema.org","@graph":[{"@type":"WebPage","@id":"https:\/\/mhinteriores.pt\/loja\/produto\/candeeiro-de-parede-sofinna-48cm-branco-mh-interiores\/","url":"https:\/\/mhinteriores.pt\/loja\/produto\/candeeiro-de-parede-sofinna-48cm-branco-mh-interiores\/","name":"Candeeiro de Parede Sofinna 48cm. Branco - MH Interiores - Loja Decora&ccedil;&atilde;o de Interiores","isPartOf":{"@id":"https:\/\/mhinteriores.pt\/loja\/#website"},"primaryImageOfPage":{"@id":"https:\/\/mhinteriores.pt\/loja\/produto\/candeeiro-de-parede-sofinna-48cm-branco-mh-interiores\/#primaryimage"},"image":{"@id":"https:\/\/mhinteriores.pt\/loja\/produto\/candeeiro-de-parede-sofinna-48cm-branco-mh-interiores\/#primaryimage"},"thumbnailUrl":"https:\/\/mhinteriores.pt\/loja\/wp-content\/uploads\/2025\/05\/Copia-2025-05-09T181108.102.webp","datePublished":"2025-05-09T17:08:45+00:00","dateModified":"2025-05-09T17:14:46+00:00","description":"Candeeiro de Parede Sofinna 48cm em Branco - MH Interiores. Pe\u00e7a de ilumina\u00e7\u00e3o contempor\u00e2nea que alia minimalismo e sofistica\u00e7\u00e3o.","breadcrumb":{"@id":"https:\/\/mhinteriores.pt\/loja\/produto\/candeeiro-de-parede-sofinna-48cm-branco-mh-interiores\/#breadcrumb"},"inLanguage":"pt-PT","potentialAction":[{"@type":"ReadAction","target":["https:\/\/mhinteriores.pt\/loja\/produto\/candeeiro-de-parede-sofinna-48cm-branco-mh-interiores\/"]}]},{"@type":"ImageObject","inLanguage":"pt-PT","@id":"https:\/\/mhinteriores.pt\/loja\/produto\/candeeiro-de-parede-sofinna-48cm-branco-mh-interiores\/#primaryimage","url":"https:\/\/mhinteriores.pt\/loja\/wp-content\/uploads\/2025\/05\/Copia-2025-05-09T181108.102.webp","contentUrl":"https:\/\/mhinteriores.pt\/loja\/wp-content\/uploads\/2025\/05\/Copia-2025-05-09T181108.102.webp","width":500,"height":500,"caption":"Candeeiro de parede Sofinna 48cm."},{"@type":"BreadcrumbList","@id":"https:\/\/mhinteriores.pt\/loja\/produto\/candeeiro-de-parede-sofinna-48cm-branco-mh-interiores\/#breadcrumb","itemListElement":[{"@type":"ListItem","position":1,"name":"In\u00edcio","item":"https:\/\/mhinteriores.pt\/loja\/"},{"@type":"ListItem","position":2,"name":"Loja","item":"https:\/\/mhinteriores.pt\/loja\/loja\/"},{"@type":"ListItem","position":3,"name":"Candeeiro de Parede Sofinna 48cm. Branco &#8211; MH Interiores"}]},{"@type":"WebSite","@id":"https:\/\/mhinteriores.pt\/loja\/#website","url":"https:\/\/mhinteriores.pt\/loja\/","name":"Loja de Decora\u00e7\u00e3o - MH Interiores","description":"MH Interiores","publisher":{"@id":"https:\/\/mhinteriores.pt\/loja\/#organization"},"potentialAction":[{"@type":"SearchAction","target":{"@type":"EntryPoint","urlTemplate":"https:\/\/mhinteriores.pt\/loja\/?s={search_term_string}"},"query-input":{"@type":"PropertyValueSpecification","valueRequired":true,"valueName":"search_term_string"}}],"inLanguage":"pt-PT"},{"@type":"Organization","@id":"https:\/\/mhinteriores.pt\/loja\/#organization","name":"Loja de Decora\u00e7\u00e3o - MH Interiores","url":"https:\/\/mhinteriores.pt\/loja\/","logo":{"@type":"ImageObject","inLanguage":"pt-PT","@id":"https:\/\/mhinteriores.pt\/loja\/#\/schema\/logo\/image\/","url":"https:\/\/mhinteriores.pt\/loja\/wp-content\/uploads\/2024\/12\/cropped-MH-Interiores.png","contentUrl":"https:\/\/mhinteriores.pt\/loja\/wp-content\/uploads\/2024\/12\/cropped-MH-Interiores.png","width":512,"height":512,"caption":"Loja de Decora\u00e7\u00e3o - MH Interiores"},"image":{"@id":"https:\/\/mhinteriores.pt\/loja\/#\/schema\/logo\/image\/"}}]}},"_links":{"self":[{"href":"https:\/\/mhinteriores.pt\/loja\/wp-json\/wp\/v2\/product\/3766","targetHints":{"allow":["GET"]}}],"collection":[{"href":"https:\/\/mhinteriores.pt\/loja\/wp-json\/wp\/v2\/product"}],"about":[{"href":"https:\/\/mhinteriores.pt\/loja\/wp-json\/wp\/v2\/types\/product"}],"replies":[{"embeddable":true,"href":"https:\/\/mhinteriores.pt\/loja\/wp-json\/wp\/v2\/comments?post=3766"}],"version-history":[{"count":1,"href":"https:\/\/mhinteriores.pt\/loja\/wp-json\/wp\/v2\/product\/3766\/revisions"}],"predecessor-version":[{"id":3769,"href":"https:\/\/mhinteriores.pt\/loja\/wp-json\/wp\/v2\/product\/3766\/revisions\/3769"}],"wp:featuredmedia":[{"embeddable":true,"href":"https:\/\/mhinteriores.pt\/loja\/wp-json\/wp\/v2\/media\/3767"}],"wp:attachment":[{"href":"https:\/\/mhinteriores.pt\/loja\/wp-json\/wp\/v2\/media?parent=3766"}],"wp:term":[{"taxonomy":"product_cat","embeddable":true,"href":"https:\/\/mhinteriores.pt\/loja\/wp-json\/wp\/v2\/product_cat?post=3766"},{"taxonomy":"product_tag","embeddable":true,"href":"https:\/\/mhinteriores.pt\/loja\/wp-json\/wp\/v2\/product_tag?post=3766"}],"curies":[{"name":"wp","href":"https:\/\/api.w.org\/{rel}","templated":true}]}}