{"id":3963,"date":"2025-05-14T16:59:20","date_gmt":"2025-05-14T16:59:20","guid":{"rendered":"https:\/\/mhinteriores.pt\/loja\/?post_type=product&#038;p=3963"},"modified":"2025-05-15T08:06:49","modified_gmt":"2025-05-15T08:06:49","slug":"sofa-mandisa-natureza-mh-interiores","status":"publish","type":"product","link":"https:\/\/mhinteriores.pt\/loja\/produto\/sofa-mandisa-natureza-mh-interiores\/","title":{"rendered":"Sof\u00e1 Mandisa Natureza &#8211; MH Interiores"},"content":{"rendered":"<h4 style=\"text-align: left;\">Sof\u00e1 Mandisa Natureza &#8211; <a href=\"https:\/\/mhinteriores.pt\/loja\/\">MH Interiores<\/a><\/h4>\n<p><span>Almofada de assento com capa remov\u00edvel inclu\u00edda.<\/span><\/p>\n<p><span>Sof\u00e1 de bambu feito \u00e0 m\u00e3o com lona preta, para uso interno e externo. Convide a natureza para sua vida de uma forma \u00fanica e diferente com esta mesa Mandisa, que mede 180 x 70 cm de comprimento. Mandisa \u00e9 uma linha de m\u00f3veis 100% org\u00e2nica e sustent\u00e1vel, onde cada pe\u00e7a \u00e9 feita \u00e0 m\u00e3o com bambu da mais alta qualidade. Incorpore um elemento natural \u00e0 sua casa ou p\u00e1tio com esta mesa de bambu ex\u00f3tico e apimente os elementos cl\u00e1ssicos com uma pe\u00e7a de mobili\u00e1rio natural.<\/span><\/p>\n<p><span><strong>OBSERVA\u00c7\u00c3O<\/strong>: \u00c9 importante tratar os seus m\u00f3veis de bambu para \u00e1reas externas corretamente para manter a bela cor natural. Limpe-os regularmente com um pano h\u00famido e um pouco de sab\u00e3o natural org\u00e2nico pr\u00f3prio para m\u00f3veis de bambu. Trate-os, de prefer\u00eancia na primavera e no outono, com um \u00f3leo ou zelante transparente para madeira espec\u00edfico para m\u00f3veis de bambu. Mantenha os seus m\u00f3veis de bambu em ambientes internos durante o inverno e os meses chuvosos e, em geral, evite deix\u00e1-los expostos ao sol ou \u00e0 chuva.<\/span><\/p>\n<p>&nbsp;<\/p>\n<p>&nbsp;<\/p>\n","protected":false},"excerpt":{"rendered":"<p>Prazo de entrega: at\u00e9 15 dias \u00fateis<\/p>\n","protected":false},"featured_media":3964,"comment_status":"open","ping_status":"closed","template":"","meta":[],"product_cat":[127],"product_tag":[],"class_list":{"0":"post-3963","1":"product","2":"type-product","3":"status-publish","4":"has-post-thumbnail","6":"product_brand-lene-bjerre","7":"product_cat-sofas-exteriores","9":"first","10":"instock","11":"shipping-taxable","12":"product-type-simple"},"yoast_head":"<!-- This site is optimized with the Yoast SEO Premium plugin v24.0 (Yoast SEO v27.4) - https:\/\/yoast.com\/product\/yoast-seo-premium-wordpress\/ -->\n<title>Sof\u00e1 Mandisa Natureza - MH Interiores - Loja Decora&ccedil;&atilde;o de Interiores<\/title>\n<meta name=\"description\" content=\"Sof\u00e1 Mandisa Natureza da MH Interiores: design elegante com toque natural, perfeito para criar um ambiente acolhedor, moderno e sofisticado.\" \/>\n<meta name=\"robots\" content=\"index, follow, max-snippet:-1, max-image-preview:large, max-video-preview:-1\" \/>\n<link rel=\"canonical\" href=\"https:\/\/mhinteriores.pt\/loja\/produto\/sofa-mandisa-natureza-mh-interiores\/\" \/>\n<meta property=\"og:locale\" content=\"pt_PT\" \/>\n<meta property=\"og:type\" content=\"article\" \/>\n<meta property=\"og:title\" content=\"Sof\u00e1 Mandisa Natureza - MH Interiores\" \/>\n<meta property=\"og:description\" content=\"Sof\u00e1 Mandisa Natureza da MH Interiores: design elegante com toque natural, perfeito para criar um ambiente acolhedor, moderno e sofisticado.\" \/>\n<meta property=\"og:url\" content=\"https:\/\/mhinteriores.pt\/loja\/produto\/sofa-mandisa-natureza-mh-interiores\/\" \/>\n<meta property=\"og:site_name\" content=\"Loja Decora&ccedil;&atilde;o de Interiores\" \/>\n<meta property=\"article:modified_time\" content=\"2025-05-15T08:06:49+00:00\" \/>\n<meta property=\"og:image\" content=\"https:\/\/mhinteriores.pt\/loja\/wp-content\/uploads\/2025\/05\/Sofa-Mandisa-H80-cm.-natureza-2.webp\" \/>\n\t<meta property=\"og:image:width\" content=\"500\" \/>\n\t<meta property=\"og:image:height\" content=\"500\" \/>\n\t<meta property=\"og:image:type\" content=\"image\/webp\" \/>\n<meta name=\"twitter:card\" content=\"summary_large_image\" \/>\n<meta name=\"twitter:label1\" content=\"Tempo estimado de leitura\" \/>\n\t<meta name=\"twitter:data1\" content=\"2 minutos\" \/>\n<script type=\"application\/ld+json\" class=\"yoast-schema-graph\">{\"@context\":\"https:\\\/\\\/schema.org\",\"@graph\":[{\"@type\":\"WebPage\",\"@id\":\"https:\\\/\\\/mhinteriores.pt\\\/loja\\\/produto\\\/sofa-mandisa-natureza-mh-interiores\\\/\",\"url\":\"https:\\\/\\\/mhinteriores.pt\\\/loja\\\/produto\\\/sofa-mandisa-natureza-mh-interiores\\\/\",\"name\":\"Sof\u00e1 Mandisa Natureza - MH Interiores - Loja Decora&ccedil;&atilde;o de Interiores\",\"isPartOf\":{\"@id\":\"https:\\\/\\\/mhinteriores.pt\\\/loja\\\/#website\"},\"primaryImageOfPage\":{\"@id\":\"https:\\\/\\\/mhinteriores.pt\\\/loja\\\/produto\\\/sofa-mandisa-natureza-mh-interiores\\\/#primaryimage\"},\"image\":{\"@id\":\"https:\\\/\\\/mhinteriores.pt\\\/loja\\\/produto\\\/sofa-mandisa-natureza-mh-interiores\\\/#primaryimage\"},\"thumbnailUrl\":\"https:\\\/\\\/mhinteriores.pt\\\/loja\\\/wp-content\\\/uploads\\\/2025\\\/05\\\/Sofa-Mandisa-H80-cm.-natureza-2.webp\",\"datePublished\":\"2025-05-14T16:59:20+00:00\",\"dateModified\":\"2025-05-15T08:06:49+00:00\",\"description\":\"Sof\u00e1 Mandisa Natureza da MH Interiores: design elegante com toque natural, perfeito para criar um ambiente acolhedor, moderno e sofisticado.\",\"breadcrumb\":{\"@id\":\"https:\\\/\\\/mhinteriores.pt\\\/loja\\\/produto\\\/sofa-mandisa-natureza-mh-interiores\\\/#breadcrumb\"},\"inLanguage\":\"pt-PT\",\"potentialAction\":[{\"@type\":\"ReadAction\",\"target\":[\"https:\\\/\\\/mhinteriores.pt\\\/loja\\\/produto\\\/sofa-mandisa-natureza-mh-interiores\\\/\"]}]},{\"@type\":\"ImageObject\",\"inLanguage\":\"pt-PT\",\"@id\":\"https:\\\/\\\/mhinteriores.pt\\\/loja\\\/produto\\\/sofa-mandisa-natureza-mh-interiores\\\/#primaryimage\",\"url\":\"https:\\\/\\\/mhinteriores.pt\\\/loja\\\/wp-content\\\/uploads\\\/2025\\\/05\\\/Sofa-Mandisa-H80-cm.-natureza-2.webp\",\"contentUrl\":\"https:\\\/\\\/mhinteriores.pt\\\/loja\\\/wp-content\\\/uploads\\\/2025\\\/05\\\/Sofa-Mandisa-H80-cm.-natureza-2.webp\",\"width\":500,\"height\":500,\"caption\":\"Sof\u00e1 Mandisa H80 cm. natureza\"},{\"@type\":\"BreadcrumbList\",\"@id\":\"https:\\\/\\\/mhinteriores.pt\\\/loja\\\/produto\\\/sofa-mandisa-natureza-mh-interiores\\\/#breadcrumb\",\"itemListElement\":[{\"@type\":\"ListItem\",\"position\":1,\"name\":\"In\u00edcio\",\"item\":\"https:\\\/\\\/mhinteriores.pt\\\/loja\\\/\"},{\"@type\":\"ListItem\",\"position\":2,\"name\":\"Loja\",\"item\":\"https:\\\/\\\/mhinteriores.pt\\\/loja\\\/loja\\\/\"},{\"@type\":\"ListItem\",\"position\":3,\"name\":\"Sof\u00e1 Mandisa Natureza &#8211; MH Interiores\"}]},{\"@type\":\"WebSite\",\"@id\":\"https:\\\/\\\/mhinteriores.pt\\\/loja\\\/#website\",\"url\":\"https:\\\/\\\/mhinteriores.pt\\\/loja\\\/\",\"name\":\"Loja de Decora\u00e7\u00e3o - MH Interiores\",\"description\":\"MH Interiores\",\"publisher\":{\"@id\":\"https:\\\/\\\/mhinteriores.pt\\\/loja\\\/#organization\"},\"potentialAction\":[{\"@type\":\"SearchAction\",\"target\":{\"@type\":\"EntryPoint\",\"urlTemplate\":\"https:\\\/\\\/mhinteriores.pt\\\/loja\\\/?s={search_term_string}\"},\"query-input\":{\"@type\":\"PropertyValueSpecification\",\"valueRequired\":true,\"valueName\":\"search_term_string\"}}],\"inLanguage\":\"pt-PT\"},{\"@type\":\"Organization\",\"@id\":\"https:\\\/\\\/mhinteriores.pt\\\/loja\\\/#organization\",\"name\":\"Loja de Decora\u00e7\u00e3o - MH Interiores\",\"url\":\"https:\\\/\\\/mhinteriores.pt\\\/loja\\\/\",\"logo\":{\"@type\":\"ImageObject\",\"inLanguage\":\"pt-PT\",\"@id\":\"https:\\\/\\\/mhinteriores.pt\\\/loja\\\/#\\\/schema\\\/logo\\\/image\\\/\",\"url\":\"https:\\\/\\\/mhinteriores.pt\\\/loja\\\/wp-content\\\/uploads\\\/2024\\\/12\\\/cropped-MH-Interiores.png\",\"contentUrl\":\"https:\\\/\\\/mhinteriores.pt\\\/loja\\\/wp-content\\\/uploads\\\/2024\\\/12\\\/cropped-MH-Interiores.png\",\"width\":512,\"height\":512,\"caption\":\"Loja de Decora\u00e7\u00e3o - MH Interiores\"},\"image\":{\"@id\":\"https:\\\/\\\/mhinteriores.pt\\\/loja\\\/#\\\/schema\\\/logo\\\/image\\\/\"}}]}<\/script>\n<!-- \/ Yoast SEO Premium plugin. -->","yoast_head_json":{"title":"Sof\u00e1 Mandisa Natureza - MH Interiores - Loja Decora&ccedil;&atilde;o de Interiores","description":"Sof\u00e1 Mandisa Natureza da MH Interiores: design elegante com toque natural, perfeito para criar um ambiente acolhedor, moderno e sofisticado.","robots":{"index":"index","follow":"follow","max-snippet":"max-snippet:-1","max-image-preview":"max-image-preview:large","max-video-preview":"max-video-preview:-1"},"canonical":"https:\/\/mhinteriores.pt\/loja\/produto\/sofa-mandisa-natureza-mh-interiores\/","og_locale":"pt_PT","og_type":"article","og_title":"Sof\u00e1 Mandisa Natureza - MH Interiores","og_description":"Sof\u00e1 Mandisa Natureza da MH Interiores: design elegante com toque natural, perfeito para criar um ambiente acolhedor, moderno e sofisticado.","og_url":"https:\/\/mhinteriores.pt\/loja\/produto\/sofa-mandisa-natureza-mh-interiores\/","og_site_name":"Loja Decora&ccedil;&atilde;o de Interiores","article_modified_time":"2025-05-15T08:06:49+00:00","og_image":[{"width":500,"height":500,"url":"https:\/\/mhinteriores.pt\/loja\/wp-content\/uploads\/2025\/05\/Sofa-Mandisa-H80-cm.-natureza-2.webp","type":"image\/webp"}],"twitter_card":"summary_large_image","twitter_misc":{"Tempo estimado de leitura":"2 minutos"},"schema":{"@context":"https:\/\/schema.org","@graph":[{"@type":"WebPage","@id":"https:\/\/mhinteriores.pt\/loja\/produto\/sofa-mandisa-natureza-mh-interiores\/","url":"https:\/\/mhinteriores.pt\/loja\/produto\/sofa-mandisa-natureza-mh-interiores\/","name":"Sof\u00e1 Mandisa Natureza - MH Interiores - Loja Decora&ccedil;&atilde;o de Interiores","isPartOf":{"@id":"https:\/\/mhinteriores.pt\/loja\/#website"},"primaryImageOfPage":{"@id":"https:\/\/mhinteriores.pt\/loja\/produto\/sofa-mandisa-natureza-mh-interiores\/#primaryimage"},"image":{"@id":"https:\/\/mhinteriores.pt\/loja\/produto\/sofa-mandisa-natureza-mh-interiores\/#primaryimage"},"thumbnailUrl":"https:\/\/mhinteriores.pt\/loja\/wp-content\/uploads\/2025\/05\/Sofa-Mandisa-H80-cm.-natureza-2.webp","datePublished":"2025-05-14T16:59:20+00:00","dateModified":"2025-05-15T08:06:49+00:00","description":"Sof\u00e1 Mandisa Natureza da MH Interiores: design elegante com toque natural, perfeito para criar um ambiente acolhedor, moderno e sofisticado.","breadcrumb":{"@id":"https:\/\/mhinteriores.pt\/loja\/produto\/sofa-mandisa-natureza-mh-interiores\/#breadcrumb"},"inLanguage":"pt-PT","potentialAction":[{"@type":"ReadAction","target":["https:\/\/mhinteriores.pt\/loja\/produto\/sofa-mandisa-natureza-mh-interiores\/"]}]},{"@type":"ImageObject","inLanguage":"pt-PT","@id":"https:\/\/mhinteriores.pt\/loja\/produto\/sofa-mandisa-natureza-mh-interiores\/#primaryimage","url":"https:\/\/mhinteriores.pt\/loja\/wp-content\/uploads\/2025\/05\/Sofa-Mandisa-H80-cm.-natureza-2.webp","contentUrl":"https:\/\/mhinteriores.pt\/loja\/wp-content\/uploads\/2025\/05\/Sofa-Mandisa-H80-cm.-natureza-2.webp","width":500,"height":500,"caption":"Sof\u00e1 Mandisa H80 cm. natureza"},{"@type":"BreadcrumbList","@id":"https:\/\/mhinteriores.pt\/loja\/produto\/sofa-mandisa-natureza-mh-interiores\/#breadcrumb","itemListElement":[{"@type":"ListItem","position":1,"name":"In\u00edcio","item":"https:\/\/mhinteriores.pt\/loja\/"},{"@type":"ListItem","position":2,"name":"Loja","item":"https:\/\/mhinteriores.pt\/loja\/loja\/"},{"@type":"ListItem","position":3,"name":"Sof\u00e1 Mandisa Natureza &#8211; MH Interiores"}]},{"@type":"WebSite","@id":"https:\/\/mhinteriores.pt\/loja\/#website","url":"https:\/\/mhinteriores.pt\/loja\/","name":"Loja de Decora\u00e7\u00e3o - MH Interiores","description":"MH Interiores","publisher":{"@id":"https:\/\/mhinteriores.pt\/loja\/#organization"},"potentialAction":[{"@type":"SearchAction","target":{"@type":"EntryPoint","urlTemplate":"https:\/\/mhinteriores.pt\/loja\/?s={search_term_string}"},"query-input":{"@type":"PropertyValueSpecification","valueRequired":true,"valueName":"search_term_string"}}],"inLanguage":"pt-PT"},{"@type":"Organization","@id":"https:\/\/mhinteriores.pt\/loja\/#organization","name":"Loja de Decora\u00e7\u00e3o - MH Interiores","url":"https:\/\/mhinteriores.pt\/loja\/","logo":{"@type":"ImageObject","inLanguage":"pt-PT","@id":"https:\/\/mhinteriores.pt\/loja\/#\/schema\/logo\/image\/","url":"https:\/\/mhinteriores.pt\/loja\/wp-content\/uploads\/2024\/12\/cropped-MH-Interiores.png","contentUrl":"https:\/\/mhinteriores.pt\/loja\/wp-content\/uploads\/2024\/12\/cropped-MH-Interiores.png","width":512,"height":512,"caption":"Loja de Decora\u00e7\u00e3o - MH Interiores"},"image":{"@id":"https:\/\/mhinteriores.pt\/loja\/#\/schema\/logo\/image\/"}}]}},"_links":{"self":[{"href":"https:\/\/mhinteriores.pt\/loja\/wp-json\/wp\/v2\/product\/3963","targetHints":{"allow":["GET"]}}],"collection":[{"href":"https:\/\/mhinteriores.pt\/loja\/wp-json\/wp\/v2\/product"}],"about":[{"href":"https:\/\/mhinteriores.pt\/loja\/wp-json\/wp\/v2\/types\/product"}],"replies":[{"embeddable":true,"href":"https:\/\/mhinteriores.pt\/loja\/wp-json\/wp\/v2\/comments?post=3963"}],"version-history":[{"count":1,"href":"https:\/\/mhinteriores.pt\/loja\/wp-json\/wp\/v2\/product\/3963\/revisions"}],"predecessor-version":[{"id":3966,"href":"https:\/\/mhinteriores.pt\/loja\/wp-json\/wp\/v2\/product\/3963\/revisions\/3966"}],"wp:featuredmedia":[{"embeddable":true,"href":"https:\/\/mhinteriores.pt\/loja\/wp-json\/wp\/v2\/media\/3964"}],"wp:attachment":[{"href":"https:\/\/mhinteriores.pt\/loja\/wp-json\/wp\/v2\/media?parent=3963"}],"wp:term":[{"taxonomy":"product_cat","embeddable":true,"href":"https:\/\/mhinteriores.pt\/loja\/wp-json\/wp\/v2\/product_cat?post=3963"},{"taxonomy":"product_tag","embeddable":true,"href":"https:\/\/mhinteriores.pt\/loja\/wp-json\/wp\/v2\/product_tag?post=3963"}],"curies":[{"name":"wp","href":"https:\/\/api.w.org\/{rel}","templated":true}]}}