{"id":4815,"date":"2025-09-29T10:47:06","date_gmt":"2025-09-29T10:47:06","guid":{"rendered":"https:\/\/mhinteriores.pt\/loja\/?post_type=product&#038;p=4815"},"modified":"2025-09-29T13:31:25","modified_gmt":"2025-09-29T13:31:25","slug":"lareira-eletrica-ignite-bold-60","status":"publish","type":"product","link":"https:\/\/mhinteriores.pt\/loja\/produto\/lareira-eletrica-ignite-bold-60\/","title":{"rendered":"Lareira El\u00e9trica Ignite Bold 60 &#8211; MH Interiores"},"content":{"rendered":"<h2 style=\"text-align: left;\">Lareira El\u00e9trica Ignite Bold 60 &#8211; <a href=\"https:\/\/mhinteriores.pt\/loja\/\">MH <\/a>Interiores<\/h2>\n<p data-start=\"330\" data-end=\"571\">A Lareira El\u00e9trica Ignite Bold 60 combina inova\u00e7\u00e3o, design moderno e o exclusivo efeito de chama Optiflame\u00ae da Dimplex. Este modelo de 60\u201d (156,5 cm) cria chamas realistas, proporcionando ambiente e calor com efici\u00eancia energ\u00e9tica.<\/p>\n<p data-start=\"573\" data-end=\"770\">Al\u00e9m disso, pode ser utilizada individualmente ou ligada a outras unidades, criando uma lareira cont\u00ednua e de grandes dimens\u00f5es. Assim, adapta-se facilmente a projetos residenciais ou comerciais.<\/p>\n<p data-start=\"772\" data-end=\"1023\">O painel posterior espelhado aumenta a profundidade visual, enquanto o vidro frontal mais alto permite contemplar as chamas de qualquer \u00e2ngulo. Como resultado, a Ignite Bold 60 transforma qualquer espa\u00e7o num ambiente acolhedor, sofisticado e seguro.<\/p>\n<h3 data-start=\"1165\" data-end=\"1198\"><\/h3>\n<h3 data-start=\"1165\" data-end=\"1198\">Principais Caracter\u00edsticas<\/h3>\n<ul>\n<li data-start=\"1082\" data-end=\"1110\">\n<p data-start=\"1084\" data-end=\"1110\">Material: A\u00e7o resistente<\/p>\n<\/li>\n<li data-start=\"1111\" data-end=\"1125\">\n<p data-start=\"1113\" data-end=\"1125\">Cor: Preto<\/p>\n<\/li>\n<li data-start=\"1126\" data-end=\"1157\">\n<p data-start=\"1128\" data-end=\"1157\">Tipo de instala\u00e7\u00e3o: Embutir<\/p>\n<\/li>\n<li data-start=\"1158\" data-end=\"1175\">\n<p data-start=\"1160\" data-end=\"1175\">Peso: 51,5 kg<\/p>\n<\/li>\n<li data-start=\"1176\" data-end=\"1225\">\n<p data-start=\"1178\" data-end=\"1225\">Dimens\u00f5es (A x L x P): 60,7 x 156,5 x 28,9 cm<\/p>\n<\/li>\n<li data-start=\"1226\" data-end=\"1248\">\n<p data-start=\"1228\" data-end=\"1248\">Pot\u00eancia: 1 \/ 2 kW<\/p>\n<\/li>\n<li data-start=\"1249\" data-end=\"1306\">\n<p data-start=\"1251\" data-end=\"1306\">Aquecimento com ventila\u00e7\u00e3o e efici\u00eancia Comfort$aver\u00ae<\/p>\n<\/li>\n<li data-start=\"1307\" data-end=\"1325\">\n<p data-start=\"1309\" data-end=\"1325\">Tecnologia LED<\/p>\n<\/li>\n<li data-start=\"1326\" data-end=\"1387\">\n<p data-start=\"1328\" data-end=\"1387\">Compat\u00edvel com Flame Connect App (controlo via Bluetooth)<\/p>\n<\/li>\n<li data-start=\"1388\" data-end=\"1438\">\n<p data-start=\"1390\" data-end=\"1438\">Inclui kit de troncos e seixos de vidro polido<\/p>\n<\/li>\n<li data-start=\"1439\" data-end=\"1493\">\n<p data-start=\"1441\" data-end=\"1493\">Op\u00e7\u00e3o de kit adicional com troncos estilo carvalho<\/p>\n<\/li>\n<\/ul>\n<p>&nbsp;<\/p>\n<h3 data-start=\"1547\" data-end=\"1586\">Vantagens da Lareira El\u00e9trica Ignite Bold 60<\/h3>\n<ul>\n<li data-start=\"1552\" data-end=\"1663\">\n<p data-start=\"1554\" data-end=\"1663\"><strong data-start=\"1554\" data-end=\"1575\">Efeito Optiflame\u00ae<\/strong> \u2013 desfrute de chamas realistas e ajuste cor, brilho, velocidade e base incandescente.<\/p>\n<\/li>\n<li data-start=\"1664\" data-end=\"1772\">\n<p data-start=\"1666\" data-end=\"1772\"><strong data-start=\"1666\" data-end=\"1686\">Vis\u00e3o panor\u00e2mica<\/strong> \u2013 o vidro frontal mais alto oferece uma experi\u00eancia envolvente em qualquer posi\u00e7\u00e3o.<\/p>\n<\/li>\n<li data-start=\"1773\" data-end=\"1858\">\n<p data-start=\"1775\" data-end=\"1858\"><strong data-start=\"1775\" data-end=\"1798\">Instala\u00e7\u00e3o flex\u00edvel<\/strong> \u2013 utilize em 1, 2 ou 3 faces de acordo com o seu projeto.<\/p>\n<\/li>\n<li data-start=\"1859\" data-end=\"1959\">\n<p data-start=\"1861\" data-end=\"1959\"><strong data-start=\"1861\" data-end=\"1886\">Efici\u00eancia energ\u00e9tica<\/strong> \u2013 a resist\u00eancia Comfort$aver\u00ae garante uma poupan\u00e7a at\u00e9 11% no consumo.<\/p>\n<\/li>\n<li data-start=\"1960\" data-end=\"2082\">\n<p data-start=\"1962\" data-end=\"2082\"><strong data-start=\"1962\" data-end=\"1986\">Personaliza\u00e7\u00e3o total<\/strong> \u2013 escolha entre seis temas de cor ou percorra todas as op\u00e7\u00f5es para criar o ambiente perfeito.<\/p>\n<\/li>\n<li data-start=\"2083\" data-end=\"2183\">\n<p data-start=\"2085\" data-end=\"2183\"><strong data-start=\"2085\" data-end=\"2101\">Som ambiente<\/strong> \u2013 kit de troncos ou gelo acr\u00edlico, para adaptar o estilo da chama ao seu gosto.<\/p>\n<\/li>\n<li data-start=\"2184\" data-end=\"2263\">\n<p data-start=\"2186\" data-end=\"2263\"><strong data-start=\"2186\" data-end=\"2210\">Controlo inteligente<\/strong> \u2013 comando remoto, app m\u00f3vel e programa\u00e7\u00e3o semanal.<\/p>\n<\/li>\n<li data-start=\"2264\" data-end=\"2364\">\n<p data-start=\"2266\" data-end=\"2364\"><strong data-start=\"2266\" data-end=\"2292\">Auto-diagn\u00f3stico Smart<\/strong> \u2013 tecnologia que otimiza a performance e emite alertas de manuten\u00e7\u00e3o.<\/p>\n<\/li>\n<\/ul>\n<p>&nbsp;<\/p>\n<h3 data-start=\"2191\" data-end=\"2243\">Modularidade e Adapta\u00e7\u00e3o ao Espa\u00e7o<\/h3>\n<p data-start=\"2405\" data-end=\"2491\">Gra\u00e7as ao sistema modular, a Ignite Bold 60 adapta-se a diferentes necessidades:<\/p>\n<ul data-start=\"2493\" data-end=\"2790\">\n<li data-start=\"2493\" data-end=\"2596\">\n<p data-start=\"2495\" data-end=\"2596\">Em primeiro lugar, pode ser combinada com outras vers\u00f5es, criando lareiras cont\u00ednuas e impactantes.<\/p>\n<\/li>\n<li data-start=\"2597\" data-end=\"2697\">\n<p data-start=\"2599\" data-end=\"2697\">Al\u00e9m disso, permite integra\u00e7\u00e3o em mobili\u00e1rio, paredes de gesso ou estruturas de MDF e alvenaria.<\/p>\n<\/li>\n<li data-start=\"2698\" data-end=\"2790\">\n<p data-start=\"2700\" data-end=\"2790\">Finalmente, encaixa-se perfeitamente sob a TV, oferecendo um visual moderno e funcional.<\/p>\n<\/li>\n<\/ul>\n<p>&nbsp;<\/p>\n<h3 data-start=\"2777\" data-end=\"2838\">Tecnologia Optiflame\u00ae \u2013 Chamas Realistas e Seguras<\/h3>\n<p data-start=\"2850\" data-end=\"2969\">A tecnologia Optiflame\u00ae projeta chamas vivas atrav\u00e9s de espelhos din\u00e2micos, criando movimento natural e realista.<\/p>\n<ul data-start=\"2971\" data-end=\"3164\">\n<li data-start=\"2971\" data-end=\"3019\">\n<p data-start=\"2973\" data-end=\"3019\">Ajuste facilmente a cor e o brilho da chama.<\/p>\n<\/li>\n<li data-start=\"3020\" data-end=\"3087\">\n<p data-start=\"3022\" data-end=\"3087\">Personalize a base incandescente para se adaptar ao seu design.<\/p>\n<\/li>\n<li data-start=\"3088\" data-end=\"3164\">\n<p data-start=\"3090\" data-end=\"3164\">Obtenha um visual contempor\u00e2neo, seguro e sem necessidade de manuten\u00e7\u00e3o.<\/p>\n<\/li>\n<\/ul>\n<p>&nbsp;<\/p>\n","protected":false},"excerpt":{"rendered":"<p>Lareira El\u00e9trica Ignite Bold 60 &#8211; MH Interiores A Lareira El\u00e9trica Ignite Bold 60 combina inova\u00e7\u00e3o, design moderno e o exclusivo efeito de chama Optiflame\u00ae da Dimplex. Este modelo de<\/p>\n","protected":false},"featured_media":4804,"comment_status":"open","ping_status":"closed","template":"","meta":[],"product_cat":[229],"product_tag":[],"class_list":{"0":"post-4815","1":"product","2":"type-product","3":"status-publish","4":"has-post-thumbnail","6":"product_brand-dimplex","7":"product_cat-lareiras-eletricas","9":"first","10":"instock","11":"shipping-taxable","12":"product-type-simple"},"yoast_head":"<!-- This site is optimized with the Yoast SEO Premium plugin v24.0 (Yoast SEO v27.4) - https:\/\/yoast.com\/product\/yoast-seo-premium-wordpress\/ -->\n<title>Lareira El\u00e9trica Ignite Bold 60 - MH Interiores - Loja Decora&ccedil;&atilde;o de Interiores<\/title>\n<meta name=\"description\" content=\"Lareira el\u00e9trica Ignite Bold 60. Chamas realistas, calor eficiente e design panor\u00e2mico. Ideal para casas e espa\u00e7os comerciais.\" \/>\n<meta name=\"robots\" content=\"index, follow, max-snippet:-1, max-image-preview:large, max-video-preview:-1\" \/>\n<link rel=\"canonical\" href=\"https:\/\/mhinteriores.pt\/loja\/produto\/lareira-eletrica-ignite-bold-60\/\" \/>\n<meta property=\"og:locale\" content=\"pt_PT\" \/>\n<meta property=\"og:type\" content=\"article\" \/>\n<meta property=\"og:title\" content=\"Lareira El\u00e9trica Ignite Bold 60 - MH Interiores\" \/>\n<meta property=\"og:description\" content=\"Lareira el\u00e9trica Ignite Bold 60. Chamas realistas, calor eficiente e design panor\u00e2mico. Ideal para casas e espa\u00e7os comerciais.\" \/>\n<meta property=\"og:url\" content=\"https:\/\/mhinteriores.pt\/loja\/produto\/lareira-eletrica-ignite-bold-60\/\" \/>\n<meta property=\"og:site_name\" content=\"Loja Decora&ccedil;&atilde;o de Interiores\" \/>\n<meta property=\"article:modified_time\" content=\"2025-09-29T13:31:25+00:00\" \/>\n<meta property=\"og:image\" content=\"https:\/\/mhinteriores.pt\/loja\/wp-content\/uploads\/2025\/09\/Lareira-Electrica-Ignite-Bold-50-1.webp\" \/>\n\t<meta property=\"og:image:width\" content=\"500\" \/>\n\t<meta property=\"og:image:height\" content=\"500\" \/>\n\t<meta property=\"og:image:type\" content=\"image\/webp\" \/>\n<meta name=\"twitter:card\" content=\"summary_large_image\" \/>\n<meta name=\"twitter:label1\" content=\"Tempo estimado de leitura\" \/>\n\t<meta name=\"twitter:data1\" content=\"3 minutos\" \/>\n<script type=\"application\/ld+json\" class=\"yoast-schema-graph\">{\"@context\":\"https:\\\/\\\/schema.org\",\"@graph\":[{\"@type\":\"WebPage\",\"@id\":\"https:\\\/\\\/mhinteriores.pt\\\/loja\\\/produto\\\/lareira-eletrica-ignite-bold-60\\\/\",\"url\":\"https:\\\/\\\/mhinteriores.pt\\\/loja\\\/produto\\\/lareira-eletrica-ignite-bold-60\\\/\",\"name\":\"Lareira El\u00e9trica Ignite Bold 60 - MH Interiores - Loja Decora&ccedil;&atilde;o de Interiores\",\"isPartOf\":{\"@id\":\"https:\\\/\\\/mhinteriores.pt\\\/loja\\\/#website\"},\"primaryImageOfPage\":{\"@id\":\"https:\\\/\\\/mhinteriores.pt\\\/loja\\\/produto\\\/lareira-eletrica-ignite-bold-60\\\/#primaryimage\"},\"image\":{\"@id\":\"https:\\\/\\\/mhinteriores.pt\\\/loja\\\/produto\\\/lareira-eletrica-ignite-bold-60\\\/#primaryimage\"},\"thumbnailUrl\":\"https:\\\/\\\/mhinteriores.pt\\\/loja\\\/wp-content\\\/uploads\\\/2025\\\/09\\\/Lareira-Electrica-Ignite-Bold-50-1.webp\",\"datePublished\":\"2025-09-29T10:47:06+00:00\",\"dateModified\":\"2025-09-29T13:31:25+00:00\",\"description\":\"Lareira el\u00e9trica Ignite Bold 60. Chamas realistas, calor eficiente e design panor\u00e2mico. Ideal para casas e espa\u00e7os comerciais.\",\"breadcrumb\":{\"@id\":\"https:\\\/\\\/mhinteriores.pt\\\/loja\\\/produto\\\/lareira-eletrica-ignite-bold-60\\\/#breadcrumb\"},\"inLanguage\":\"pt-PT\",\"potentialAction\":[{\"@type\":\"ReadAction\",\"target\":[\"https:\\\/\\\/mhinteriores.pt\\\/loja\\\/produto\\\/lareira-eletrica-ignite-bold-60\\\/\"]}]},{\"@type\":\"ImageObject\",\"inLanguage\":\"pt-PT\",\"@id\":\"https:\\\/\\\/mhinteriores.pt\\\/loja\\\/produto\\\/lareira-eletrica-ignite-bold-60\\\/#primaryimage\",\"url\":\"https:\\\/\\\/mhinteriores.pt\\\/loja\\\/wp-content\\\/uploads\\\/2025\\\/09\\\/Lareira-Electrica-Ignite-Bold-50-1.webp\",\"contentUrl\":\"https:\\\/\\\/mhinteriores.pt\\\/loja\\\/wp-content\\\/uploads\\\/2025\\\/09\\\/Lareira-Electrica-Ignite-Bold-50-1.webp\",\"width\":500,\"height\":500,\"caption\":\"Lareira El\u00e9ctrica Ignite Bold\"},{\"@type\":\"BreadcrumbList\",\"@id\":\"https:\\\/\\\/mhinteriores.pt\\\/loja\\\/produto\\\/lareira-eletrica-ignite-bold-60\\\/#breadcrumb\",\"itemListElement\":[{\"@type\":\"ListItem\",\"position\":1,\"name\":\"In\u00edcio\",\"item\":\"https:\\\/\\\/mhinteriores.pt\\\/loja\\\/\"},{\"@type\":\"ListItem\",\"position\":2,\"name\":\"Loja\",\"item\":\"https:\\\/\\\/mhinteriores.pt\\\/loja\\\/loja\\\/\"},{\"@type\":\"ListItem\",\"position\":3,\"name\":\"Lareira El\u00e9trica Ignite Bold 60 &#8211; MH Interiores\"}]},{\"@type\":\"WebSite\",\"@id\":\"https:\\\/\\\/mhinteriores.pt\\\/loja\\\/#website\",\"url\":\"https:\\\/\\\/mhinteriores.pt\\\/loja\\\/\",\"name\":\"Loja de Decora\u00e7\u00e3o - MH Interiores\",\"description\":\"MH Interiores\",\"publisher\":{\"@id\":\"https:\\\/\\\/mhinteriores.pt\\\/loja\\\/#organization\"},\"potentialAction\":[{\"@type\":\"SearchAction\",\"target\":{\"@type\":\"EntryPoint\",\"urlTemplate\":\"https:\\\/\\\/mhinteriores.pt\\\/loja\\\/?s={search_term_string}\"},\"query-input\":{\"@type\":\"PropertyValueSpecification\",\"valueRequired\":true,\"valueName\":\"search_term_string\"}}],\"inLanguage\":\"pt-PT\"},{\"@type\":\"Organization\",\"@id\":\"https:\\\/\\\/mhinteriores.pt\\\/loja\\\/#organization\",\"name\":\"Loja de Decora\u00e7\u00e3o - MH Interiores\",\"url\":\"https:\\\/\\\/mhinteriores.pt\\\/loja\\\/\",\"logo\":{\"@type\":\"ImageObject\",\"inLanguage\":\"pt-PT\",\"@id\":\"https:\\\/\\\/mhinteriores.pt\\\/loja\\\/#\\\/schema\\\/logo\\\/image\\\/\",\"url\":\"https:\\\/\\\/mhinteriores.pt\\\/loja\\\/wp-content\\\/uploads\\\/2024\\\/12\\\/cropped-MH-Interiores.png\",\"contentUrl\":\"https:\\\/\\\/mhinteriores.pt\\\/loja\\\/wp-content\\\/uploads\\\/2024\\\/12\\\/cropped-MH-Interiores.png\",\"width\":512,\"height\":512,\"caption\":\"Loja de Decora\u00e7\u00e3o - MH Interiores\"},\"image\":{\"@id\":\"https:\\\/\\\/mhinteriores.pt\\\/loja\\\/#\\\/schema\\\/logo\\\/image\\\/\"}}]}<\/script>\n<!-- \/ Yoast SEO Premium plugin. -->","yoast_head_json":{"title":"Lareira El\u00e9trica Ignite Bold 60 - MH Interiores - Loja Decora&ccedil;&atilde;o de Interiores","description":"Lareira el\u00e9trica Ignite Bold 60. Chamas realistas, calor eficiente e design panor\u00e2mico. Ideal para casas e espa\u00e7os comerciais.","robots":{"index":"index","follow":"follow","max-snippet":"max-snippet:-1","max-image-preview":"max-image-preview:large","max-video-preview":"max-video-preview:-1"},"canonical":"https:\/\/mhinteriores.pt\/loja\/produto\/lareira-eletrica-ignite-bold-60\/","og_locale":"pt_PT","og_type":"article","og_title":"Lareira El\u00e9trica Ignite Bold 60 - MH Interiores","og_description":"Lareira el\u00e9trica Ignite Bold 60. Chamas realistas, calor eficiente e design panor\u00e2mico. Ideal para casas e espa\u00e7os comerciais.","og_url":"https:\/\/mhinteriores.pt\/loja\/produto\/lareira-eletrica-ignite-bold-60\/","og_site_name":"Loja Decora&ccedil;&atilde;o de Interiores","article_modified_time":"2025-09-29T13:31:25+00:00","og_image":[{"width":500,"height":500,"url":"https:\/\/mhinteriores.pt\/loja\/wp-content\/uploads\/2025\/09\/Lareira-Electrica-Ignite-Bold-50-1.webp","type":"image\/webp"}],"twitter_card":"summary_large_image","twitter_misc":{"Tempo estimado de leitura":"3 minutos"},"schema":{"@context":"https:\/\/schema.org","@graph":[{"@type":"WebPage","@id":"https:\/\/mhinteriores.pt\/loja\/produto\/lareira-eletrica-ignite-bold-60\/","url":"https:\/\/mhinteriores.pt\/loja\/produto\/lareira-eletrica-ignite-bold-60\/","name":"Lareira El\u00e9trica Ignite Bold 60 - MH Interiores - Loja Decora&ccedil;&atilde;o de Interiores","isPartOf":{"@id":"https:\/\/mhinteriores.pt\/loja\/#website"},"primaryImageOfPage":{"@id":"https:\/\/mhinteriores.pt\/loja\/produto\/lareira-eletrica-ignite-bold-60\/#primaryimage"},"image":{"@id":"https:\/\/mhinteriores.pt\/loja\/produto\/lareira-eletrica-ignite-bold-60\/#primaryimage"},"thumbnailUrl":"https:\/\/mhinteriores.pt\/loja\/wp-content\/uploads\/2025\/09\/Lareira-Electrica-Ignite-Bold-50-1.webp","datePublished":"2025-09-29T10:47:06+00:00","dateModified":"2025-09-29T13:31:25+00:00","description":"Lareira el\u00e9trica Ignite Bold 60. Chamas realistas, calor eficiente e design panor\u00e2mico. Ideal para casas e espa\u00e7os comerciais.","breadcrumb":{"@id":"https:\/\/mhinteriores.pt\/loja\/produto\/lareira-eletrica-ignite-bold-60\/#breadcrumb"},"inLanguage":"pt-PT","potentialAction":[{"@type":"ReadAction","target":["https:\/\/mhinteriores.pt\/loja\/produto\/lareira-eletrica-ignite-bold-60\/"]}]},{"@type":"ImageObject","inLanguage":"pt-PT","@id":"https:\/\/mhinteriores.pt\/loja\/produto\/lareira-eletrica-ignite-bold-60\/#primaryimage","url":"https:\/\/mhinteriores.pt\/loja\/wp-content\/uploads\/2025\/09\/Lareira-Electrica-Ignite-Bold-50-1.webp","contentUrl":"https:\/\/mhinteriores.pt\/loja\/wp-content\/uploads\/2025\/09\/Lareira-Electrica-Ignite-Bold-50-1.webp","width":500,"height":500,"caption":"Lareira El\u00e9ctrica Ignite Bold"},{"@type":"BreadcrumbList","@id":"https:\/\/mhinteriores.pt\/loja\/produto\/lareira-eletrica-ignite-bold-60\/#breadcrumb","itemListElement":[{"@type":"ListItem","position":1,"name":"In\u00edcio","item":"https:\/\/mhinteriores.pt\/loja\/"},{"@type":"ListItem","position":2,"name":"Loja","item":"https:\/\/mhinteriores.pt\/loja\/loja\/"},{"@type":"ListItem","position":3,"name":"Lareira El\u00e9trica Ignite Bold 60 &#8211; MH Interiores"}]},{"@type":"WebSite","@id":"https:\/\/mhinteriores.pt\/loja\/#website","url":"https:\/\/mhinteriores.pt\/loja\/","name":"Loja de Decora\u00e7\u00e3o - MH Interiores","description":"MH Interiores","publisher":{"@id":"https:\/\/mhinteriores.pt\/loja\/#organization"},"potentialAction":[{"@type":"SearchAction","target":{"@type":"EntryPoint","urlTemplate":"https:\/\/mhinteriores.pt\/loja\/?s={search_term_string}"},"query-input":{"@type":"PropertyValueSpecification","valueRequired":true,"valueName":"search_term_string"}}],"inLanguage":"pt-PT"},{"@type":"Organization","@id":"https:\/\/mhinteriores.pt\/loja\/#organization","name":"Loja de Decora\u00e7\u00e3o - MH Interiores","url":"https:\/\/mhinteriores.pt\/loja\/","logo":{"@type":"ImageObject","inLanguage":"pt-PT","@id":"https:\/\/mhinteriores.pt\/loja\/#\/schema\/logo\/image\/","url":"https:\/\/mhinteriores.pt\/loja\/wp-content\/uploads\/2024\/12\/cropped-MH-Interiores.png","contentUrl":"https:\/\/mhinteriores.pt\/loja\/wp-content\/uploads\/2024\/12\/cropped-MH-Interiores.png","width":512,"height":512,"caption":"Loja de Decora\u00e7\u00e3o - MH Interiores"},"image":{"@id":"https:\/\/mhinteriores.pt\/loja\/#\/schema\/logo\/image\/"}}]}},"_links":{"self":[{"href":"https:\/\/mhinteriores.pt\/loja\/wp-json\/wp\/v2\/product\/4815","targetHints":{"allow":["GET"]}}],"collection":[{"href":"https:\/\/mhinteriores.pt\/loja\/wp-json\/wp\/v2\/product"}],"about":[{"href":"https:\/\/mhinteriores.pt\/loja\/wp-json\/wp\/v2\/types\/product"}],"replies":[{"embeddable":true,"href":"https:\/\/mhinteriores.pt\/loja\/wp-json\/wp\/v2\/comments?post=4815"}],"version-history":[{"count":2,"href":"https:\/\/mhinteriores.pt\/loja\/wp-json\/wp\/v2\/product\/4815\/revisions"}],"predecessor-version":[{"id":4869,"href":"https:\/\/mhinteriores.pt\/loja\/wp-json\/wp\/v2\/product\/4815\/revisions\/4869"}],"wp:featuredmedia":[{"embeddable":true,"href":"https:\/\/mhinteriores.pt\/loja\/wp-json\/wp\/v2\/media\/4804"}],"wp:attachment":[{"href":"https:\/\/mhinteriores.pt\/loja\/wp-json\/wp\/v2\/media?parent=4815"}],"wp:term":[{"taxonomy":"product_cat","embeddable":true,"href":"https:\/\/mhinteriores.pt\/loja\/wp-json\/wp\/v2\/product_cat?post=4815"},{"taxonomy":"product_tag","embeddable":true,"href":"https:\/\/mhinteriores.pt\/loja\/wp-json\/wp\/v2\/product_tag?post=4815"}],"curies":[{"name":"wp","href":"https:\/\/api.w.org\/{rel}","templated":true}]}}