{"id":5037,"date":"2025-09-30T09:49:56","date_gmt":"2025-09-30T09:49:56","guid":{"rendered":"https:\/\/mhinteriores.pt\/loja\/?post_type=product&#038;p=5037"},"modified":"2025-09-30T09:54:35","modified_gmt":"2025-09-30T09:54:35","slug":"lareira-eletrica-e-box-st","status":"publish","type":"product","link":"https:\/\/mhinteriores.pt\/loja\/produto\/lareira-eletrica-e-box-st\/","title":{"rendered":"Lareira El\u00e9trica e-BOX ST &#8211; MH Interiores"},"content":{"rendered":"<h2 style=\"text-align: left;\">Lareira El\u00e9trica e-BOX ST &#8211; <a href=\"https:\/\/mhinteriores.pt\/loja\/\">MH Interiores<\/a><\/h2>\n<p data-start=\"279\" data-end=\"564\">A Lareira El\u00e9trica Faber e-BoX ST foi criada para quem procura uma solu\u00e7\u00e3o moderna, sustent\u00e1vel e vers\u00e1til. Este modelo de dupla face permite desfrutar da chama a partir de dois espa\u00e7os diferentes, tornando-se numa pe\u00e7a central marcante que combina est\u00e9tica e funcionalidade.<\/p>\n<p data-start=\"566\" data-end=\"857\">Ao contr\u00e1rio das lareiras a g\u00e1s ou a lenha, n\u00e3o precisa de chamin\u00e9 nem de liga\u00e7\u00e3o a condutas. Gra\u00e7as \u00e0 sua tecnologia exclusiva de vapor de \u00e1gua, a chama tridimensional \u00e9 incrivelmente realista, oferecendo todo o ambiente de um fogo verdadeiro, mas sem cinzas, fumo ou manuten\u00e7\u00e3o complexa.<\/p>\n<h3 data-start=\"1165\" data-end=\"1198\"><\/h3>\n<h3 data-start=\"1165\" data-end=\"1198\">Caracter\u00edsticas da Lareira El\u00e9trica e-BOX ST<\/h3>\n<ul data-start=\"916\" data-end=\"1245\">\n<li data-start=\"916\" data-end=\"937\">\n<p data-start=\"918\" data-end=\"937\"><strong data-start=\"918\" data-end=\"931\">Material:<\/strong> A\u00e7o<\/p>\n<\/li>\n<li data-start=\"938\" data-end=\"956\">\n<p data-start=\"940\" data-end=\"956\"><strong data-start=\"940\" data-end=\"948\">Cor:<\/strong> Preto<\/p>\n<\/li>\n<li data-start=\"957\" data-end=\"992\">\n<p data-start=\"959\" data-end=\"992\"><strong data-start=\"959\" data-end=\"982\">Tipo de instala\u00e7\u00e3o:<\/strong> Embutir<\/p>\n<\/li>\n<li data-start=\"993\" data-end=\"1042\">\n<p data-start=\"995\" data-end=\"1042\"><strong data-start=\"995\" data-end=\"1026\">Dimens\u00f5es do vidro (L x A):<\/strong> 1038 x 368 mm<\/p>\n<\/li>\n<li data-start=\"1043\" data-end=\"1100\">\n<p data-start=\"1045\" data-end=\"1100\"><strong data-start=\"1045\" data-end=\"1078\">Dimens\u00f5es totais (L x P x A):<\/strong> 1134 x 412 x 800 mm<\/p>\n<\/li>\n<li data-start=\"1101\" data-end=\"1129\">\n<p data-start=\"1103\" data-end=\"1129\"><strong data-start=\"1103\" data-end=\"1116\">Pot\u00eancia:<\/strong> at\u00e9 1,0 kW<\/p>\n<\/li>\n<li data-start=\"1130\" data-end=\"1155\">\n<p data-start=\"1132\" data-end=\"1155\"><strong data-start=\"1132\" data-end=\"1142\">Vis\u00e3o:<\/strong> Dupla face<\/p>\n<\/li>\n<li data-start=\"1156\" data-end=\"1184\">\n<p data-start=\"1158\" data-end=\"1184\"><strong data-start=\"1158\" data-end=\"1169\">Inclui:<\/strong> aro de 50 mm<\/p>\n<\/li>\n<li data-start=\"1185\" data-end=\"1245\">\n<p data-start=\"1187\" data-end=\"1245\"><strong data-start=\"1187\" data-end=\"1214\">Interiores dispon\u00edveis:<\/strong> troncos, seixos ou acr\u00edlicos<\/p>\n<\/li>\n<\/ul>\n<p>&nbsp;<\/p>\n<h3 data-start=\"1547\" data-end=\"1586\">Vantagens da Lareira El\u00e9trica e-BOX ST<\/h3>\n<ul>\n<li data-start=\"1304\" data-end=\"1409\">\n<p data-start=\"1306\" data-end=\"1409\"><strong data-start=\"1306\" data-end=\"1327\">Integra\u00e7\u00e3o f\u00e1cil:<\/strong> pode ser instalada em praticamente qualquer espa\u00e7o, sem necessidade de chamin\u00e9.<\/p>\n<\/li>\n<li data-start=\"1410\" data-end=\"1528\">\n<p data-start=\"1412\" data-end=\"1528\"><strong data-start=\"1412\" data-end=\"1433\">Design adapt\u00e1vel:<\/strong> escolha entre interiores com troncos, pedras ou cristais, para combinar com a sua decora\u00e7\u00e3o.<\/p>\n<\/li>\n<li data-start=\"1529\" data-end=\"1610\">\n<p data-start=\"1531\" data-end=\"1610\"><strong data-start=\"1531\" data-end=\"1551\">Efeito realista:<\/strong> chama 3D patenteada, criada com vapor de \u00e1gua e luz LED.<\/p>\n<\/li>\n<li data-start=\"1611\" data-end=\"1691\">\n<p data-start=\"1613\" data-end=\"1691\"><strong data-start=\"1613\" data-end=\"1628\">Dupla face:<\/strong> permite ligar e harmonizar dois ambientes de forma elegante.<\/p>\n<\/li>\n<li data-start=\"1692\" data-end=\"1771\">\n<p data-start=\"1694\" data-end=\"1771\"><strong data-start=\"1694\" data-end=\"1715\">Conforto t\u00e9rmico:<\/strong> pot\u00eancia de at\u00e9 1 kW, ajust\u00e1vel \u00e0s suas necessidades.<\/p>\n<\/li>\n<li data-start=\"1772\" data-end=\"1863\">\n<p data-start=\"1774\" data-end=\"1863\"><strong data-start=\"1774\" data-end=\"1795\">Opera\u00e7\u00e3o simples:<\/strong> inclui comando remoto para gerir todas as fun\u00e7\u00f5es com facilidade.<\/p>\n<\/li>\n<li data-start=\"1864\" data-end=\"1934\">\n<p data-start=\"1866\" data-end=\"1934\"><strong data-start=\"1866\" data-end=\"1887\">Sustentabilidade:<\/strong> funcionamento 100% el\u00e9trico, limpo e seguro.<\/p>\n<\/li>\n<\/ul>\n<p>&nbsp;<\/p>\n<h3 data-start=\"2191\" data-end=\"2243\">Porqu\u00ea escolher a e-BOX ST?<\/h3>\n<p data-start=\"2370\" data-end=\"2703\">Em primeiro lugar, porque oferece um efeito de chama natural sem complica\u00e7\u00f5es de instala\u00e7\u00e3o. Al\u00e9m disso, a sua configura\u00e7\u00e3o dupla face transforma-a numa lareira de design, perfeita para dividir ou ligar dois espa\u00e7os. Por fim, a tecnologia de fogo tridimensional cria um ambiente acolhedor e moderno em qualquer habita\u00e7\u00e3o.<\/p>\n<p>&nbsp;<\/p>\n<h3 data-start=\"2777\" data-end=\"2838\">Tecnologia Faber \u2013 Fogo Tridimensional<\/h3>\n<p data-start=\"2541\" data-end=\"2612\">A tecnologia patenteada da Faber recorre a vapor de \u00e1gua e LED para produzir um efeito de chama aut\u00eantico. Assim, a experi\u00eancia \u00e9 100% visual e atmosf\u00e9rica, mas completamente segura ao toque e amiga do ambiente.<\/p>\n<p>&nbsp;<\/p>\n","protected":false},"excerpt":{"rendered":"<p>Lareira El\u00e9trica e-BOX ST &#8211; MH Interiores A Lareira El\u00e9trica Faber e-BoX ST foi criada para quem procura uma solu\u00e7\u00e3o moderna, sustent\u00e1vel e vers\u00e1til. Este modelo de dupla face permite<\/p>\n","protected":false},"featured_media":5044,"comment_status":"open","ping_status":"closed","template":"","meta":[],"product_cat":[229],"product_tag":[],"class_list":{"0":"post-5037","1":"product","2":"type-product","3":"status-publish","4":"has-post-thumbnail","6":"product_brand-faber","7":"product_cat-lareiras-eletricas","9":"first","10":"instock","11":"shipping-taxable","12":"product-type-simple"},"yoast_head":"<!-- This site is optimized with the Yoast SEO Premium plugin v24.0 (Yoast SEO v27.4) - https:\/\/yoast.com\/product\/yoast-seo-premium-wordpress\/ -->\n<title>Lareira El\u00e9trica e-BOX ST - MH Interiores - Loja Decora&ccedil;&atilde;o de Interiores<\/title>\n<meta name=\"description\" content=\"Lareira el\u00e9trica Faber e-BoX ST dupla face. Fogo 3D realista a vapor de \u00e1gua, pot\u00eancia at\u00e9 1 kW, sem chamin\u00e9, design moderno e comando remoto.\" \/>\n<meta name=\"robots\" content=\"index, follow, max-snippet:-1, max-image-preview:large, max-video-preview:-1\" \/>\n<link rel=\"canonical\" href=\"https:\/\/mhinteriores.pt\/loja\/produto\/lareira-eletrica-e-box-st\/\" \/>\n<meta property=\"og:locale\" content=\"pt_PT\" \/>\n<meta property=\"og:type\" content=\"article\" \/>\n<meta property=\"og:title\" content=\"Lareira El\u00e9trica e-BOX ST - MH Interiores\" \/>\n<meta property=\"og:description\" content=\"Lareira el\u00e9trica Faber e-BoX ST dupla face. Fogo 3D realista a vapor de \u00e1gua, pot\u00eancia at\u00e9 1 kW, sem chamin\u00e9, design moderno e comando remoto.\" \/>\n<meta property=\"og:url\" content=\"https:\/\/mhinteriores.pt\/loja\/produto\/lareira-eletrica-e-box-st\/\" \/>\n<meta property=\"og:site_name\" content=\"Loja Decora&ccedil;&atilde;o de Interiores\" \/>\n<meta property=\"article:modified_time\" content=\"2025-09-30T09:54:35+00:00\" \/>\n<meta property=\"og:image\" content=\"https:\/\/mhinteriores.pt\/loja\/wp-content\/uploads\/2025\/09\/Lareira-Eletrica-Faber-e-BoX-ST-3.webp\" \/>\n\t<meta property=\"og:image:width\" content=\"500\" \/>\n\t<meta property=\"og:image:height\" content=\"500\" \/>\n\t<meta property=\"og:image:type\" content=\"image\/webp\" \/>\n<meta name=\"twitter:card\" content=\"summary_large_image\" \/>\n<meta name=\"twitter:label1\" content=\"Tempo estimado de leitura\" \/>\n\t<meta name=\"twitter:data1\" content=\"3 minutos\" \/>\n<script type=\"application\/ld+json\" class=\"yoast-schema-graph\">{\"@context\":\"https:\\\/\\\/schema.org\",\"@graph\":[{\"@type\":\"WebPage\",\"@id\":\"https:\\\/\\\/mhinteriores.pt\\\/loja\\\/produto\\\/lareira-eletrica-e-box-st\\\/\",\"url\":\"https:\\\/\\\/mhinteriores.pt\\\/loja\\\/produto\\\/lareira-eletrica-e-box-st\\\/\",\"name\":\"Lareira El\u00e9trica e-BOX ST - MH Interiores - Loja Decora&ccedil;&atilde;o de Interiores\",\"isPartOf\":{\"@id\":\"https:\\\/\\\/mhinteriores.pt\\\/loja\\\/#website\"},\"primaryImageOfPage\":{\"@id\":\"https:\\\/\\\/mhinteriores.pt\\\/loja\\\/produto\\\/lareira-eletrica-e-box-st\\\/#primaryimage\"},\"image\":{\"@id\":\"https:\\\/\\\/mhinteriores.pt\\\/loja\\\/produto\\\/lareira-eletrica-e-box-st\\\/#primaryimage\"},\"thumbnailUrl\":\"https:\\\/\\\/mhinteriores.pt\\\/loja\\\/wp-content\\\/uploads\\\/2025\\\/09\\\/Lareira-Eletrica-Faber-e-BoX-ST-3.webp\",\"datePublished\":\"2025-09-30T09:49:56+00:00\",\"dateModified\":\"2025-09-30T09:54:35+00:00\",\"description\":\"Lareira el\u00e9trica Faber e-BoX ST dupla face. Fogo 3D realista a vapor de \u00e1gua, pot\u00eancia at\u00e9 1 kW, sem chamin\u00e9, design moderno e comando remoto.\",\"breadcrumb\":{\"@id\":\"https:\\\/\\\/mhinteriores.pt\\\/loja\\\/produto\\\/lareira-eletrica-e-box-st\\\/#breadcrumb\"},\"inLanguage\":\"pt-PT\",\"potentialAction\":[{\"@type\":\"ReadAction\",\"target\":[\"https:\\\/\\\/mhinteriores.pt\\\/loja\\\/produto\\\/lareira-eletrica-e-box-st\\\/\"]}]},{\"@type\":\"ImageObject\",\"inLanguage\":\"pt-PT\",\"@id\":\"https:\\\/\\\/mhinteriores.pt\\\/loja\\\/produto\\\/lareira-eletrica-e-box-st\\\/#primaryimage\",\"url\":\"https:\\\/\\\/mhinteriores.pt\\\/loja\\\/wp-content\\\/uploads\\\/2025\\\/09\\\/Lareira-Eletrica-Faber-e-BoX-ST-3.webp\",\"contentUrl\":\"https:\\\/\\\/mhinteriores.pt\\\/loja\\\/wp-content\\\/uploads\\\/2025\\\/09\\\/Lareira-Eletrica-Faber-e-BoX-ST-3.webp\",\"width\":500,\"height\":500,\"caption\":\"Lareira El\u00e9trica Faber e-BoX ST\"},{\"@type\":\"BreadcrumbList\",\"@id\":\"https:\\\/\\\/mhinteriores.pt\\\/loja\\\/produto\\\/lareira-eletrica-e-box-st\\\/#breadcrumb\",\"itemListElement\":[{\"@type\":\"ListItem\",\"position\":1,\"name\":\"In\u00edcio\",\"item\":\"https:\\\/\\\/mhinteriores.pt\\\/loja\\\/\"},{\"@type\":\"ListItem\",\"position\":2,\"name\":\"Loja\",\"item\":\"https:\\\/\\\/mhinteriores.pt\\\/loja\\\/loja\\\/\"},{\"@type\":\"ListItem\",\"position\":3,\"name\":\"Lareira El\u00e9trica e-BOX ST &#8211; MH Interiores\"}]},{\"@type\":\"WebSite\",\"@id\":\"https:\\\/\\\/mhinteriores.pt\\\/loja\\\/#website\",\"url\":\"https:\\\/\\\/mhinteriores.pt\\\/loja\\\/\",\"name\":\"Loja de Decora\u00e7\u00e3o - MH Interiores\",\"description\":\"MH Interiores\",\"publisher\":{\"@id\":\"https:\\\/\\\/mhinteriores.pt\\\/loja\\\/#organization\"},\"potentialAction\":[{\"@type\":\"SearchAction\",\"target\":{\"@type\":\"EntryPoint\",\"urlTemplate\":\"https:\\\/\\\/mhinteriores.pt\\\/loja\\\/?s={search_term_string}\"},\"query-input\":{\"@type\":\"PropertyValueSpecification\",\"valueRequired\":true,\"valueName\":\"search_term_string\"}}],\"inLanguage\":\"pt-PT\"},{\"@type\":\"Organization\",\"@id\":\"https:\\\/\\\/mhinteriores.pt\\\/loja\\\/#organization\",\"name\":\"Loja de Decora\u00e7\u00e3o - MH Interiores\",\"url\":\"https:\\\/\\\/mhinteriores.pt\\\/loja\\\/\",\"logo\":{\"@type\":\"ImageObject\",\"inLanguage\":\"pt-PT\",\"@id\":\"https:\\\/\\\/mhinteriores.pt\\\/loja\\\/#\\\/schema\\\/logo\\\/image\\\/\",\"url\":\"https:\\\/\\\/mhinteriores.pt\\\/loja\\\/wp-content\\\/uploads\\\/2024\\\/12\\\/cropped-MH-Interiores.png\",\"contentUrl\":\"https:\\\/\\\/mhinteriores.pt\\\/loja\\\/wp-content\\\/uploads\\\/2024\\\/12\\\/cropped-MH-Interiores.png\",\"width\":512,\"height\":512,\"caption\":\"Loja de Decora\u00e7\u00e3o - MH Interiores\"},\"image\":{\"@id\":\"https:\\\/\\\/mhinteriores.pt\\\/loja\\\/#\\\/schema\\\/logo\\\/image\\\/\"}}]}<\/script>\n<!-- \/ Yoast SEO Premium plugin. -->","yoast_head_json":{"title":"Lareira El\u00e9trica e-BOX ST - MH Interiores - Loja Decora&ccedil;&atilde;o de Interiores","description":"Lareira el\u00e9trica Faber e-BoX ST dupla face. Fogo 3D realista a vapor de \u00e1gua, pot\u00eancia at\u00e9 1 kW, sem chamin\u00e9, design moderno e comando remoto.","robots":{"index":"index","follow":"follow","max-snippet":"max-snippet:-1","max-image-preview":"max-image-preview:large","max-video-preview":"max-video-preview:-1"},"canonical":"https:\/\/mhinteriores.pt\/loja\/produto\/lareira-eletrica-e-box-st\/","og_locale":"pt_PT","og_type":"article","og_title":"Lareira El\u00e9trica e-BOX ST - MH Interiores","og_description":"Lareira el\u00e9trica Faber e-BoX ST dupla face. Fogo 3D realista a vapor de \u00e1gua, pot\u00eancia at\u00e9 1 kW, sem chamin\u00e9, design moderno e comando remoto.","og_url":"https:\/\/mhinteriores.pt\/loja\/produto\/lareira-eletrica-e-box-st\/","og_site_name":"Loja Decora&ccedil;&atilde;o de Interiores","article_modified_time":"2025-09-30T09:54:35+00:00","og_image":[{"width":500,"height":500,"url":"https:\/\/mhinteriores.pt\/loja\/wp-content\/uploads\/2025\/09\/Lareira-Eletrica-Faber-e-BoX-ST-3.webp","type":"image\/webp"}],"twitter_card":"summary_large_image","twitter_misc":{"Tempo estimado de leitura":"3 minutos"},"schema":{"@context":"https:\/\/schema.org","@graph":[{"@type":"WebPage","@id":"https:\/\/mhinteriores.pt\/loja\/produto\/lareira-eletrica-e-box-st\/","url":"https:\/\/mhinteriores.pt\/loja\/produto\/lareira-eletrica-e-box-st\/","name":"Lareira El\u00e9trica e-BOX ST - MH Interiores - Loja Decora&ccedil;&atilde;o de Interiores","isPartOf":{"@id":"https:\/\/mhinteriores.pt\/loja\/#website"},"primaryImageOfPage":{"@id":"https:\/\/mhinteriores.pt\/loja\/produto\/lareira-eletrica-e-box-st\/#primaryimage"},"image":{"@id":"https:\/\/mhinteriores.pt\/loja\/produto\/lareira-eletrica-e-box-st\/#primaryimage"},"thumbnailUrl":"https:\/\/mhinteriores.pt\/loja\/wp-content\/uploads\/2025\/09\/Lareira-Eletrica-Faber-e-BoX-ST-3.webp","datePublished":"2025-09-30T09:49:56+00:00","dateModified":"2025-09-30T09:54:35+00:00","description":"Lareira el\u00e9trica Faber e-BoX ST dupla face. Fogo 3D realista a vapor de \u00e1gua, pot\u00eancia at\u00e9 1 kW, sem chamin\u00e9, design moderno e comando remoto.","breadcrumb":{"@id":"https:\/\/mhinteriores.pt\/loja\/produto\/lareira-eletrica-e-box-st\/#breadcrumb"},"inLanguage":"pt-PT","potentialAction":[{"@type":"ReadAction","target":["https:\/\/mhinteriores.pt\/loja\/produto\/lareira-eletrica-e-box-st\/"]}]},{"@type":"ImageObject","inLanguage":"pt-PT","@id":"https:\/\/mhinteriores.pt\/loja\/produto\/lareira-eletrica-e-box-st\/#primaryimage","url":"https:\/\/mhinteriores.pt\/loja\/wp-content\/uploads\/2025\/09\/Lareira-Eletrica-Faber-e-BoX-ST-3.webp","contentUrl":"https:\/\/mhinteriores.pt\/loja\/wp-content\/uploads\/2025\/09\/Lareira-Eletrica-Faber-e-BoX-ST-3.webp","width":500,"height":500,"caption":"Lareira El\u00e9trica Faber e-BoX ST"},{"@type":"BreadcrumbList","@id":"https:\/\/mhinteriores.pt\/loja\/produto\/lareira-eletrica-e-box-st\/#breadcrumb","itemListElement":[{"@type":"ListItem","position":1,"name":"In\u00edcio","item":"https:\/\/mhinteriores.pt\/loja\/"},{"@type":"ListItem","position":2,"name":"Loja","item":"https:\/\/mhinteriores.pt\/loja\/loja\/"},{"@type":"ListItem","position":3,"name":"Lareira El\u00e9trica e-BOX ST &#8211; MH Interiores"}]},{"@type":"WebSite","@id":"https:\/\/mhinteriores.pt\/loja\/#website","url":"https:\/\/mhinteriores.pt\/loja\/","name":"Loja de Decora\u00e7\u00e3o - MH Interiores","description":"MH Interiores","publisher":{"@id":"https:\/\/mhinteriores.pt\/loja\/#organization"},"potentialAction":[{"@type":"SearchAction","target":{"@type":"EntryPoint","urlTemplate":"https:\/\/mhinteriores.pt\/loja\/?s={search_term_string}"},"query-input":{"@type":"PropertyValueSpecification","valueRequired":true,"valueName":"search_term_string"}}],"inLanguage":"pt-PT"},{"@type":"Organization","@id":"https:\/\/mhinteriores.pt\/loja\/#organization","name":"Loja de Decora\u00e7\u00e3o - MH Interiores","url":"https:\/\/mhinteriores.pt\/loja\/","logo":{"@type":"ImageObject","inLanguage":"pt-PT","@id":"https:\/\/mhinteriores.pt\/loja\/#\/schema\/logo\/image\/","url":"https:\/\/mhinteriores.pt\/loja\/wp-content\/uploads\/2024\/12\/cropped-MH-Interiores.png","contentUrl":"https:\/\/mhinteriores.pt\/loja\/wp-content\/uploads\/2024\/12\/cropped-MH-Interiores.png","width":512,"height":512,"caption":"Loja de Decora\u00e7\u00e3o - MH Interiores"},"image":{"@id":"https:\/\/mhinteriores.pt\/loja\/#\/schema\/logo\/image\/"}}]}},"_links":{"self":[{"href":"https:\/\/mhinteriores.pt\/loja\/wp-json\/wp\/v2\/product\/5037","targetHints":{"allow":["GET"]}}],"collection":[{"href":"https:\/\/mhinteriores.pt\/loja\/wp-json\/wp\/v2\/product"}],"about":[{"href":"https:\/\/mhinteriores.pt\/loja\/wp-json\/wp\/v2\/types\/product"}],"replies":[{"embeddable":true,"href":"https:\/\/mhinteriores.pt\/loja\/wp-json\/wp\/v2\/comments?post=5037"}],"version-history":[{"count":1,"href":"https:\/\/mhinteriores.pt\/loja\/wp-json\/wp\/v2\/product\/5037\/revisions"}],"predecessor-version":[{"id":5045,"href":"https:\/\/mhinteriores.pt\/loja\/wp-json\/wp\/v2\/product\/5037\/revisions\/5045"}],"wp:featuredmedia":[{"embeddable":true,"href":"https:\/\/mhinteriores.pt\/loja\/wp-json\/wp\/v2\/media\/5044"}],"wp:attachment":[{"href":"https:\/\/mhinteriores.pt\/loja\/wp-json\/wp\/v2\/media?parent=5037"}],"wp:term":[{"taxonomy":"product_cat","embeddable":true,"href":"https:\/\/mhinteriores.pt\/loja\/wp-json\/wp\/v2\/product_cat?post=5037"},{"taxonomy":"product_tag","embeddable":true,"href":"https:\/\/mhinteriores.pt\/loja\/wp-json\/wp\/v2\/product_tag?post=5037"}],"curies":[{"name":"wp","href":"https:\/\/api.w.org\/{rel}","templated":true}]}}