{"id":5112,"date":"2025-09-30T13:41:17","date_gmt":"2025-09-30T13:41:17","guid":{"rendered":"https:\/\/mhinteriores.pt\/loja\/?post_type=product&#038;p=5112"},"modified":"2025-09-30T13:45:12","modified_gmt":"2025-09-30T13:45:12","slug":"lareira-eletrica-e-slim-linear-1700-450-i-mh-interiores","status":"publish","type":"product","link":"https:\/\/mhinteriores.pt\/loja\/produto\/lareira-eletrica-e-slim-linear-1700-450-i-mh-interiores\/","title":{"rendered":"Lareira El\u00e9trica e-Slim Linear 1700-450 I &#8211; MH Interiores"},"content":{"rendered":"<h2 style=\"text-align: left;\">Lareira El\u00e9trica e-Slim Linear 1700-450 I &#8211; <a href=\"https:\/\/mhinteriores.pt\/loja\/\">MH Interiores<\/a><\/h2>\n<p data-start=\"296\" data-end=\"646\">A lareira el\u00e9trica e-Slim Linear 1700-450 I foi desenvolvida para quem procura uma solu\u00e7\u00e3o moderna, com vista panor\u00e2mica extra larga e profundidade surpreendentemente reduzida. Gra\u00e7as ao seu design slim, adapta-se facilmente a cinewalls ou estruturas minimalistas, proporcionando um fogo realista criado com vapor de \u00e1gua e luz LED.<\/p>\n<p data-start=\"648\" data-end=\"862\">Este modelo destaca-se por aliar inova\u00e7\u00e3o, est\u00e9tica e funcionalidade. Al\u00e9m de n\u00e3o necessitar de chamin\u00e9 ou liga\u00e7\u00e3o a g\u00e1s, oferece total liberdade de instala\u00e7\u00e3o e uma experi\u00eancia aut\u00eantica de chama tridimensional.<\/p>\n<h3 data-start=\"1165\" data-end=\"1198\"><\/h3>\n<h3 data-start=\"1165\" data-end=\"1198\">Caracter\u00edsticas da Lareira e-Slim Linear 1700-450 I<\/h3>\n<ul>\n<li data-start=\"937\" data-end=\"958\">\n<p data-start=\"939\" data-end=\"958\"><strong data-start=\"939\" data-end=\"952\">Material:<\/strong> A\u00e7o<\/p>\n<\/li>\n<li data-start=\"959\" data-end=\"977\">\n<p data-start=\"961\" data-end=\"977\"><strong data-start=\"961\" data-end=\"969\">Cor:<\/strong> Preto<\/p>\n<\/li>\n<li data-start=\"978\" data-end=\"1013\">\n<p data-start=\"980\" data-end=\"1013\"><strong data-start=\"980\" data-end=\"1003\">Tipo de instala\u00e7\u00e3o:<\/strong> Embutir<\/p>\n<\/li>\n<li data-start=\"1014\" data-end=\"1063\">\n<p data-start=\"1016\" data-end=\"1063\"><strong data-start=\"1016\" data-end=\"1047\">Dimens\u00f5es do vidro (L x A):<\/strong> 1674 x 437 mm<\/p>\n<\/li>\n<li data-start=\"1064\" data-end=\"1121\">\n<p data-start=\"1066\" data-end=\"1121\"><strong data-start=\"1066\" data-end=\"1099\">Dimens\u00f5es totais (L x P x A):<\/strong> 1714 x 298 x 797 mm<\/p>\n<\/li>\n<li data-start=\"1122\" data-end=\"1150\">\n<p data-start=\"1124\" data-end=\"1150\"><strong data-start=\"1124\" data-end=\"1137\">Pot\u00eancia:<\/strong> at\u00e9 2,0 kW<\/p>\n<\/li>\n<li data-start=\"1151\" data-end=\"1173\">\n<p data-start=\"1153\" data-end=\"1173\"><strong data-start=\"1153\" data-end=\"1163\">Vis\u00e3o:<\/strong> frontal<\/p>\n<\/li>\n<li data-start=\"1174\" data-end=\"1202\">\n<p data-start=\"1176\" data-end=\"1202\"><strong data-start=\"1176\" data-end=\"1187\">Inclui:<\/strong> aro de 50 mm<\/p>\n<\/li>\n<li data-start=\"1203\" data-end=\"1283\">\n<p data-start=\"1205\" data-end=\"1283\"><strong data-start=\"1205\" data-end=\"1232\">Interiores dispon\u00edveis:<\/strong> troncos, seixos brancos Carrara ou gelo acr\u00edlic<\/p>\n<\/li>\n<\/ul>\n<p>&nbsp;<\/p>\n<h3 data-start=\"1547\" data-end=\"1586\">Vantagens da Lareira El\u00e9trica e-Slim Linear 1700-450 I<\/h3>\n<ul data-start=\"1352\" data-end=\"2047\">\n<li data-start=\"1352\" data-end=\"1456\">\n<p data-start=\"1354\" data-end=\"1456\"><strong data-start=\"1354\" data-end=\"1387\">Vista panor\u00e2mica extra larga:<\/strong> aproveite uma experi\u00eancia de chama cont\u00ednua de mais de 1,6 metros.<\/p>\n<\/li>\n<li data-start=\"1457\" data-end=\"1538\">\n<p data-start=\"1459\" data-end=\"1538\"><strong data-start=\"1459\" data-end=\"1475\">Design slim:<\/strong> apenas 29,8 cm de profundidade, ideal para espa\u00e7os modernos.<\/p>\n<\/li>\n<li data-start=\"1539\" data-end=\"1625\">\n<p data-start=\"1541\" data-end=\"1625\"><strong data-start=\"1541\" data-end=\"1570\">Decora\u00e7\u00e3o personaliz\u00e1vel:<\/strong> escolha entre troncos realistas, seixos ou cristais.<\/p>\n<\/li>\n<li data-start=\"1626\" data-end=\"1698\">\n<p data-start=\"1628\" data-end=\"1698\"><strong data-start=\"1628\" data-end=\"1654\">Aquecimento ajust\u00e1vel:<\/strong> pot\u00eancia at\u00e9 2 kW, controlada facilmente.<\/p>\n<\/li>\n<li data-start=\"1699\" data-end=\"1789\">\n<p data-start=\"1701\" data-end=\"1789\"><strong data-start=\"1701\" data-end=\"1725\">Instala\u00e7\u00e3o vers\u00e1til:<\/strong> ideal para <strong data-start=\"1737\" data-end=\"1750\">cinewalls<\/strong> e divis\u00f5es com design contempor\u00e2neo.<\/p>\n<\/li>\n<li data-start=\"1790\" data-end=\"1893\">\n<p data-start=\"1792\" data-end=\"1893\"><strong data-start=\"1792\" data-end=\"1820\">Tecnologia 3D exclusiva:<\/strong> chama patenteada realista baseada em vapor de \u00e1gua, totalmente segura.<\/p>\n<\/li>\n<li data-start=\"1894\" data-end=\"1968\">\n<p data-start=\"1896\" data-end=\"1968\"><strong data-start=\"1896\" data-end=\"1921\">Controlo inteligente:<\/strong> inclui comando remoto e conectividade Wi-Fi.<\/p>\n<\/li>\n<li data-start=\"1969\" data-end=\"2047\">\n<p data-start=\"1971\" data-end=\"2047\"><strong data-start=\"1971\" data-end=\"1995\">Sustent\u00e1vel e limpa:<\/strong> sem fumo, sem emiss\u00f5es e sem manuten\u00e7\u00e3o complexa.<\/p>\n<\/li>\n<\/ul>\n<p>&nbsp;<\/p>\n<h3 data-start=\"2191\" data-end=\"2243\">Porque a e-Slim Linear 1700-450 I?<\/h3>\n<p data-start=\"2045\" data-end=\"2328\">Ao contr\u00e1rio das lareiras convencionais, este modelo combina impacto visual, tecnologia de ponta e funcionalidade pr\u00e1tica. Al\u00e9m disso, a largura extra permite criar ambientes marcantes, tornando-se a pe\u00e7a central de qualquer divis\u00e3o.<\/p>\n<p>&nbsp;<\/p>\n<h3 data-start=\"2777\" data-end=\"2838\">Tecnologia e-Slim Linear<\/h3>\n<p data-start=\"2328\" data-end=\"2631\">A gama e-Slim Linear utiliza a mais recente tecnologia de chama baseada em vapor de \u00e1gua e luzes LED, criando um efeito 3D de fogo incrivelmente real. Al\u00e9m disso, oferece total seguran\u00e7a ao toque e efici\u00eancia energ\u00e9tica, sendo uma op\u00e7\u00e3o preparada para o futuro.<\/p>\n<p>&nbsp;<\/p>\n","protected":false},"excerpt":{"rendered":"<p>Lareira El\u00e9trica e-Slim Linear 1700-450 I &#8211; MH Interiores A lareira el\u00e9trica e-Slim Linear 1700-450 I foi desenvolvida para quem procura uma solu\u00e7\u00e3o moderna, com vista panor\u00e2mica extra larga e<\/p>\n","protected":false},"featured_media":5114,"comment_status":"open","ping_status":"closed","template":"","meta":[],"product_cat":[229],"product_tag":[],"class_list":{"0":"post-5112","1":"product","2":"type-product","3":"status-publish","4":"has-post-thumbnail","6":"product_brand-faber","7":"product_cat-lareiras-eletricas","9":"first","10":"instock","11":"shipping-taxable","12":"product-type-simple"},"yoast_head":"<!-- This site is optimized with the Yoast SEO Premium plugin v24.0 (Yoast SEO v27.4) - https:\/\/yoast.com\/product\/yoast-seo-premium-wordpress\/ -->\n<title>Lareira El\u00e9trica e-Slim Linear 1700-450 I - MH Interiores - Loja Decora&ccedil;&atilde;o de Interiores<\/title>\n<meta name=\"description\" content=\"Lareira el\u00e9trica e-Slim Linear 1700-450 I. Vista panor\u00e2mica extra larga, apenas 29,8 cm de profundidade, fogo 3D realista, Wi-Fi e at\u00e9 2 kW.\" \/>\n<meta name=\"robots\" content=\"index, follow, max-snippet:-1, max-image-preview:large, max-video-preview:-1\" \/>\n<link rel=\"canonical\" href=\"https:\/\/mhinteriores.pt\/loja\/produto\/lareira-eletrica-e-slim-linear-1700-450-i-mh-interiores\/\" \/>\n<meta property=\"og:locale\" content=\"pt_PT\" \/>\n<meta property=\"og:type\" content=\"article\" \/>\n<meta property=\"og:title\" content=\"Lareira El\u00e9trica e-Slim Linear 1700-450 I - MH Interiores\" \/>\n<meta property=\"og:description\" content=\"Lareira el\u00e9trica e-Slim Linear 1700-450 I. Vista panor\u00e2mica extra larga, apenas 29,8 cm de profundidade, fogo 3D realista, Wi-Fi e at\u00e9 2 kW.\" \/>\n<meta property=\"og:url\" content=\"https:\/\/mhinteriores.pt\/loja\/produto\/lareira-eletrica-e-slim-linear-1700-450-i-mh-interiores\/\" \/>\n<meta property=\"og:site_name\" content=\"Loja Decora&ccedil;&atilde;o de Interiores\" \/>\n<meta property=\"article:modified_time\" content=\"2025-09-30T13:45:12+00:00\" \/>\n<meta property=\"og:image\" content=\"https:\/\/mhinteriores.pt\/loja\/wp-content\/uploads\/2025\/09\/Lareira-Eletrica-e-Slim-Linear-1700-450-I-3.webp\" \/>\n\t<meta property=\"og:image:width\" content=\"500\" \/>\n\t<meta property=\"og:image:height\" content=\"500\" \/>\n\t<meta property=\"og:image:type\" content=\"image\/webp\" \/>\n<meta name=\"twitter:card\" content=\"summary_large_image\" \/>\n<meta name=\"twitter:label1\" content=\"Tempo estimado de leitura\" \/>\n\t<meta name=\"twitter:data1\" content=\"2 minutos\" \/>\n<script type=\"application\/ld+json\" class=\"yoast-schema-graph\">{\"@context\":\"https:\\\/\\\/schema.org\",\"@graph\":[{\"@type\":\"WebPage\",\"@id\":\"https:\\\/\\\/mhinteriores.pt\\\/loja\\\/produto\\\/lareira-eletrica-e-slim-linear-1700-450-i-mh-interiores\\\/\",\"url\":\"https:\\\/\\\/mhinteriores.pt\\\/loja\\\/produto\\\/lareira-eletrica-e-slim-linear-1700-450-i-mh-interiores\\\/\",\"name\":\"Lareira El\u00e9trica e-Slim Linear 1700-450 I - MH Interiores - Loja Decora&ccedil;&atilde;o de Interiores\",\"isPartOf\":{\"@id\":\"https:\\\/\\\/mhinteriores.pt\\\/loja\\\/#website\"},\"primaryImageOfPage\":{\"@id\":\"https:\\\/\\\/mhinteriores.pt\\\/loja\\\/produto\\\/lareira-eletrica-e-slim-linear-1700-450-i-mh-interiores\\\/#primaryimage\"},\"image\":{\"@id\":\"https:\\\/\\\/mhinteriores.pt\\\/loja\\\/produto\\\/lareira-eletrica-e-slim-linear-1700-450-i-mh-interiores\\\/#primaryimage\"},\"thumbnailUrl\":\"https:\\\/\\\/mhinteriores.pt\\\/loja\\\/wp-content\\\/uploads\\\/2025\\\/09\\\/Lareira-Eletrica-e-Slim-Linear-1700-450-I-3.webp\",\"datePublished\":\"2025-09-30T13:41:17+00:00\",\"dateModified\":\"2025-09-30T13:45:12+00:00\",\"description\":\"Lareira el\u00e9trica e-Slim Linear 1700-450 I. Vista panor\u00e2mica extra larga, apenas 29,8 cm de profundidade, fogo 3D realista, Wi-Fi e at\u00e9 2 kW.\",\"breadcrumb\":{\"@id\":\"https:\\\/\\\/mhinteriores.pt\\\/loja\\\/produto\\\/lareira-eletrica-e-slim-linear-1700-450-i-mh-interiores\\\/#breadcrumb\"},\"inLanguage\":\"pt-PT\",\"potentialAction\":[{\"@type\":\"ReadAction\",\"target\":[\"https:\\\/\\\/mhinteriores.pt\\\/loja\\\/produto\\\/lareira-eletrica-e-slim-linear-1700-450-i-mh-interiores\\\/\"]}]},{\"@type\":\"ImageObject\",\"inLanguage\":\"pt-PT\",\"@id\":\"https:\\\/\\\/mhinteriores.pt\\\/loja\\\/produto\\\/lareira-eletrica-e-slim-linear-1700-450-i-mh-interiores\\\/#primaryimage\",\"url\":\"https:\\\/\\\/mhinteriores.pt\\\/loja\\\/wp-content\\\/uploads\\\/2025\\\/09\\\/Lareira-Eletrica-e-Slim-Linear-1700-450-I-3.webp\",\"contentUrl\":\"https:\\\/\\\/mhinteriores.pt\\\/loja\\\/wp-content\\\/uploads\\\/2025\\\/09\\\/Lareira-Eletrica-e-Slim-Linear-1700-450-I-3.webp\",\"width\":500,\"height\":500,\"caption\":\"Lareira El\u00e9trica e-Slim Linear 1700-450 I (3)\"},{\"@type\":\"BreadcrumbList\",\"@id\":\"https:\\\/\\\/mhinteriores.pt\\\/loja\\\/produto\\\/lareira-eletrica-e-slim-linear-1700-450-i-mh-interiores\\\/#breadcrumb\",\"itemListElement\":[{\"@type\":\"ListItem\",\"position\":1,\"name\":\"In\u00edcio\",\"item\":\"https:\\\/\\\/mhinteriores.pt\\\/loja\\\/\"},{\"@type\":\"ListItem\",\"position\":2,\"name\":\"Loja\",\"item\":\"https:\\\/\\\/mhinteriores.pt\\\/loja\\\/loja\\\/\"},{\"@type\":\"ListItem\",\"position\":3,\"name\":\"Lareira El\u00e9trica e-Slim Linear 1700-450 I &#8211; MH Interiores\"}]},{\"@type\":\"WebSite\",\"@id\":\"https:\\\/\\\/mhinteriores.pt\\\/loja\\\/#website\",\"url\":\"https:\\\/\\\/mhinteriores.pt\\\/loja\\\/\",\"name\":\"Loja de Decora\u00e7\u00e3o - MH Interiores\",\"description\":\"MH Interiores\",\"publisher\":{\"@id\":\"https:\\\/\\\/mhinteriores.pt\\\/loja\\\/#organization\"},\"potentialAction\":[{\"@type\":\"SearchAction\",\"target\":{\"@type\":\"EntryPoint\",\"urlTemplate\":\"https:\\\/\\\/mhinteriores.pt\\\/loja\\\/?s={search_term_string}\"},\"query-input\":{\"@type\":\"PropertyValueSpecification\",\"valueRequired\":true,\"valueName\":\"search_term_string\"}}],\"inLanguage\":\"pt-PT\"},{\"@type\":\"Organization\",\"@id\":\"https:\\\/\\\/mhinteriores.pt\\\/loja\\\/#organization\",\"name\":\"Loja de Decora\u00e7\u00e3o - MH Interiores\",\"url\":\"https:\\\/\\\/mhinteriores.pt\\\/loja\\\/\",\"logo\":{\"@type\":\"ImageObject\",\"inLanguage\":\"pt-PT\",\"@id\":\"https:\\\/\\\/mhinteriores.pt\\\/loja\\\/#\\\/schema\\\/logo\\\/image\\\/\",\"url\":\"https:\\\/\\\/mhinteriores.pt\\\/loja\\\/wp-content\\\/uploads\\\/2024\\\/12\\\/cropped-MH-Interiores.png\",\"contentUrl\":\"https:\\\/\\\/mhinteriores.pt\\\/loja\\\/wp-content\\\/uploads\\\/2024\\\/12\\\/cropped-MH-Interiores.png\",\"width\":512,\"height\":512,\"caption\":\"Loja de Decora\u00e7\u00e3o - MH Interiores\"},\"image\":{\"@id\":\"https:\\\/\\\/mhinteriores.pt\\\/loja\\\/#\\\/schema\\\/logo\\\/image\\\/\"}}]}<\/script>\n<!-- \/ Yoast SEO Premium plugin. -->","yoast_head_json":{"title":"Lareira El\u00e9trica e-Slim Linear 1700-450 I - MH Interiores - Loja Decora&ccedil;&atilde;o de Interiores","description":"Lareira el\u00e9trica e-Slim Linear 1700-450 I. Vista panor\u00e2mica extra larga, apenas 29,8 cm de profundidade, fogo 3D realista, Wi-Fi e at\u00e9 2 kW.","robots":{"index":"index","follow":"follow","max-snippet":"max-snippet:-1","max-image-preview":"max-image-preview:large","max-video-preview":"max-video-preview:-1"},"canonical":"https:\/\/mhinteriores.pt\/loja\/produto\/lareira-eletrica-e-slim-linear-1700-450-i-mh-interiores\/","og_locale":"pt_PT","og_type":"article","og_title":"Lareira El\u00e9trica e-Slim Linear 1700-450 I - MH Interiores","og_description":"Lareira el\u00e9trica e-Slim Linear 1700-450 I. Vista panor\u00e2mica extra larga, apenas 29,8 cm de profundidade, fogo 3D realista, Wi-Fi e at\u00e9 2 kW.","og_url":"https:\/\/mhinteriores.pt\/loja\/produto\/lareira-eletrica-e-slim-linear-1700-450-i-mh-interiores\/","og_site_name":"Loja Decora&ccedil;&atilde;o de Interiores","article_modified_time":"2025-09-30T13:45:12+00:00","og_image":[{"width":500,"height":500,"url":"https:\/\/mhinteriores.pt\/loja\/wp-content\/uploads\/2025\/09\/Lareira-Eletrica-e-Slim-Linear-1700-450-I-3.webp","type":"image\/webp"}],"twitter_card":"summary_large_image","twitter_misc":{"Tempo estimado de leitura":"2 minutos"},"schema":{"@context":"https:\/\/schema.org","@graph":[{"@type":"WebPage","@id":"https:\/\/mhinteriores.pt\/loja\/produto\/lareira-eletrica-e-slim-linear-1700-450-i-mh-interiores\/","url":"https:\/\/mhinteriores.pt\/loja\/produto\/lareira-eletrica-e-slim-linear-1700-450-i-mh-interiores\/","name":"Lareira El\u00e9trica e-Slim Linear 1700-450 I - MH Interiores - Loja Decora&ccedil;&atilde;o de Interiores","isPartOf":{"@id":"https:\/\/mhinteriores.pt\/loja\/#website"},"primaryImageOfPage":{"@id":"https:\/\/mhinteriores.pt\/loja\/produto\/lareira-eletrica-e-slim-linear-1700-450-i-mh-interiores\/#primaryimage"},"image":{"@id":"https:\/\/mhinteriores.pt\/loja\/produto\/lareira-eletrica-e-slim-linear-1700-450-i-mh-interiores\/#primaryimage"},"thumbnailUrl":"https:\/\/mhinteriores.pt\/loja\/wp-content\/uploads\/2025\/09\/Lareira-Eletrica-e-Slim-Linear-1700-450-I-3.webp","datePublished":"2025-09-30T13:41:17+00:00","dateModified":"2025-09-30T13:45:12+00:00","description":"Lareira el\u00e9trica e-Slim Linear 1700-450 I. Vista panor\u00e2mica extra larga, apenas 29,8 cm de profundidade, fogo 3D realista, Wi-Fi e at\u00e9 2 kW.","breadcrumb":{"@id":"https:\/\/mhinteriores.pt\/loja\/produto\/lareira-eletrica-e-slim-linear-1700-450-i-mh-interiores\/#breadcrumb"},"inLanguage":"pt-PT","potentialAction":[{"@type":"ReadAction","target":["https:\/\/mhinteriores.pt\/loja\/produto\/lareira-eletrica-e-slim-linear-1700-450-i-mh-interiores\/"]}]},{"@type":"ImageObject","inLanguage":"pt-PT","@id":"https:\/\/mhinteriores.pt\/loja\/produto\/lareira-eletrica-e-slim-linear-1700-450-i-mh-interiores\/#primaryimage","url":"https:\/\/mhinteriores.pt\/loja\/wp-content\/uploads\/2025\/09\/Lareira-Eletrica-e-Slim-Linear-1700-450-I-3.webp","contentUrl":"https:\/\/mhinteriores.pt\/loja\/wp-content\/uploads\/2025\/09\/Lareira-Eletrica-e-Slim-Linear-1700-450-I-3.webp","width":500,"height":500,"caption":"Lareira El\u00e9trica e-Slim Linear 1700-450 I (3)"},{"@type":"BreadcrumbList","@id":"https:\/\/mhinteriores.pt\/loja\/produto\/lareira-eletrica-e-slim-linear-1700-450-i-mh-interiores\/#breadcrumb","itemListElement":[{"@type":"ListItem","position":1,"name":"In\u00edcio","item":"https:\/\/mhinteriores.pt\/loja\/"},{"@type":"ListItem","position":2,"name":"Loja","item":"https:\/\/mhinteriores.pt\/loja\/loja\/"},{"@type":"ListItem","position":3,"name":"Lareira El\u00e9trica e-Slim Linear 1700-450 I &#8211; MH Interiores"}]},{"@type":"WebSite","@id":"https:\/\/mhinteriores.pt\/loja\/#website","url":"https:\/\/mhinteriores.pt\/loja\/","name":"Loja de Decora\u00e7\u00e3o - MH Interiores","description":"MH Interiores","publisher":{"@id":"https:\/\/mhinteriores.pt\/loja\/#organization"},"potentialAction":[{"@type":"SearchAction","target":{"@type":"EntryPoint","urlTemplate":"https:\/\/mhinteriores.pt\/loja\/?s={search_term_string}"},"query-input":{"@type":"PropertyValueSpecification","valueRequired":true,"valueName":"search_term_string"}}],"inLanguage":"pt-PT"},{"@type":"Organization","@id":"https:\/\/mhinteriores.pt\/loja\/#organization","name":"Loja de Decora\u00e7\u00e3o - MH Interiores","url":"https:\/\/mhinteriores.pt\/loja\/","logo":{"@type":"ImageObject","inLanguage":"pt-PT","@id":"https:\/\/mhinteriores.pt\/loja\/#\/schema\/logo\/image\/","url":"https:\/\/mhinteriores.pt\/loja\/wp-content\/uploads\/2024\/12\/cropped-MH-Interiores.png","contentUrl":"https:\/\/mhinteriores.pt\/loja\/wp-content\/uploads\/2024\/12\/cropped-MH-Interiores.png","width":512,"height":512,"caption":"Loja de Decora\u00e7\u00e3o - MH Interiores"},"image":{"@id":"https:\/\/mhinteriores.pt\/loja\/#\/schema\/logo\/image\/"}}]}},"_links":{"self":[{"href":"https:\/\/mhinteriores.pt\/loja\/wp-json\/wp\/v2\/product\/5112","targetHints":{"allow":["GET"]}}],"collection":[{"href":"https:\/\/mhinteriores.pt\/loja\/wp-json\/wp\/v2\/product"}],"about":[{"href":"https:\/\/mhinteriores.pt\/loja\/wp-json\/wp\/v2\/types\/product"}],"replies":[{"embeddable":true,"href":"https:\/\/mhinteriores.pt\/loja\/wp-json\/wp\/v2\/comments?post=5112"}],"version-history":[{"count":1,"href":"https:\/\/mhinteriores.pt\/loja\/wp-json\/wp\/v2\/product\/5112\/revisions"}],"predecessor-version":[{"id":5116,"href":"https:\/\/mhinteriores.pt\/loja\/wp-json\/wp\/v2\/product\/5112\/revisions\/5116"}],"wp:featuredmedia":[{"embeddable":true,"href":"https:\/\/mhinteriores.pt\/loja\/wp-json\/wp\/v2\/media\/5114"}],"wp:attachment":[{"href":"https:\/\/mhinteriores.pt\/loja\/wp-json\/wp\/v2\/media?parent=5112"}],"wp:term":[{"taxonomy":"product_cat","embeddable":true,"href":"https:\/\/mhinteriores.pt\/loja\/wp-json\/wp\/v2\/product_cat?post=5112"},{"taxonomy":"product_tag","embeddable":true,"href":"https:\/\/mhinteriores.pt\/loja\/wp-json\/wp\/v2\/product_tag?post=5112"}],"curies":[{"name":"wp","href":"https:\/\/api.w.org\/{rel}","templated":true}]}}