{"id":5196,"date":"2025-09-30T15:22:31","date_gmt":"2025-09-30T15:22:31","guid":{"rendered":"https:\/\/mhinteriores.pt\/loja\/?post_type=product&#038;p=5196"},"modified":"2025-09-30T15:40:29","modified_gmt":"2025-09-30T15:40:29","slug":"lareira-eletrica-torn","status":"publish","type":"product","link":"https:\/\/mhinteriores.pt\/loja\/produto\/lareira-eletrica-torn\/","title":{"rendered":"Lareira El\u00e9trica Torn &#8211; MH Interiores"},"content":{"rendered":"<h2 style=\"text-align: left;\">Lareira El\u00e9trica Torn &#8211; <a href=\"https:\/\/mhinteriores.pt\/loja\/\">MH Interiores<\/a><\/h2>\n<p data-start=\"231\" data-end=\"594\">A Lareira El\u00e9trica Torn combina um design simples e elegante com a tecnologia exclusiva Optimyst\u00ae, criando um efeito de chama incrivelmente realista apenas com vapor de \u00e1gua fria e luz LED. Esta solu\u00e7\u00e3o 100% el\u00e9trica oferece uma experi\u00eancia visual acolhedora, segura e sustent\u00e1vel, sem calor, cinzas ou riscos, sendo ideal para qualquer divis\u00e3o da casa.<\/p>\n<p data-start=\"596\" data-end=\"910\">Compacta e f\u00e1cil de instalar, a Torn funciona apenas como elemento decorativo, permitindo-lhe desfrutar da beleza de uma lareira durante todo o ano. O dep\u00f3sito de \u00e1gua de enchimento simples garante v\u00e1rias horas de funcionamento cont\u00ednuo, enquanto o comando remoto oferece total conveni\u00eancia no controlo da chama.<\/p>\n<h3 data-start=\"1165\" data-end=\"1198\"><\/h3>\n<h3 data-start=\"1165\" data-end=\"1198\">Caracter\u00edsticas da Lareira El\u00e9trica Torn<\/h3>\n<ul>\n<li data-start=\"965\" data-end=\"986\">\n<p data-start=\"967\" data-end=\"986\"><strong data-start=\"967\" data-end=\"980\">Material:<\/strong> A\u00e7o<\/p>\n<\/li>\n<li data-start=\"987\" data-end=\"1005\">\n<p data-start=\"989\" data-end=\"1005\"><strong data-start=\"989\" data-end=\"997\">Cor:<\/strong> Preto<\/p>\n<\/li>\n<li data-start=\"1006\" data-end=\"1040\">\n<p data-start=\"1008\" data-end=\"1040\"><strong data-start=\"1008\" data-end=\"1031\">Tipo de instala\u00e7\u00e3o:<\/strong> Pousar<\/p>\n<\/li>\n<li data-start=\"1041\" data-end=\"1062\">\n<p data-start=\"1043\" data-end=\"1062\"><strong data-start=\"1043\" data-end=\"1052\">Peso:<\/strong> 30,5 kg<\/p>\n<\/li>\n<li data-start=\"1063\" data-end=\"1111\">\n<p data-start=\"1065\" data-end=\"1111\"><strong data-start=\"1065\" data-end=\"1089\">Medidas (A x L x P):<\/strong> 65,8 x 53,3 x 35 cm<\/p>\n<\/li>\n<li data-start=\"1112\" data-end=\"1145\">\n<p data-start=\"1114\" data-end=\"1145\"><strong data-start=\"1114\" data-end=\"1132\">Vis\u00e3o do fogo:<\/strong> 22 x 20 cm<\/p>\n<\/li>\n<li data-start=\"1146\" data-end=\"1167\">\n<p data-start=\"1148\" data-end=\"1167\"><strong data-start=\"1148\" data-end=\"1158\">Vis\u00e3o:<\/strong> 1 face<\/p>\n<\/li>\n<li data-start=\"1168\" data-end=\"1205\">\n<p data-start=\"1170\" data-end=\"1205\"><strong data-start=\"1170\" data-end=\"1198\">Consumo apenas da chama:<\/strong> 64 W<\/p>\n<\/li>\n<li data-start=\"1206\" data-end=\"1242\">\n<p data-start=\"1208\" data-end=\"1242\"><strong data-start=\"1208\" data-end=\"1230\">Tens\u00e3o de entrada:<\/strong> 230-240 V<\/p>\n<\/li>\n<li data-start=\"1243\" data-end=\"1291\">\n<p data-start=\"1245\" data-end=\"1291\"><strong data-start=\"1245\" data-end=\"1261\">Aquecimento:<\/strong> N\u00e3o aquece (uso decorativo)<\/p>\n<\/li>\n<li data-start=\"1292\" data-end=\"1308\">\n<p data-start=\"1294\" data-end=\"1308\"><strong data-start=\"1294\" data-end=\"1302\">Luz:<\/strong> LED<\/p>\n<\/li>\n<li data-start=\"1309\" data-end=\"1338\">\n<p data-start=\"1311\" data-end=\"1338\"><strong data-start=\"1311\" data-end=\"1336\">Inclui comando remoto<\/strong><\/p>\n<\/li>\n<li data-start=\"1339\" data-end=\"1383\">\n<p data-start=\"1341\" data-end=\"1383\"><strong data-start=\"1341\" data-end=\"1381\">Inclui conjunto de troncos cer\u00e2micos<\/strong><\/p>\n<\/li>\n<\/ul>\n<p>&nbsp;<\/p>\n<h3 data-start=\"1547\" data-end=\"1586\">Vantagens da Lareira El\u00e9trica Torn<\/h3>\n<ul>\n<li data-start=\"1432\" data-end=\"1530\">\n<p data-start=\"1434\" data-end=\"1530\"><strong data-start=\"1434\" data-end=\"1478\">Efeito de chama Optimyst\u00ae 3D patenteado:<\/strong> chamas realistas com fumo e intensidade vari\u00e1vel.<\/p>\n<\/li>\n<li data-start=\"1531\" data-end=\"1613\">\n<p data-start=\"1533\" data-end=\"1613\"><strong data-start=\"1533\" data-end=\"1557\">Segura e inofensiva:<\/strong> chama criada apenas com vapor de \u00e1gua fria e luz LED.<\/p>\n<\/li>\n<li data-start=\"1614\" data-end=\"1710\">\n<p data-start=\"1616\" data-end=\"1710\"><strong data-start=\"1616\" data-end=\"1642\">Funcionamento simples:<\/strong> dep\u00f3sito de \u00e1gua f\u00e1cil de encher para v\u00e1rias horas de utiliza\u00e7\u00e3o.<\/p>\n<\/li>\n<li data-start=\"1711\" data-end=\"1803\">\n<p data-start=\"1713\" data-end=\"1803\"><strong data-start=\"1713\" data-end=\"1746\">Atmosfera durante todo o ano:<\/strong> pode ser usada em qualquer esta\u00e7\u00e3o, j\u00e1 que n\u00e3o aquece.<\/p>\n<\/li>\n<li data-start=\"1804\" data-end=\"1867\">\n<p data-start=\"1806\" data-end=\"1867\"><strong data-start=\"1806\" data-end=\"1835\">Baixo consumo energ\u00e9tico:<\/strong> apenas 64 W em modo de chama.<\/p>\n<\/li>\n<li data-start=\"1868\" data-end=\"1961\">\n<p data-start=\"1870\" data-end=\"1961\"><strong data-start=\"1870\" data-end=\"1893\">Pr\u00e1tica e vers\u00e1til:<\/strong> basta ligar a uma tomada comum para ter uma atmosfera acolhedora.<\/p>\n<\/li>\n<li data-start=\"1962\" data-end=\"2040\">\n<p data-start=\"1964\" data-end=\"2040\"><strong data-start=\"1964\" data-end=\"1984\">Estilo compacto:<\/strong> adapta-se facilmente a espa\u00e7os modernos ou cl\u00e1ssicos.<\/p>\n<\/li>\n<\/ul>\n","protected":false},"excerpt":{"rendered":"<p>Lareira El\u00e9trica Torn &#8211; MH Interiores A Lareira El\u00e9trica Torn combina um design simples e elegante com a tecnologia exclusiva Optimyst\u00ae, criando um efeito de chama incrivelmente realista apenas com<\/p>\n","protected":false},"featured_media":5197,"comment_status":"open","ping_status":"closed","template":"","meta":[],"product_cat":[229],"product_tag":[],"class_list":{"0":"post-5196","1":"product","2":"type-product","3":"status-publish","4":"has-post-thumbnail","6":"product_brand-dimplex","7":"product_cat-lareiras-eletricas","9":"first","10":"instock","11":"shipping-taxable","12":"product-type-simple"},"yoast_head":"<!-- This site is optimized with the Yoast SEO Premium plugin v24.0 (Yoast SEO v27.4) - https:\/\/yoast.com\/product\/yoast-seo-premium-wordpress\/ -->\n<title>Lareira El\u00e9trica Torn - MH Interiores - Loja Decora&ccedil;&atilde;o de Interiores<\/title>\n<meta name=\"description\" content=\"Lareira El\u00e9trica Torn da Dimplex com tecnologia Optimyst\u00ae. Compacta, segura, sem aquecimento e com chama realista a vapor de \u00e1gua fria.\" \/>\n<meta name=\"robots\" content=\"index, follow, max-snippet:-1, max-image-preview:large, max-video-preview:-1\" \/>\n<link rel=\"canonical\" href=\"https:\/\/mhinteriores.pt\/loja\/produto\/lareira-eletrica-torn\/\" \/>\n<meta property=\"og:locale\" content=\"pt_PT\" \/>\n<meta property=\"og:type\" content=\"article\" \/>\n<meta property=\"og:title\" content=\"Lareira El\u00e9trica Torn - MH Interiores\" \/>\n<meta property=\"og:description\" content=\"Lareira El\u00e9trica Torn da Dimplex com tecnologia Optimyst\u00ae. Compacta, segura, sem aquecimento e com chama realista a vapor de \u00e1gua fria.\" \/>\n<meta property=\"og:url\" content=\"https:\/\/mhinteriores.pt\/loja\/produto\/lareira-eletrica-torn\/\" \/>\n<meta property=\"og:site_name\" content=\"Loja Decora&ccedil;&atilde;o de Interiores\" \/>\n<meta property=\"article:modified_time\" content=\"2025-09-30T15:40:29+00:00\" \/>\n<meta property=\"og:image\" content=\"https:\/\/mhinteriores.pt\/loja\/wp-content\/uploads\/2025\/09\/Lareira-Eletrica-Torn-1.webp\" \/>\n\t<meta property=\"og:image:width\" content=\"500\" \/>\n\t<meta property=\"og:image:height\" content=\"500\" \/>\n\t<meta property=\"og:image:type\" content=\"image\/webp\" \/>\n<meta name=\"twitter:card\" content=\"summary_large_image\" \/>\n<meta name=\"twitter:label1\" content=\"Tempo estimado de leitura\" \/>\n\t<meta name=\"twitter:data1\" content=\"2 minutos\" \/>\n<script type=\"application\/ld+json\" class=\"yoast-schema-graph\">{\"@context\":\"https:\\\/\\\/schema.org\",\"@graph\":[{\"@type\":\"WebPage\",\"@id\":\"https:\\\/\\\/mhinteriores.pt\\\/loja\\\/produto\\\/lareira-eletrica-torn\\\/\",\"url\":\"https:\\\/\\\/mhinteriores.pt\\\/loja\\\/produto\\\/lareira-eletrica-torn\\\/\",\"name\":\"Lareira El\u00e9trica Torn - MH Interiores - Loja Decora&ccedil;&atilde;o de Interiores\",\"isPartOf\":{\"@id\":\"https:\\\/\\\/mhinteriores.pt\\\/loja\\\/#website\"},\"primaryImageOfPage\":{\"@id\":\"https:\\\/\\\/mhinteriores.pt\\\/loja\\\/produto\\\/lareira-eletrica-torn\\\/#primaryimage\"},\"image\":{\"@id\":\"https:\\\/\\\/mhinteriores.pt\\\/loja\\\/produto\\\/lareira-eletrica-torn\\\/#primaryimage\"},\"thumbnailUrl\":\"https:\\\/\\\/mhinteriores.pt\\\/loja\\\/wp-content\\\/uploads\\\/2025\\\/09\\\/Lareira-Eletrica-Torn-1.webp\",\"datePublished\":\"2025-09-30T15:22:31+00:00\",\"dateModified\":\"2025-09-30T15:40:29+00:00\",\"description\":\"Lareira El\u00e9trica Torn da Dimplex com tecnologia Optimyst\u00ae. Compacta, segura, sem aquecimento e com chama realista a vapor de \u00e1gua fria.\",\"breadcrumb\":{\"@id\":\"https:\\\/\\\/mhinteriores.pt\\\/loja\\\/produto\\\/lareira-eletrica-torn\\\/#breadcrumb\"},\"inLanguage\":\"pt-PT\",\"potentialAction\":[{\"@type\":\"ReadAction\",\"target\":[\"https:\\\/\\\/mhinteriores.pt\\\/loja\\\/produto\\\/lareira-eletrica-torn\\\/\"]}]},{\"@type\":\"ImageObject\",\"inLanguage\":\"pt-PT\",\"@id\":\"https:\\\/\\\/mhinteriores.pt\\\/loja\\\/produto\\\/lareira-eletrica-torn\\\/#primaryimage\",\"url\":\"https:\\\/\\\/mhinteriores.pt\\\/loja\\\/wp-content\\\/uploads\\\/2025\\\/09\\\/Lareira-Eletrica-Torn-1.webp\",\"contentUrl\":\"https:\\\/\\\/mhinteriores.pt\\\/loja\\\/wp-content\\\/uploads\\\/2025\\\/09\\\/Lareira-Eletrica-Torn-1.webp\",\"width\":500,\"height\":500,\"caption\":\"Lareira El\u00e9trica Torn\"},{\"@type\":\"BreadcrumbList\",\"@id\":\"https:\\\/\\\/mhinteriores.pt\\\/loja\\\/produto\\\/lareira-eletrica-torn\\\/#breadcrumb\",\"itemListElement\":[{\"@type\":\"ListItem\",\"position\":1,\"name\":\"In\u00edcio\",\"item\":\"https:\\\/\\\/mhinteriores.pt\\\/loja\\\/\"},{\"@type\":\"ListItem\",\"position\":2,\"name\":\"Loja\",\"item\":\"https:\\\/\\\/mhinteriores.pt\\\/loja\\\/loja\\\/\"},{\"@type\":\"ListItem\",\"position\":3,\"name\":\"Lareira El\u00e9trica Torn &#8211; MH Interiores\"}]},{\"@type\":\"WebSite\",\"@id\":\"https:\\\/\\\/mhinteriores.pt\\\/loja\\\/#website\",\"url\":\"https:\\\/\\\/mhinteriores.pt\\\/loja\\\/\",\"name\":\"Loja de Decora\u00e7\u00e3o - MH Interiores\",\"description\":\"MH Interiores\",\"publisher\":{\"@id\":\"https:\\\/\\\/mhinteriores.pt\\\/loja\\\/#organization\"},\"potentialAction\":[{\"@type\":\"SearchAction\",\"target\":{\"@type\":\"EntryPoint\",\"urlTemplate\":\"https:\\\/\\\/mhinteriores.pt\\\/loja\\\/?s={search_term_string}\"},\"query-input\":{\"@type\":\"PropertyValueSpecification\",\"valueRequired\":true,\"valueName\":\"search_term_string\"}}],\"inLanguage\":\"pt-PT\"},{\"@type\":\"Organization\",\"@id\":\"https:\\\/\\\/mhinteriores.pt\\\/loja\\\/#organization\",\"name\":\"Loja de Decora\u00e7\u00e3o - MH Interiores\",\"url\":\"https:\\\/\\\/mhinteriores.pt\\\/loja\\\/\",\"logo\":{\"@type\":\"ImageObject\",\"inLanguage\":\"pt-PT\",\"@id\":\"https:\\\/\\\/mhinteriores.pt\\\/loja\\\/#\\\/schema\\\/logo\\\/image\\\/\",\"url\":\"https:\\\/\\\/mhinteriores.pt\\\/loja\\\/wp-content\\\/uploads\\\/2024\\\/12\\\/cropped-MH-Interiores.png\",\"contentUrl\":\"https:\\\/\\\/mhinteriores.pt\\\/loja\\\/wp-content\\\/uploads\\\/2024\\\/12\\\/cropped-MH-Interiores.png\",\"width\":512,\"height\":512,\"caption\":\"Loja de Decora\u00e7\u00e3o - MH Interiores\"},\"image\":{\"@id\":\"https:\\\/\\\/mhinteriores.pt\\\/loja\\\/#\\\/schema\\\/logo\\\/image\\\/\"}}]}<\/script>\n<!-- \/ Yoast SEO Premium plugin. -->","yoast_head_json":{"title":"Lareira El\u00e9trica Torn - MH Interiores - Loja Decora&ccedil;&atilde;o de Interiores","description":"Lareira El\u00e9trica Torn da Dimplex com tecnologia Optimyst\u00ae. Compacta, segura, sem aquecimento e com chama realista a vapor de \u00e1gua fria.","robots":{"index":"index","follow":"follow","max-snippet":"max-snippet:-1","max-image-preview":"max-image-preview:large","max-video-preview":"max-video-preview:-1"},"canonical":"https:\/\/mhinteriores.pt\/loja\/produto\/lareira-eletrica-torn\/","og_locale":"pt_PT","og_type":"article","og_title":"Lareira El\u00e9trica Torn - MH Interiores","og_description":"Lareira El\u00e9trica Torn da Dimplex com tecnologia Optimyst\u00ae. Compacta, segura, sem aquecimento e com chama realista a vapor de \u00e1gua fria.","og_url":"https:\/\/mhinteriores.pt\/loja\/produto\/lareira-eletrica-torn\/","og_site_name":"Loja Decora&ccedil;&atilde;o de Interiores","article_modified_time":"2025-09-30T15:40:29+00:00","og_image":[{"width":500,"height":500,"url":"https:\/\/mhinteriores.pt\/loja\/wp-content\/uploads\/2025\/09\/Lareira-Eletrica-Torn-1.webp","type":"image\/webp"}],"twitter_card":"summary_large_image","twitter_misc":{"Tempo estimado de leitura":"2 minutos"},"schema":{"@context":"https:\/\/schema.org","@graph":[{"@type":"WebPage","@id":"https:\/\/mhinteriores.pt\/loja\/produto\/lareira-eletrica-torn\/","url":"https:\/\/mhinteriores.pt\/loja\/produto\/lareira-eletrica-torn\/","name":"Lareira El\u00e9trica Torn - MH Interiores - Loja Decora&ccedil;&atilde;o de Interiores","isPartOf":{"@id":"https:\/\/mhinteriores.pt\/loja\/#website"},"primaryImageOfPage":{"@id":"https:\/\/mhinteriores.pt\/loja\/produto\/lareira-eletrica-torn\/#primaryimage"},"image":{"@id":"https:\/\/mhinteriores.pt\/loja\/produto\/lareira-eletrica-torn\/#primaryimage"},"thumbnailUrl":"https:\/\/mhinteriores.pt\/loja\/wp-content\/uploads\/2025\/09\/Lareira-Eletrica-Torn-1.webp","datePublished":"2025-09-30T15:22:31+00:00","dateModified":"2025-09-30T15:40:29+00:00","description":"Lareira El\u00e9trica Torn da Dimplex com tecnologia Optimyst\u00ae. Compacta, segura, sem aquecimento e com chama realista a vapor de \u00e1gua fria.","breadcrumb":{"@id":"https:\/\/mhinteriores.pt\/loja\/produto\/lareira-eletrica-torn\/#breadcrumb"},"inLanguage":"pt-PT","potentialAction":[{"@type":"ReadAction","target":["https:\/\/mhinteriores.pt\/loja\/produto\/lareira-eletrica-torn\/"]}]},{"@type":"ImageObject","inLanguage":"pt-PT","@id":"https:\/\/mhinteriores.pt\/loja\/produto\/lareira-eletrica-torn\/#primaryimage","url":"https:\/\/mhinteriores.pt\/loja\/wp-content\/uploads\/2025\/09\/Lareira-Eletrica-Torn-1.webp","contentUrl":"https:\/\/mhinteriores.pt\/loja\/wp-content\/uploads\/2025\/09\/Lareira-Eletrica-Torn-1.webp","width":500,"height":500,"caption":"Lareira El\u00e9trica Torn"},{"@type":"BreadcrumbList","@id":"https:\/\/mhinteriores.pt\/loja\/produto\/lareira-eletrica-torn\/#breadcrumb","itemListElement":[{"@type":"ListItem","position":1,"name":"In\u00edcio","item":"https:\/\/mhinteriores.pt\/loja\/"},{"@type":"ListItem","position":2,"name":"Loja","item":"https:\/\/mhinteriores.pt\/loja\/loja\/"},{"@type":"ListItem","position":3,"name":"Lareira El\u00e9trica Torn &#8211; MH Interiores"}]},{"@type":"WebSite","@id":"https:\/\/mhinteriores.pt\/loja\/#website","url":"https:\/\/mhinteriores.pt\/loja\/","name":"Loja de Decora\u00e7\u00e3o - MH Interiores","description":"MH Interiores","publisher":{"@id":"https:\/\/mhinteriores.pt\/loja\/#organization"},"potentialAction":[{"@type":"SearchAction","target":{"@type":"EntryPoint","urlTemplate":"https:\/\/mhinteriores.pt\/loja\/?s={search_term_string}"},"query-input":{"@type":"PropertyValueSpecification","valueRequired":true,"valueName":"search_term_string"}}],"inLanguage":"pt-PT"},{"@type":"Organization","@id":"https:\/\/mhinteriores.pt\/loja\/#organization","name":"Loja de Decora\u00e7\u00e3o - MH Interiores","url":"https:\/\/mhinteriores.pt\/loja\/","logo":{"@type":"ImageObject","inLanguage":"pt-PT","@id":"https:\/\/mhinteriores.pt\/loja\/#\/schema\/logo\/image\/","url":"https:\/\/mhinteriores.pt\/loja\/wp-content\/uploads\/2024\/12\/cropped-MH-Interiores.png","contentUrl":"https:\/\/mhinteriores.pt\/loja\/wp-content\/uploads\/2024\/12\/cropped-MH-Interiores.png","width":512,"height":512,"caption":"Loja de Decora\u00e7\u00e3o - MH Interiores"},"image":{"@id":"https:\/\/mhinteriores.pt\/loja\/#\/schema\/logo\/image\/"}}]}},"_links":{"self":[{"href":"https:\/\/mhinteriores.pt\/loja\/wp-json\/wp\/v2\/product\/5196","targetHints":{"allow":["GET"]}}],"collection":[{"href":"https:\/\/mhinteriores.pt\/loja\/wp-json\/wp\/v2\/product"}],"about":[{"href":"https:\/\/mhinteriores.pt\/loja\/wp-json\/wp\/v2\/types\/product"}],"replies":[{"embeddable":true,"href":"https:\/\/mhinteriores.pt\/loja\/wp-json\/wp\/v2\/comments?post=5196"}],"version-history":[{"count":2,"href":"https:\/\/mhinteriores.pt\/loja\/wp-json\/wp\/v2\/product\/5196\/revisions"}],"predecessor-version":[{"id":5211,"href":"https:\/\/mhinteriores.pt\/loja\/wp-json\/wp\/v2\/product\/5196\/revisions\/5211"}],"wp:featuredmedia":[{"embeddable":true,"href":"https:\/\/mhinteriores.pt\/loja\/wp-json\/wp\/v2\/media\/5197"}],"wp:attachment":[{"href":"https:\/\/mhinteriores.pt\/loja\/wp-json\/wp\/v2\/media?parent=5196"}],"wp:term":[{"taxonomy":"product_cat","embeddable":true,"href":"https:\/\/mhinteriores.pt\/loja\/wp-json\/wp\/v2\/product_cat?post=5196"},{"taxonomy":"product_tag","embeddable":true,"href":"https:\/\/mhinteriores.pt\/loja\/wp-json\/wp\/v2\/product_tag?post=5196"}],"curies":[{"name":"wp","href":"https:\/\/api.w.org\/{rel}","templated":true}]}}