{"id":5203,"date":"2025-09-30T15:31:32","date_gmt":"2025-09-30T15:31:32","guid":{"rendered":"https:\/\/mhinteriores.pt\/loja\/?post_type=product&#038;p=5203"},"modified":"2025-09-30T15:40:17","modified_gmt":"2025-09-30T15:40:17","slug":"lareira-eletrica-torn-100","status":"publish","type":"product","link":"https:\/\/mhinteriores.pt\/loja\/produto\/lareira-eletrica-torn-100\/","title":{"rendered":"Lareira El\u00e9trica Torn 100 &#8211; MH Interiores"},"content":{"rendered":"<h2 style=\"text-align: left;\">Lareira El\u00e9trica Torn 100 &#8211; <a href=\"https:\/\/mhinteriores.pt\/loja\/\">MH Interiores<\/a><\/h2>\n<p data-start=\"243\" data-end=\"655\">A Lareira El\u00e9trica Torn 100 combina design refinado com a tecnologia exclusiva Optimyst\u00ae, criando um efeito de chama tridimensional incrivelmente realista atrav\u00e9s de vapor de \u00e1gua fria e luz LED. Esta solu\u00e7\u00e3o el\u00e9trica sustent\u00e1vel oferece o melhor dos dois mundos: pode ser utilizada apenas como elemento decorativo ou com aquecimento integrado at\u00e9 2 kW, assegurando calor e conforto sempre que desejar.<\/p>\n<p data-start=\"657\" data-end=\"846\">O seu visual elegante, aliado ao conjunto de troncos cer\u00e2micos e ao dep\u00f3sito de \u00e1gua de enchimento f\u00e1cil, torna a Torn 100 perfeita para criar um ponto focal acolhedor em qualquer espa\u00e7o.<\/p>\n<h3 data-start=\"1165\" data-end=\"1198\"><\/h3>\n<h3 data-start=\"1165\" data-end=\"1198\">Caracter\u00edsticas da Lareira El\u00e9trica Torn 100<\/h3>\n<ul>\n<li data-start=\"905\" data-end=\"926\">\n<p data-start=\"907\" data-end=\"926\"><strong data-start=\"907\" data-end=\"920\">Material:<\/strong> A\u00e7o<\/p>\n<\/li>\n<li data-start=\"927\" data-end=\"945\">\n<p data-start=\"929\" data-end=\"945\"><strong data-start=\"929\" data-end=\"937\">Cor:<\/strong> Preto<\/p>\n<\/li>\n<li data-start=\"946\" data-end=\"980\">\n<p data-start=\"948\" data-end=\"980\"><strong data-start=\"948\" data-end=\"971\">Tipo de instala\u00e7\u00e3o:<\/strong> Pousar<\/p>\n<\/li>\n<li data-start=\"981\" data-end=\"1000\">\n<p data-start=\"983\" data-end=\"1000\"><strong data-start=\"983\" data-end=\"992\">Peso:<\/strong> 69 kg<\/p>\n<\/li>\n<li data-start=\"1001\" data-end=\"1052\">\n<p data-start=\"1003\" data-end=\"1052\"><strong data-start=\"1003\" data-end=\"1027\">Medidas (A x L x P):<\/strong> 103,6 x 69,2 x 35,4 cm<\/p>\n<\/li>\n<li data-start=\"1053\" data-end=\"1086\">\n<p data-start=\"1055\" data-end=\"1086\"><strong data-start=\"1055\" data-end=\"1073\">Vis\u00e3o do fogo:<\/strong> 41 x 38 cm<\/p>\n<\/li>\n<li data-start=\"1087\" data-end=\"1108\">\n<p data-start=\"1089\" data-end=\"1108\"><strong data-start=\"1089\" data-end=\"1099\">Vis\u00e3o:<\/strong> 1 face<\/p>\n<\/li>\n<li data-start=\"1109\" data-end=\"1146\">\n<p data-start=\"1111\" data-end=\"1146\"><strong data-start=\"1111\" data-end=\"1139\">Pot\u00eancia de aquecimento:<\/strong> 2 kW<\/p>\n<\/li>\n<li data-start=\"1147\" data-end=\"1197\">\n<p data-start=\"1149\" data-end=\"1197\"><strong data-start=\"1149\" data-end=\"1179\">Defini\u00e7\u00f5es de aquecimento:<\/strong> 1000 W \/ 2000 W<\/p>\n<\/li>\n<li data-start=\"1198\" data-end=\"1236\">\n<p data-start=\"1200\" data-end=\"1236\"><strong data-start=\"1200\" data-end=\"1228\">Consumo apenas da chama:<\/strong> 200 W<\/p>\n<\/li>\n<li data-start=\"1237\" data-end=\"1273\">\n<p data-start=\"1239\" data-end=\"1273\"><strong data-start=\"1239\" data-end=\"1261\">Tens\u00e3o de entrada:<\/strong> 230-240 V<\/p>\n<\/li>\n<li data-start=\"1274\" data-end=\"1290\">\n<p data-start=\"1276\" data-end=\"1290\"><strong data-start=\"1276\" data-end=\"1284\">Luz:<\/strong> LED<\/p>\n<\/li>\n<li data-start=\"1291\" data-end=\"1320\">\n<p data-start=\"1293\" data-end=\"1320\"><strong data-start=\"1293\" data-end=\"1318\">Inclui comando remoto<\/strong><\/p>\n<\/li>\n<li data-start=\"1321\" data-end=\"1365\">\n<p data-start=\"1323\" data-end=\"1365\"><strong data-start=\"1323\" data-end=\"1363\">Inclui conjunto de troncos cer\u00e2micos<\/strong><\/p>\n<\/li>\n<li data-start=\"1366\" data-end=\"1410\">\n<p data-start=\"1368\" data-end=\"1410\"><strong data-start=\"1368\" data-end=\"1408\">Dep\u00f3sito de \u00e1gua de enchimento f\u00e1cil<\/strong><\/p>\n<\/li>\n<\/ul>\n<p>&nbsp;<\/p>\n<h3 data-start=\"1547\" data-end=\"1586\">Vantagens da Lareira El\u00e9trica Torn 100<\/h3>\n<ul>\n<li data-start=\"1463\" data-end=\"1556\">\n<p data-start=\"1465\" data-end=\"1556\"><strong data-start=\"1465\" data-end=\"1496\">Chama Optimyst\u00ae patenteada:<\/strong> efeito 3D hiper-realista com fumo e intensidade vari\u00e1vel.<\/p>\n<\/li>\n<li data-start=\"1557\" data-end=\"1638\">\n<p data-start=\"1559\" data-end=\"1638\"><strong data-start=\"1559\" data-end=\"1576\">Uso flex\u00edvel:<\/strong> desfrute da chama com ou sem aquecimento, 365 dias por ano.<\/p>\n<\/li>\n<li data-start=\"1639\" data-end=\"1718\">\n<p data-start=\"1641\" data-end=\"1718\"><strong data-start=\"1641\" data-end=\"1666\">Segura e sustent\u00e1vel:<\/strong> chama fria, sem emiss\u00f5es ou risco de queimaduras.<\/p>\n<\/li>\n<li data-start=\"1719\" data-end=\"1825\">\n<p data-start=\"1721\" data-end=\"1825\"><strong data-start=\"1721\" data-end=\"1748\">Conforto personalizado:<\/strong> resist\u00eancia termost\u00e1tica com duas pot\u00eancias de aquecimento (1 kW ou 2 kW).<\/p>\n<\/li>\n<li data-start=\"1826\" data-end=\"1901\">\n<p data-start=\"1828\" data-end=\"1901\"><strong data-start=\"1828\" data-end=\"1857\">Baixo consumo energ\u00e9tico:<\/strong> apenas 200 W em modo de chama decorativa.<\/p>\n<\/li>\n<li data-start=\"1902\" data-end=\"1993\">\n<p data-start=\"1904\" data-end=\"1993\"><strong data-start=\"1904\" data-end=\"1927\">Pr\u00e1tica e vers\u00e1til:<\/strong> basta ligar a uma tomada comum para criar ambiente instant\u00e2neo.<\/p>\n<\/li>\n<li data-start=\"1994\" data-end=\"2091\">\n<p data-start=\"1996\" data-end=\"2091\"><strong data-start=\"1996\" data-end=\"2018\">Est\u00e9tica refinada:<\/strong> design compacto que se adapta a qualquer interior moderno ou cl\u00e1ssico.<\/p>\n<\/li>\n<\/ul>\n","protected":false},"excerpt":{"rendered":"<p>Lareira El\u00e9trica Torn 100 &#8211; MH Interiores A Lareira El\u00e9trica Torn 100 combina design refinado com a tecnologia exclusiva Optimyst\u00ae, criando um efeito de chama tridimensional incrivelmente realista atrav\u00e9s de<\/p>\n","protected":false},"featured_media":5206,"comment_status":"open","ping_status":"closed","template":"","meta":[],"product_cat":[229],"product_tag":[],"class_list":{"0":"post-5203","1":"product","2":"type-product","3":"status-publish","4":"has-post-thumbnail","6":"product_brand-dimplex","7":"product_cat-lareiras-eletricas","9":"first","10":"instock","11":"shipping-taxable","12":"product-type-simple"},"yoast_head":"<!-- This site is optimized with the Yoast SEO Premium plugin v24.0 (Yoast SEO v27.4) - https:\/\/yoast.com\/product\/yoast-seo-premium-wordpress\/ -->\n<title>Lareira El\u00e9trica Torn 100 - MH Interiores - Loja Decora&ccedil;&atilde;o de Interiores<\/title>\n<meta name=\"description\" content=\"Lareira El\u00e9trica Torn 100 da Dimplex com tecnologia Optimyst\u00ae. Efeito de chama 3D realista, aquecimento at\u00e9 2 kW, segura e com baixo consumo.\" \/>\n<meta name=\"robots\" content=\"index, follow, max-snippet:-1, max-image-preview:large, max-video-preview:-1\" \/>\n<link rel=\"canonical\" href=\"https:\/\/mhinteriores.pt\/loja\/produto\/lareira-eletrica-torn-100\/\" \/>\n<meta property=\"og:locale\" content=\"pt_PT\" \/>\n<meta property=\"og:type\" content=\"article\" \/>\n<meta property=\"og:title\" content=\"Lareira El\u00e9trica Torn 100 - MH Interiores\" \/>\n<meta property=\"og:description\" content=\"Lareira El\u00e9trica Torn 100 da Dimplex com tecnologia Optimyst\u00ae. Efeito de chama 3D realista, aquecimento at\u00e9 2 kW, segura e com baixo consumo.\" \/>\n<meta property=\"og:url\" content=\"https:\/\/mhinteriores.pt\/loja\/produto\/lareira-eletrica-torn-100\/\" \/>\n<meta property=\"og:site_name\" content=\"Loja Decora&ccedil;&atilde;o de Interiores\" \/>\n<meta property=\"article:modified_time\" content=\"2025-09-30T15:40:17+00:00\" \/>\n<meta property=\"og:image\" content=\"https:\/\/mhinteriores.pt\/loja\/wp-content\/uploads\/2025\/09\/Salamandra-Eletrica-Torn-100-3.webp\" \/>\n\t<meta property=\"og:image:width\" content=\"500\" \/>\n\t<meta property=\"og:image:height\" content=\"500\" \/>\n\t<meta property=\"og:image:type\" content=\"image\/webp\" \/>\n<meta name=\"twitter:card\" content=\"summary_large_image\" \/>\n<meta name=\"twitter:label1\" content=\"Tempo estimado de leitura\" \/>\n\t<meta name=\"twitter:data1\" content=\"2 minutos\" \/>\n<script type=\"application\/ld+json\" class=\"yoast-schema-graph\">{\"@context\":\"https:\\\/\\\/schema.org\",\"@graph\":[{\"@type\":\"WebPage\",\"@id\":\"https:\\\/\\\/mhinteriores.pt\\\/loja\\\/produto\\\/lareira-eletrica-torn-100\\\/\",\"url\":\"https:\\\/\\\/mhinteriores.pt\\\/loja\\\/produto\\\/lareira-eletrica-torn-100\\\/\",\"name\":\"Lareira El\u00e9trica Torn 100 - MH Interiores - Loja Decora&ccedil;&atilde;o de Interiores\",\"isPartOf\":{\"@id\":\"https:\\\/\\\/mhinteriores.pt\\\/loja\\\/#website\"},\"primaryImageOfPage\":{\"@id\":\"https:\\\/\\\/mhinteriores.pt\\\/loja\\\/produto\\\/lareira-eletrica-torn-100\\\/#primaryimage\"},\"image\":{\"@id\":\"https:\\\/\\\/mhinteriores.pt\\\/loja\\\/produto\\\/lareira-eletrica-torn-100\\\/#primaryimage\"},\"thumbnailUrl\":\"https:\\\/\\\/mhinteriores.pt\\\/loja\\\/wp-content\\\/uploads\\\/2025\\\/09\\\/Salamandra-Eletrica-Torn-100-3.webp\",\"datePublished\":\"2025-09-30T15:31:32+00:00\",\"dateModified\":\"2025-09-30T15:40:17+00:00\",\"description\":\"Lareira El\u00e9trica Torn 100 da Dimplex com tecnologia Optimyst\u00ae. Efeito de chama 3D realista, aquecimento at\u00e9 2 kW, segura e com baixo consumo.\",\"breadcrumb\":{\"@id\":\"https:\\\/\\\/mhinteriores.pt\\\/loja\\\/produto\\\/lareira-eletrica-torn-100\\\/#breadcrumb\"},\"inLanguage\":\"pt-PT\",\"potentialAction\":[{\"@type\":\"ReadAction\",\"target\":[\"https:\\\/\\\/mhinteriores.pt\\\/loja\\\/produto\\\/lareira-eletrica-torn-100\\\/\"]}]},{\"@type\":\"ImageObject\",\"inLanguage\":\"pt-PT\",\"@id\":\"https:\\\/\\\/mhinteriores.pt\\\/loja\\\/produto\\\/lareira-eletrica-torn-100\\\/#primaryimage\",\"url\":\"https:\\\/\\\/mhinteriores.pt\\\/loja\\\/wp-content\\\/uploads\\\/2025\\\/09\\\/Salamandra-Eletrica-Torn-100-3.webp\",\"contentUrl\":\"https:\\\/\\\/mhinteriores.pt\\\/loja\\\/wp-content\\\/uploads\\\/2025\\\/09\\\/Salamandra-Eletrica-Torn-100-3.webp\",\"width\":500,\"height\":500,\"caption\":\"Salamandra El\u00e9trica Torn 100\"},{\"@type\":\"BreadcrumbList\",\"@id\":\"https:\\\/\\\/mhinteriores.pt\\\/loja\\\/produto\\\/lareira-eletrica-torn-100\\\/#breadcrumb\",\"itemListElement\":[{\"@type\":\"ListItem\",\"position\":1,\"name\":\"In\u00edcio\",\"item\":\"https:\\\/\\\/mhinteriores.pt\\\/loja\\\/\"},{\"@type\":\"ListItem\",\"position\":2,\"name\":\"Loja\",\"item\":\"https:\\\/\\\/mhinteriores.pt\\\/loja\\\/loja\\\/\"},{\"@type\":\"ListItem\",\"position\":3,\"name\":\"Lareira El\u00e9trica Torn 100 &#8211; MH Interiores\"}]},{\"@type\":\"WebSite\",\"@id\":\"https:\\\/\\\/mhinteriores.pt\\\/loja\\\/#website\",\"url\":\"https:\\\/\\\/mhinteriores.pt\\\/loja\\\/\",\"name\":\"Loja de Decora\u00e7\u00e3o - MH Interiores\",\"description\":\"MH Interiores\",\"publisher\":{\"@id\":\"https:\\\/\\\/mhinteriores.pt\\\/loja\\\/#organization\"},\"potentialAction\":[{\"@type\":\"SearchAction\",\"target\":{\"@type\":\"EntryPoint\",\"urlTemplate\":\"https:\\\/\\\/mhinteriores.pt\\\/loja\\\/?s={search_term_string}\"},\"query-input\":{\"@type\":\"PropertyValueSpecification\",\"valueRequired\":true,\"valueName\":\"search_term_string\"}}],\"inLanguage\":\"pt-PT\"},{\"@type\":\"Organization\",\"@id\":\"https:\\\/\\\/mhinteriores.pt\\\/loja\\\/#organization\",\"name\":\"Loja de Decora\u00e7\u00e3o - MH Interiores\",\"url\":\"https:\\\/\\\/mhinteriores.pt\\\/loja\\\/\",\"logo\":{\"@type\":\"ImageObject\",\"inLanguage\":\"pt-PT\",\"@id\":\"https:\\\/\\\/mhinteriores.pt\\\/loja\\\/#\\\/schema\\\/logo\\\/image\\\/\",\"url\":\"https:\\\/\\\/mhinteriores.pt\\\/loja\\\/wp-content\\\/uploads\\\/2024\\\/12\\\/cropped-MH-Interiores.png\",\"contentUrl\":\"https:\\\/\\\/mhinteriores.pt\\\/loja\\\/wp-content\\\/uploads\\\/2024\\\/12\\\/cropped-MH-Interiores.png\",\"width\":512,\"height\":512,\"caption\":\"Loja de Decora\u00e7\u00e3o - MH Interiores\"},\"image\":{\"@id\":\"https:\\\/\\\/mhinteriores.pt\\\/loja\\\/#\\\/schema\\\/logo\\\/image\\\/\"}}]}<\/script>\n<!-- \/ Yoast SEO Premium plugin. -->","yoast_head_json":{"title":"Lareira El\u00e9trica Torn 100 - MH Interiores - Loja Decora&ccedil;&atilde;o de Interiores","description":"Lareira El\u00e9trica Torn 100 da Dimplex com tecnologia Optimyst\u00ae. Efeito de chama 3D realista, aquecimento at\u00e9 2 kW, segura e com baixo consumo.","robots":{"index":"index","follow":"follow","max-snippet":"max-snippet:-1","max-image-preview":"max-image-preview:large","max-video-preview":"max-video-preview:-1"},"canonical":"https:\/\/mhinteriores.pt\/loja\/produto\/lareira-eletrica-torn-100\/","og_locale":"pt_PT","og_type":"article","og_title":"Lareira El\u00e9trica Torn 100 - MH Interiores","og_description":"Lareira El\u00e9trica Torn 100 da Dimplex com tecnologia Optimyst\u00ae. Efeito de chama 3D realista, aquecimento at\u00e9 2 kW, segura e com baixo consumo.","og_url":"https:\/\/mhinteriores.pt\/loja\/produto\/lareira-eletrica-torn-100\/","og_site_name":"Loja Decora&ccedil;&atilde;o de Interiores","article_modified_time":"2025-09-30T15:40:17+00:00","og_image":[{"width":500,"height":500,"url":"https:\/\/mhinteriores.pt\/loja\/wp-content\/uploads\/2025\/09\/Salamandra-Eletrica-Torn-100-3.webp","type":"image\/webp"}],"twitter_card":"summary_large_image","twitter_misc":{"Tempo estimado de leitura":"2 minutos"},"schema":{"@context":"https:\/\/schema.org","@graph":[{"@type":"WebPage","@id":"https:\/\/mhinteriores.pt\/loja\/produto\/lareira-eletrica-torn-100\/","url":"https:\/\/mhinteriores.pt\/loja\/produto\/lareira-eletrica-torn-100\/","name":"Lareira El\u00e9trica Torn 100 - MH Interiores - Loja Decora&ccedil;&atilde;o de Interiores","isPartOf":{"@id":"https:\/\/mhinteriores.pt\/loja\/#website"},"primaryImageOfPage":{"@id":"https:\/\/mhinteriores.pt\/loja\/produto\/lareira-eletrica-torn-100\/#primaryimage"},"image":{"@id":"https:\/\/mhinteriores.pt\/loja\/produto\/lareira-eletrica-torn-100\/#primaryimage"},"thumbnailUrl":"https:\/\/mhinteriores.pt\/loja\/wp-content\/uploads\/2025\/09\/Salamandra-Eletrica-Torn-100-3.webp","datePublished":"2025-09-30T15:31:32+00:00","dateModified":"2025-09-30T15:40:17+00:00","description":"Lareira El\u00e9trica Torn 100 da Dimplex com tecnologia Optimyst\u00ae. Efeito de chama 3D realista, aquecimento at\u00e9 2 kW, segura e com baixo consumo.","breadcrumb":{"@id":"https:\/\/mhinteriores.pt\/loja\/produto\/lareira-eletrica-torn-100\/#breadcrumb"},"inLanguage":"pt-PT","potentialAction":[{"@type":"ReadAction","target":["https:\/\/mhinteriores.pt\/loja\/produto\/lareira-eletrica-torn-100\/"]}]},{"@type":"ImageObject","inLanguage":"pt-PT","@id":"https:\/\/mhinteriores.pt\/loja\/produto\/lareira-eletrica-torn-100\/#primaryimage","url":"https:\/\/mhinteriores.pt\/loja\/wp-content\/uploads\/2025\/09\/Salamandra-Eletrica-Torn-100-3.webp","contentUrl":"https:\/\/mhinteriores.pt\/loja\/wp-content\/uploads\/2025\/09\/Salamandra-Eletrica-Torn-100-3.webp","width":500,"height":500,"caption":"Salamandra El\u00e9trica Torn 100"},{"@type":"BreadcrumbList","@id":"https:\/\/mhinteriores.pt\/loja\/produto\/lareira-eletrica-torn-100\/#breadcrumb","itemListElement":[{"@type":"ListItem","position":1,"name":"In\u00edcio","item":"https:\/\/mhinteriores.pt\/loja\/"},{"@type":"ListItem","position":2,"name":"Loja","item":"https:\/\/mhinteriores.pt\/loja\/loja\/"},{"@type":"ListItem","position":3,"name":"Lareira El\u00e9trica Torn 100 &#8211; MH Interiores"}]},{"@type":"WebSite","@id":"https:\/\/mhinteriores.pt\/loja\/#website","url":"https:\/\/mhinteriores.pt\/loja\/","name":"Loja de Decora\u00e7\u00e3o - MH Interiores","description":"MH Interiores","publisher":{"@id":"https:\/\/mhinteriores.pt\/loja\/#organization"},"potentialAction":[{"@type":"SearchAction","target":{"@type":"EntryPoint","urlTemplate":"https:\/\/mhinteriores.pt\/loja\/?s={search_term_string}"},"query-input":{"@type":"PropertyValueSpecification","valueRequired":true,"valueName":"search_term_string"}}],"inLanguage":"pt-PT"},{"@type":"Organization","@id":"https:\/\/mhinteriores.pt\/loja\/#organization","name":"Loja de Decora\u00e7\u00e3o - MH Interiores","url":"https:\/\/mhinteriores.pt\/loja\/","logo":{"@type":"ImageObject","inLanguage":"pt-PT","@id":"https:\/\/mhinteriores.pt\/loja\/#\/schema\/logo\/image\/","url":"https:\/\/mhinteriores.pt\/loja\/wp-content\/uploads\/2024\/12\/cropped-MH-Interiores.png","contentUrl":"https:\/\/mhinteriores.pt\/loja\/wp-content\/uploads\/2024\/12\/cropped-MH-Interiores.png","width":512,"height":512,"caption":"Loja de Decora\u00e7\u00e3o - MH Interiores"},"image":{"@id":"https:\/\/mhinteriores.pt\/loja\/#\/schema\/logo\/image\/"}}]}},"_links":{"self":[{"href":"https:\/\/mhinteriores.pt\/loja\/wp-json\/wp\/v2\/product\/5203","targetHints":{"allow":["GET"]}}],"collection":[{"href":"https:\/\/mhinteriores.pt\/loja\/wp-json\/wp\/v2\/product"}],"about":[{"href":"https:\/\/mhinteriores.pt\/loja\/wp-json\/wp\/v2\/types\/product"}],"replies":[{"embeddable":true,"href":"https:\/\/mhinteriores.pt\/loja\/wp-json\/wp\/v2\/comments?post=5203"}],"version-history":[{"count":2,"href":"https:\/\/mhinteriores.pt\/loja\/wp-json\/wp\/v2\/product\/5203\/revisions"}],"predecessor-version":[{"id":5210,"href":"https:\/\/mhinteriores.pt\/loja\/wp-json\/wp\/v2\/product\/5203\/revisions\/5210"}],"wp:featuredmedia":[{"embeddable":true,"href":"https:\/\/mhinteriores.pt\/loja\/wp-json\/wp\/v2\/media\/5206"}],"wp:attachment":[{"href":"https:\/\/mhinteriores.pt\/loja\/wp-json\/wp\/v2\/media?parent=5203"}],"wp:term":[{"taxonomy":"product_cat","embeddable":true,"href":"https:\/\/mhinteriores.pt\/loja\/wp-json\/wp\/v2\/product_cat?post=5203"},{"taxonomy":"product_tag","embeddable":true,"href":"https:\/\/mhinteriores.pt\/loja\/wp-json\/wp\/v2\/product_tag?post=5203"}],"curies":[{"name":"wp","href":"https:\/\/api.w.org\/{rel}","templated":true}]}}