{"id":5315,"date":"2025-10-01T11:16:44","date_gmt":"2025-10-01T11:16:44","guid":{"rendered":"https:\/\/mhinteriores.pt\/loja\/?post_type=product&#038;p=5315"},"modified":"2025-10-01T11:29:51","modified_gmt":"2025-10-01T11:29:51","slug":"lareira-a-bioetanol-40-60","status":"publish","type":"product","link":"https:\/\/mhinteriores.pt\/loja\/produto\/lareira-a-bioetanol-40-60\/","title":{"rendered":"Lareira a Bioetanol 40\/60 &#8211; MH Interiores"},"content":{"rendered":"<h2 style=\"text-align: left;\">Lareira a Bioetanol\u00a0 40\/60 &#8211; \u00a0<a href=\"https:\/\/mhinteriores.pt\/loja\/\">MH Interiores<\/a><\/h2>\n<p>A Lareira a Bioetanol 40-60 da BIO-O \u00e9 a escolha ideal para quem procura um fogo real, ecol\u00f3gico e elegante, sem necessidade de chamin\u00e9 ou instala\u00e7\u00e3o complexa. Com um design moderno e eficiente, proporciona um ambiente aconchegante e sofisticado em qualquer espa\u00e7o.<\/p>\n<p>Gra\u00e7as ao controlo totalmente el\u00e9trico, o acendimento \u00e9 autom\u00e1tico: basta pressionar um bot\u00e3o e desfrutar de at\u00e9 20 horas de autonomia. Al\u00e9m disso, a tecnologia BIO-O garante a m\u00e1xima seguran\u00e7a, efici\u00eancia e respeito pelas normas CE em vigor.<\/p>\n<h3 data-start=\"1165\" data-end=\"1198\">Caracter\u00edsticas T\u00e9cnicas<\/h3>\n<ul>\n<li data-start=\"823\" data-end=\"855\">\n<p data-start=\"825\" data-end=\"855\"><strong data-start=\"825\" data-end=\"846\">Pot\u00eancia t\u00e9rmica:<\/strong> 3.5 kW<\/p>\n<\/li>\n<li data-start=\"856\" data-end=\"881\">\n<p data-start=\"858\" data-end=\"881\"><strong data-start=\"858\" data-end=\"870\">Consumo:<\/strong> 570 ml\/h<\/p>\n<\/li>\n<li data-start=\"882\" data-end=\"937\">\n<p data-start=\"884\" data-end=\"937\"><strong data-start=\"884\" data-end=\"922\">Abertura (largura x profundidade):<\/strong> 656 x 630 mm<\/p>\n<\/li>\n<li data-start=\"938\" data-end=\"995\">\n<p data-start=\"940\" data-end=\"995\"><strong data-start=\"940\" data-end=\"974\">Dimens\u00f5es sem aro (L x P x A):<\/strong> 596 x 305 x 600 mm<\/p>\n<\/li>\n<li data-start=\"996\" data-end=\"1023\">\n<p data-start=\"998\" data-end=\"1023\"><strong data-start=\"998\" data-end=\"1015\">Peso sem aro:<\/strong> 20 kg<\/p>\n<\/li>\n<li data-start=\"1024\" data-end=\"1081\">\n<p data-start=\"1026\" data-end=\"1081\"><strong data-start=\"1026\" data-end=\"1060\">Dimens\u00f5es com aro (L x P x A):<\/strong> 676 x 305 x 640 mm<\/p>\n<\/li>\n<li data-start=\"1082\" data-end=\"1145\">\n<p data-start=\"1084\" data-end=\"1145\"><strong data-start=\"1084\" data-end=\"1130\">Abertura com aro (largura x profundidade):<\/strong> 656 x 630 mm<\/p>\n<\/li>\n<\/ul>\n<h3 data-start=\"1547\" data-end=\"1586\"><\/h3>\n<h3 data-start=\"1547\" data-end=\"1586\">Principais Vantagens<\/h3>\n<ul>\n<li data-start=\"1219\" data-end=\"1294\">\n<p data-start=\"1221\" data-end=\"1294\"><strong data-start=\"1221\" data-end=\"1248\">Acendimento autom\u00e1tico:<\/strong> basta premir um bot\u00e3o para acender a chama.<\/p>\n<\/li>\n<li data-start=\"1295\" data-end=\"1396\">\n<p data-start=\"1297\" data-end=\"1396\"><strong data-start=\"1297\" data-end=\"1324\">Autonomia at\u00e9 20 horas:<\/strong> dep\u00f3sito de biocombust\u00edvel de elevada capacidade para uso prolongado.<\/p>\n<\/li>\n<li data-start=\"1397\" data-end=\"1519\">\n<p data-start=\"1399\" data-end=\"1519\"><strong data-start=\"1399\" data-end=\"1421\">Design excecional:<\/strong> queimador em linha ultra-fino, sobre base de pedra, com visual semelhante a equipamentos a g\u00e1s.<\/p>\n<\/li>\n<li data-start=\"1520\" data-end=\"1630\">\n<p data-start=\"1522\" data-end=\"1630\"><strong data-start=\"1522\" data-end=\"1546\">Seguran\u00e7a garantida:<\/strong> dep\u00f3sito localizado em zona isolada do queimador, respeitando todas as normas CE.<\/p>\n<\/li>\n<li data-start=\"1631\" data-end=\"1744\">\n<p data-start=\"1633\" data-end=\"1744\"><strong data-start=\"1633\" data-end=\"1656\">Instala\u00e7\u00e3o simples:<\/strong> basta ligar \u00e0 tomada e conectar o tubo fornecido ao dep\u00f3sito para come\u00e7ar a utilizar.<\/p>\n<\/li>\n<li data-start=\"1745\" data-end=\"1835\">\n<p data-start=\"1747\" data-end=\"1835\"><strong data-start=\"1747\" data-end=\"1769\">Solu\u00e7\u00e3o ecol\u00f3gica:<\/strong> chama real, sem fumos, sem cinzas e sem necessidade de chamin\u00e9.<\/p>\n<\/li>\n<li data-start=\"1836\" data-end=\"1977\">\n<p data-start=\"1838\" data-end=\"1977\"><strong data-start=\"1838\" data-end=\"1870\">Versatilidade de instala\u00e7\u00e3o:<\/strong> pode ser embutida em diversos ambientes, desde que exista ventila\u00e7\u00e3o adequada e grelha de entrada de ar.<\/p>\n<\/li>\n<\/ul>\n","protected":false},"excerpt":{"rendered":"<p>Lareira a Bioetanol\u00a0 40\/60 &#8211; \u00a0MH Interiores A Lareira a Bioetanol 40-60 da BIO-O \u00e9 a escolha ideal para quem procura um fogo real, ecol\u00f3gico e elegante, sem necessidade de<\/p>\n","protected":false},"featured_media":5317,"comment_status":"open","ping_status":"closed","template":"","meta":[],"product_cat":[235],"product_tag":[],"class_list":{"0":"post-5315","1":"product","2":"type-product","3":"status-publish","4":"has-post-thumbnail","6":"product_brand-bio-o","7":"product_cat-lareira-a-bioetanol","9":"first","10":"instock","11":"shipping-taxable","12":"product-type-simple"},"yoast_head":"<!-- This site is optimized with the Yoast SEO Premium plugin v24.0 (Yoast SEO v27.4) - https:\/\/yoast.com\/product\/yoast-seo-premium-wordpress\/ -->\n<title>Lareira a Bioetanol 40\/60 - MH Interiores - Loja Decora&ccedil;&atilde;o de Interiores<\/title>\n<meta name=\"description\" content=\"Lareira BIO-O a Bioetanol 40-60 com 3.5 kW, acendimento autom\u00e1tico e at\u00e9 20h de autonomia. Design elegante, segura e de f\u00e1cil instala\u00e7\u00e3o.\" \/>\n<meta name=\"robots\" content=\"index, follow, max-snippet:-1, max-image-preview:large, max-video-preview:-1\" \/>\n<link rel=\"canonical\" href=\"https:\/\/mhinteriores.pt\/loja\/produto\/lareira-a-bioetanol-40-60\/\" \/>\n<meta property=\"og:locale\" content=\"pt_PT\" \/>\n<meta property=\"og:type\" content=\"article\" \/>\n<meta property=\"og:title\" content=\"Lareira a Bioetanol 40\/60 - MH Interiores\" \/>\n<meta property=\"og:description\" content=\"Lareira BIO-O a Bioetanol 40-60 com 3.5 kW, acendimento autom\u00e1tico e at\u00e9 20h de autonomia. Design elegante, segura e de f\u00e1cil instala\u00e7\u00e3o.\" \/>\n<meta property=\"og:url\" content=\"https:\/\/mhinteriores.pt\/loja\/produto\/lareira-a-bioetanol-40-60\/\" \/>\n<meta property=\"og:site_name\" content=\"Loja Decora&ccedil;&atilde;o de Interiores\" \/>\n<meta property=\"article:modified_time\" content=\"2025-10-01T11:29:51+00:00\" \/>\n<meta property=\"og:image\" content=\"https:\/\/mhinteriores.pt\/loja\/wp-content\/uploads\/2025\/10\/Lareira-a-Bioetanol-4060-1.webp\" \/>\n\t<meta property=\"og:image:width\" content=\"500\" \/>\n\t<meta property=\"og:image:height\" content=\"500\" \/>\n\t<meta property=\"og:image:type\" content=\"image\/webp\" \/>\n<meta name=\"twitter:card\" content=\"summary_large_image\" \/>\n<meta name=\"twitter:label1\" content=\"Tempo estimado de leitura\" \/>\n\t<meta name=\"twitter:data1\" content=\"2 minutos\" \/>\n<script type=\"application\/ld+json\" class=\"yoast-schema-graph\">{\"@context\":\"https:\\\/\\\/schema.org\",\"@graph\":[{\"@type\":\"WebPage\",\"@id\":\"https:\\\/\\\/mhinteriores.pt\\\/loja\\\/produto\\\/lareira-a-bioetanol-40-60\\\/\",\"url\":\"https:\\\/\\\/mhinteriores.pt\\\/loja\\\/produto\\\/lareira-a-bioetanol-40-60\\\/\",\"name\":\"Lareira a Bioetanol 40\\\/60 - MH Interiores - Loja Decora&ccedil;&atilde;o de Interiores\",\"isPartOf\":{\"@id\":\"https:\\\/\\\/mhinteriores.pt\\\/loja\\\/#website\"},\"primaryImageOfPage\":{\"@id\":\"https:\\\/\\\/mhinteriores.pt\\\/loja\\\/produto\\\/lareira-a-bioetanol-40-60\\\/#primaryimage\"},\"image\":{\"@id\":\"https:\\\/\\\/mhinteriores.pt\\\/loja\\\/produto\\\/lareira-a-bioetanol-40-60\\\/#primaryimage\"},\"thumbnailUrl\":\"https:\\\/\\\/mhinteriores.pt\\\/loja\\\/wp-content\\\/uploads\\\/2025\\\/10\\\/Lareira-a-Bioetanol-4060-1.webp\",\"datePublished\":\"2025-10-01T11:16:44+00:00\",\"dateModified\":\"2025-10-01T11:29:51+00:00\",\"description\":\"Lareira BIO-O a Bioetanol 40-60 com 3.5 kW, acendimento autom\u00e1tico e at\u00e9 20h de autonomia. Design elegante, segura e de f\u00e1cil instala\u00e7\u00e3o.\",\"breadcrumb\":{\"@id\":\"https:\\\/\\\/mhinteriores.pt\\\/loja\\\/produto\\\/lareira-a-bioetanol-40-60\\\/#breadcrumb\"},\"inLanguage\":\"pt-PT\",\"potentialAction\":[{\"@type\":\"ReadAction\",\"target\":[\"https:\\\/\\\/mhinteriores.pt\\\/loja\\\/produto\\\/lareira-a-bioetanol-40-60\\\/\"]}]},{\"@type\":\"ImageObject\",\"inLanguage\":\"pt-PT\",\"@id\":\"https:\\\/\\\/mhinteriores.pt\\\/loja\\\/produto\\\/lareira-a-bioetanol-40-60\\\/#primaryimage\",\"url\":\"https:\\\/\\\/mhinteriores.pt\\\/loja\\\/wp-content\\\/uploads\\\/2025\\\/10\\\/Lareira-a-Bioetanol-4060-1.webp\",\"contentUrl\":\"https:\\\/\\\/mhinteriores.pt\\\/loja\\\/wp-content\\\/uploads\\\/2025\\\/10\\\/Lareira-a-Bioetanol-4060-1.webp\",\"width\":500,\"height\":500,\"caption\":\"Lareira a Bioetanol 4060\"},{\"@type\":\"BreadcrumbList\",\"@id\":\"https:\\\/\\\/mhinteriores.pt\\\/loja\\\/produto\\\/lareira-a-bioetanol-40-60\\\/#breadcrumb\",\"itemListElement\":[{\"@type\":\"ListItem\",\"position\":1,\"name\":\"In\u00edcio\",\"item\":\"https:\\\/\\\/mhinteriores.pt\\\/loja\\\/\"},{\"@type\":\"ListItem\",\"position\":2,\"name\":\"Loja\",\"item\":\"https:\\\/\\\/mhinteriores.pt\\\/loja\\\/loja\\\/\"},{\"@type\":\"ListItem\",\"position\":3,\"name\":\"Lareira a Bioetanol 40\\\/60 &#8211; MH Interiores\"}]},{\"@type\":\"WebSite\",\"@id\":\"https:\\\/\\\/mhinteriores.pt\\\/loja\\\/#website\",\"url\":\"https:\\\/\\\/mhinteriores.pt\\\/loja\\\/\",\"name\":\"Loja de Decora\u00e7\u00e3o - MH Interiores\",\"description\":\"MH Interiores\",\"publisher\":{\"@id\":\"https:\\\/\\\/mhinteriores.pt\\\/loja\\\/#organization\"},\"potentialAction\":[{\"@type\":\"SearchAction\",\"target\":{\"@type\":\"EntryPoint\",\"urlTemplate\":\"https:\\\/\\\/mhinteriores.pt\\\/loja\\\/?s={search_term_string}\"},\"query-input\":{\"@type\":\"PropertyValueSpecification\",\"valueRequired\":true,\"valueName\":\"search_term_string\"}}],\"inLanguage\":\"pt-PT\"},{\"@type\":\"Organization\",\"@id\":\"https:\\\/\\\/mhinteriores.pt\\\/loja\\\/#organization\",\"name\":\"Loja de Decora\u00e7\u00e3o - MH Interiores\",\"url\":\"https:\\\/\\\/mhinteriores.pt\\\/loja\\\/\",\"logo\":{\"@type\":\"ImageObject\",\"inLanguage\":\"pt-PT\",\"@id\":\"https:\\\/\\\/mhinteriores.pt\\\/loja\\\/#\\\/schema\\\/logo\\\/image\\\/\",\"url\":\"https:\\\/\\\/mhinteriores.pt\\\/loja\\\/wp-content\\\/uploads\\\/2024\\\/12\\\/cropped-MH-Interiores.png\",\"contentUrl\":\"https:\\\/\\\/mhinteriores.pt\\\/loja\\\/wp-content\\\/uploads\\\/2024\\\/12\\\/cropped-MH-Interiores.png\",\"width\":512,\"height\":512,\"caption\":\"Loja de Decora\u00e7\u00e3o - MH Interiores\"},\"image\":{\"@id\":\"https:\\\/\\\/mhinteriores.pt\\\/loja\\\/#\\\/schema\\\/logo\\\/image\\\/\"}}]}<\/script>\n<!-- \/ Yoast SEO Premium plugin. -->","yoast_head_json":{"title":"Lareira a Bioetanol 40\/60 - MH Interiores - Loja Decora&ccedil;&atilde;o de Interiores","description":"Lareira BIO-O a Bioetanol 40-60 com 3.5 kW, acendimento autom\u00e1tico e at\u00e9 20h de autonomia. Design elegante, segura e de f\u00e1cil instala\u00e7\u00e3o.","robots":{"index":"index","follow":"follow","max-snippet":"max-snippet:-1","max-image-preview":"max-image-preview:large","max-video-preview":"max-video-preview:-1"},"canonical":"https:\/\/mhinteriores.pt\/loja\/produto\/lareira-a-bioetanol-40-60\/","og_locale":"pt_PT","og_type":"article","og_title":"Lareira a Bioetanol 40\/60 - MH Interiores","og_description":"Lareira BIO-O a Bioetanol 40-60 com 3.5 kW, acendimento autom\u00e1tico e at\u00e9 20h de autonomia. Design elegante, segura e de f\u00e1cil instala\u00e7\u00e3o.","og_url":"https:\/\/mhinteriores.pt\/loja\/produto\/lareira-a-bioetanol-40-60\/","og_site_name":"Loja Decora&ccedil;&atilde;o de Interiores","article_modified_time":"2025-10-01T11:29:51+00:00","og_image":[{"width":500,"height":500,"url":"https:\/\/mhinteriores.pt\/loja\/wp-content\/uploads\/2025\/10\/Lareira-a-Bioetanol-4060-1.webp","type":"image\/webp"}],"twitter_card":"summary_large_image","twitter_misc":{"Tempo estimado de leitura":"2 minutos"},"schema":{"@context":"https:\/\/schema.org","@graph":[{"@type":"WebPage","@id":"https:\/\/mhinteriores.pt\/loja\/produto\/lareira-a-bioetanol-40-60\/","url":"https:\/\/mhinteriores.pt\/loja\/produto\/lareira-a-bioetanol-40-60\/","name":"Lareira a Bioetanol 40\/60 - MH Interiores - Loja Decora&ccedil;&atilde;o de Interiores","isPartOf":{"@id":"https:\/\/mhinteriores.pt\/loja\/#website"},"primaryImageOfPage":{"@id":"https:\/\/mhinteriores.pt\/loja\/produto\/lareira-a-bioetanol-40-60\/#primaryimage"},"image":{"@id":"https:\/\/mhinteriores.pt\/loja\/produto\/lareira-a-bioetanol-40-60\/#primaryimage"},"thumbnailUrl":"https:\/\/mhinteriores.pt\/loja\/wp-content\/uploads\/2025\/10\/Lareira-a-Bioetanol-4060-1.webp","datePublished":"2025-10-01T11:16:44+00:00","dateModified":"2025-10-01T11:29:51+00:00","description":"Lareira BIO-O a Bioetanol 40-60 com 3.5 kW, acendimento autom\u00e1tico e at\u00e9 20h de autonomia. Design elegante, segura e de f\u00e1cil instala\u00e7\u00e3o.","breadcrumb":{"@id":"https:\/\/mhinteriores.pt\/loja\/produto\/lareira-a-bioetanol-40-60\/#breadcrumb"},"inLanguage":"pt-PT","potentialAction":[{"@type":"ReadAction","target":["https:\/\/mhinteriores.pt\/loja\/produto\/lareira-a-bioetanol-40-60\/"]}]},{"@type":"ImageObject","inLanguage":"pt-PT","@id":"https:\/\/mhinteriores.pt\/loja\/produto\/lareira-a-bioetanol-40-60\/#primaryimage","url":"https:\/\/mhinteriores.pt\/loja\/wp-content\/uploads\/2025\/10\/Lareira-a-Bioetanol-4060-1.webp","contentUrl":"https:\/\/mhinteriores.pt\/loja\/wp-content\/uploads\/2025\/10\/Lareira-a-Bioetanol-4060-1.webp","width":500,"height":500,"caption":"Lareira a Bioetanol 4060"},{"@type":"BreadcrumbList","@id":"https:\/\/mhinteriores.pt\/loja\/produto\/lareira-a-bioetanol-40-60\/#breadcrumb","itemListElement":[{"@type":"ListItem","position":1,"name":"In\u00edcio","item":"https:\/\/mhinteriores.pt\/loja\/"},{"@type":"ListItem","position":2,"name":"Loja","item":"https:\/\/mhinteriores.pt\/loja\/loja\/"},{"@type":"ListItem","position":3,"name":"Lareira a Bioetanol 40\/60 &#8211; MH Interiores"}]},{"@type":"WebSite","@id":"https:\/\/mhinteriores.pt\/loja\/#website","url":"https:\/\/mhinteriores.pt\/loja\/","name":"Loja de Decora\u00e7\u00e3o - MH Interiores","description":"MH Interiores","publisher":{"@id":"https:\/\/mhinteriores.pt\/loja\/#organization"},"potentialAction":[{"@type":"SearchAction","target":{"@type":"EntryPoint","urlTemplate":"https:\/\/mhinteriores.pt\/loja\/?s={search_term_string}"},"query-input":{"@type":"PropertyValueSpecification","valueRequired":true,"valueName":"search_term_string"}}],"inLanguage":"pt-PT"},{"@type":"Organization","@id":"https:\/\/mhinteriores.pt\/loja\/#organization","name":"Loja de Decora\u00e7\u00e3o - MH Interiores","url":"https:\/\/mhinteriores.pt\/loja\/","logo":{"@type":"ImageObject","inLanguage":"pt-PT","@id":"https:\/\/mhinteriores.pt\/loja\/#\/schema\/logo\/image\/","url":"https:\/\/mhinteriores.pt\/loja\/wp-content\/uploads\/2024\/12\/cropped-MH-Interiores.png","contentUrl":"https:\/\/mhinteriores.pt\/loja\/wp-content\/uploads\/2024\/12\/cropped-MH-Interiores.png","width":512,"height":512,"caption":"Loja de Decora\u00e7\u00e3o - MH Interiores"},"image":{"@id":"https:\/\/mhinteriores.pt\/loja\/#\/schema\/logo\/image\/"}}]}},"_links":{"self":[{"href":"https:\/\/mhinteriores.pt\/loja\/wp-json\/wp\/v2\/product\/5315","targetHints":{"allow":["GET"]}}],"collection":[{"href":"https:\/\/mhinteriores.pt\/loja\/wp-json\/wp\/v2\/product"}],"about":[{"href":"https:\/\/mhinteriores.pt\/loja\/wp-json\/wp\/v2\/types\/product"}],"replies":[{"embeddable":true,"href":"https:\/\/mhinteriores.pt\/loja\/wp-json\/wp\/v2\/comments?post=5315"}],"version-history":[{"count":2,"href":"https:\/\/mhinteriores.pt\/loja\/wp-json\/wp\/v2\/product\/5315\/revisions"}],"predecessor-version":[{"id":5320,"href":"https:\/\/mhinteriores.pt\/loja\/wp-json\/wp\/v2\/product\/5315\/revisions\/5320"}],"wp:featuredmedia":[{"embeddable":true,"href":"https:\/\/mhinteriores.pt\/loja\/wp-json\/wp\/v2\/media\/5317"}],"wp:attachment":[{"href":"https:\/\/mhinteriores.pt\/loja\/wp-json\/wp\/v2\/media?parent=5315"}],"wp:term":[{"taxonomy":"product_cat","embeddable":true,"href":"https:\/\/mhinteriores.pt\/loja\/wp-json\/wp\/v2\/product_cat?post=5315"},{"taxonomy":"product_tag","embeddable":true,"href":"https:\/\/mhinteriores.pt\/loja\/wp-json\/wp\/v2\/product_tag?post=5315"}],"curies":[{"name":"wp","href":"https:\/\/api.w.org\/{rel}","templated":true}]}}