{"id":5331,"date":"2025-10-01T12:50:11","date_gmt":"2025-10-01T12:50:11","guid":{"rendered":"https:\/\/mhinteriores.pt\/loja\/?post_type=product&#038;p=5331"},"modified":"2025-10-01T12:53:26","modified_gmt":"2025-10-01T12:53:26","slug":"lareira-a-bioetanol-90-140","status":"publish","type":"product","link":"https:\/\/mhinteriores.pt\/loja\/produto\/lareira-a-bioetanol-90-140\/","title":{"rendered":"Lareira a Bioetanol 90\/140 &#8211; MH Interiores"},"content":{"rendered":"<h2 style=\"text-align: left;\">Lareira a Bioetanol\u00a0 90\/140 &#8211; \u00a0<a href=\"https:\/\/mhinteriores.pt\/loja\/\">MH Interiores<\/a><\/h2>\n<p>A <strong data-start=\"247\" data-end=\"286\">Lareira a Bioetanol 90-140 da Bio-O<\/strong> combina pot\u00eancia, seguran\u00e7a e design sofisticado. Com acendimento autom\u00e1tico e autonomia at\u00e9 20h, \u00e9 a solu\u00e7\u00e3o ideal para criar ambientes modernos, acolhedores e sem necessidade de chamin\u00e9.<\/p>\n<h3 data-start=\"1165\" data-end=\"1198\">Caracter\u00edsticas T\u00e9cnicas<\/h3>\n<ul>\n<li data-start=\"518\" data-end=\"552\">\n<p data-start=\"520\" data-end=\"552\"><strong data-start=\"520\" data-end=\"546\">Pot\u00eancia t\u00e9rmica (Kw):<\/strong> 5,3<\/p>\n<\/li>\n<li data-start=\"553\" data-end=\"580\">\n<p data-start=\"555\" data-end=\"580\"><strong data-start=\"555\" data-end=\"574\">Consumo (ml\/h):<\/strong> 870<\/p>\n<\/li>\n<li data-start=\"581\" data-end=\"604\">\n<p data-start=\"583\" data-end=\"604\"><strong data-start=\"583\" data-end=\"595\">Cassete:<\/strong> 90-140<\/p>\n<\/li>\n<li data-start=\"605\" data-end=\"659\">\n<p data-start=\"607\" data-end=\"659\"><strong data-start=\"607\" data-end=\"637\">Dimens\u00f5es sem aro (LxPxA):<\/strong> 1392 x 305 x 440 mm<\/p>\n<\/li>\n<li data-start=\"660\" data-end=\"687\">\n<p data-start=\"662\" data-end=\"687\"><strong data-start=\"662\" data-end=\"679\">Peso sem aro:<\/strong> 31 kg<\/p>\n<\/li>\n<li data-start=\"688\" data-end=\"742\">\n<p data-start=\"690\" data-end=\"742\"><strong data-start=\"690\" data-end=\"720\">Dimens\u00f5es com aro (LxPxA):<\/strong> 1472 x 305 x 480 mm<\/p>\n<\/li>\n<li data-start=\"743\" data-end=\"788\">\n<p data-start=\"745\" data-end=\"788\"><strong data-start=\"745\" data-end=\"772\">Abertura com aro (LxP):<\/strong> 1452 x 470 mm<\/p>\n<\/li>\n<\/ul>\n<p>&nbsp;<\/p>\n<h3 data-start=\"1547\" data-end=\"1586\">Principais Vantagens<\/h3>\n<ul>\n<li data-start=\"862\" data-end=\"920\">\n<p data-start=\"864\" data-end=\"920\"><strong data-start=\"864\" data-end=\"891\">Acendimento autom\u00e1tico:<\/strong> basta pressionar um bot\u00e3o.<\/p>\n<\/li>\n<li data-start=\"921\" data-end=\"993\">\n<p data-start=\"923\" data-end=\"993\"><strong data-start=\"923\" data-end=\"948\">Autonomia de at\u00e9 20h:<\/strong> funcionamento cont\u00ednuo com dep\u00f3sito cheio.<\/p>\n<\/li>\n<li data-start=\"994\" data-end=\"1079\">\n<p data-start=\"996\" data-end=\"1079\"><strong data-start=\"996\" data-end=\"1026\">Design moderno e elegante:<\/strong> queimador em linha ultra-fino sobre base de pedra.<\/p>\n<\/li>\n<li data-start=\"1080\" data-end=\"1162\">\n<p data-start=\"1082\" data-end=\"1162\"><strong data-start=\"1082\" data-end=\"1106\">Seguran\u00e7a garantida:<\/strong> dep\u00f3sito isolado e monitoriza\u00e7\u00e3o por microcomputador.<\/p>\n<\/li>\n<li data-start=\"1163\" data-end=\"1242\">\n<p data-start=\"1165\" data-end=\"1242\"><strong data-start=\"1165\" data-end=\"1188\">Normas CE em vigor:<\/strong> certifica\u00e7\u00e3o que assegura qualidade e conformidade.<\/p>\n<\/li>\n<li data-start=\"1243\" data-end=\"1346\">\n<p data-start=\"1245\" data-end=\"1346\"><strong data-start=\"1245\" data-end=\"1278\">Instala\u00e7\u00e3o simples e pr\u00e1tica:<\/strong> basta ligar \u00e0 tomada e conectar ao dep\u00f3sito com o tubo fornecido.<\/p>\n<\/li>\n<li data-start=\"1347\" data-end=\"1438\">\n<p data-start=\"1349\" data-end=\"1438\"><strong data-start=\"1349\" data-end=\"1375\">Ventila\u00e7\u00e3o necess\u00e1ria:<\/strong> consumo de oxig\u00e9nio requer grelha de entrada de ar adequada.<\/p>\n<\/li>\n<li data-start=\"1439\" data-end=\"1525\">\n<p data-start=\"1441\" data-end=\"1525\"><strong data-start=\"1441\" data-end=\"1465\">Elemento decorativo:<\/strong> mesmo desligada, mant\u00e9m um visual atrativo e sofisticado.<\/p>\n<\/li>\n<\/ul>\n","protected":false},"excerpt":{"rendered":"<p>Lareira a Bioetanol\u00a0 90\/140 &#8211; \u00a0MH Interiores A Lareira a Bioetanol 90-140 da Bio-O combina pot\u00eancia, seguran\u00e7a e design sofisticado. Com acendimento autom\u00e1tico e autonomia at\u00e9 20h, \u00e9 a solu\u00e7\u00e3o<\/p>\n","protected":false},"featured_media":5332,"comment_status":"open","ping_status":"closed","template":"","meta":[],"product_cat":[235],"product_tag":[],"class_list":{"0":"post-5331","1":"product","2":"type-product","3":"status-publish","4":"has-post-thumbnail","6":"product_brand-bio-o","7":"product_cat-lareira-a-bioetanol","9":"first","10":"instock","11":"shipping-taxable","12":"product-type-simple"},"yoast_head":"<!-- This site is optimized with the Yoast SEO Premium plugin v24.0 (Yoast SEO v27.4) - https:\/\/yoast.com\/product\/yoast-seo-premium-wordpress\/ -->\n<title>Lareira a Bioetanol 90\/140 - MH Interiores - Loja Decora&ccedil;&atilde;o de Interiores<\/title>\n<meta name=\"description\" content=\"Lareira a Bioetanol 90-140 Bio-O com acendimento autom\u00e1tico, at\u00e9 20h de autonomia e design moderno. Segura, elegante e sem necessidade de chamin\u00e9.\" \/>\n<meta name=\"robots\" content=\"index, follow, max-snippet:-1, max-image-preview:large, max-video-preview:-1\" \/>\n<link rel=\"canonical\" href=\"https:\/\/mhinteriores.pt\/loja\/produto\/lareira-a-bioetanol-90-140\/\" \/>\n<meta property=\"og:locale\" content=\"pt_PT\" \/>\n<meta property=\"og:type\" content=\"article\" \/>\n<meta property=\"og:title\" content=\"Lareira a Bioetanol 90\/140 - MH Interiores\" \/>\n<meta property=\"og:description\" content=\"Lareira a Bioetanol 90-140 Bio-O com acendimento autom\u00e1tico, at\u00e9 20h de autonomia e design moderno. Segura, elegante e sem necessidade de chamin\u00e9.\" \/>\n<meta property=\"og:url\" content=\"https:\/\/mhinteriores.pt\/loja\/produto\/lareira-a-bioetanol-90-140\/\" \/>\n<meta property=\"og:site_name\" content=\"Loja Decora&ccedil;&atilde;o de Interiores\" \/>\n<meta property=\"article:modified_time\" content=\"2025-10-01T12:53:26+00:00\" \/>\n<meta property=\"og:image\" content=\"https:\/\/mhinteriores.pt\/loja\/wp-content\/uploads\/2025\/10\/Lareira-Bioetanol-90-140.webp\" \/>\n\t<meta property=\"og:image:width\" content=\"800\" \/>\n\t<meta property=\"og:image:height\" content=\"800\" \/>\n\t<meta property=\"og:image:type\" content=\"image\/webp\" \/>\n<meta name=\"twitter:card\" content=\"summary_large_image\" \/>\n<meta name=\"twitter:label1\" content=\"Tempo estimado de leitura\" \/>\n\t<meta name=\"twitter:data1\" content=\"2 minutos\" \/>\n<script type=\"application\/ld+json\" class=\"yoast-schema-graph\">{\"@context\":\"https:\\\/\\\/schema.org\",\"@graph\":[{\"@type\":\"WebPage\",\"@id\":\"https:\\\/\\\/mhinteriores.pt\\\/loja\\\/produto\\\/lareira-a-bioetanol-90-140\\\/\",\"url\":\"https:\\\/\\\/mhinteriores.pt\\\/loja\\\/produto\\\/lareira-a-bioetanol-90-140\\\/\",\"name\":\"Lareira a Bioetanol 90\\\/140 - MH Interiores - Loja Decora&ccedil;&atilde;o de Interiores\",\"isPartOf\":{\"@id\":\"https:\\\/\\\/mhinteriores.pt\\\/loja\\\/#website\"},\"primaryImageOfPage\":{\"@id\":\"https:\\\/\\\/mhinteriores.pt\\\/loja\\\/produto\\\/lareira-a-bioetanol-90-140\\\/#primaryimage\"},\"image\":{\"@id\":\"https:\\\/\\\/mhinteriores.pt\\\/loja\\\/produto\\\/lareira-a-bioetanol-90-140\\\/#primaryimage\"},\"thumbnailUrl\":\"https:\\\/\\\/mhinteriores.pt\\\/loja\\\/wp-content\\\/uploads\\\/2025\\\/10\\\/Lareira-Bioetanol-90-140.webp\",\"datePublished\":\"2025-10-01T12:50:11+00:00\",\"dateModified\":\"2025-10-01T12:53:26+00:00\",\"description\":\"Lareira a Bioetanol 90-140 Bio-O com acendimento autom\u00e1tico, at\u00e9 20h de autonomia e design moderno. Segura, elegante e sem necessidade de chamin\u00e9.\",\"breadcrumb\":{\"@id\":\"https:\\\/\\\/mhinteriores.pt\\\/loja\\\/produto\\\/lareira-a-bioetanol-90-140\\\/#breadcrumb\"},\"inLanguage\":\"pt-PT\",\"potentialAction\":[{\"@type\":\"ReadAction\",\"target\":[\"https:\\\/\\\/mhinteriores.pt\\\/loja\\\/produto\\\/lareira-a-bioetanol-90-140\\\/\"]}]},{\"@type\":\"ImageObject\",\"inLanguage\":\"pt-PT\",\"@id\":\"https:\\\/\\\/mhinteriores.pt\\\/loja\\\/produto\\\/lareira-a-bioetanol-90-140\\\/#primaryimage\",\"url\":\"https:\\\/\\\/mhinteriores.pt\\\/loja\\\/wp-content\\\/uploads\\\/2025\\\/10\\\/Lareira-Bioetanol-90-140.webp\",\"contentUrl\":\"https:\\\/\\\/mhinteriores.pt\\\/loja\\\/wp-content\\\/uploads\\\/2025\\\/10\\\/Lareira-Bioetanol-90-140.webp\",\"width\":800,\"height\":800,\"caption\":\"Lareira Bioetanol 90-140\"},{\"@type\":\"BreadcrumbList\",\"@id\":\"https:\\\/\\\/mhinteriores.pt\\\/loja\\\/produto\\\/lareira-a-bioetanol-90-140\\\/#breadcrumb\",\"itemListElement\":[{\"@type\":\"ListItem\",\"position\":1,\"name\":\"In\u00edcio\",\"item\":\"https:\\\/\\\/mhinteriores.pt\\\/loja\\\/\"},{\"@type\":\"ListItem\",\"position\":2,\"name\":\"Loja\",\"item\":\"https:\\\/\\\/mhinteriores.pt\\\/loja\\\/loja\\\/\"},{\"@type\":\"ListItem\",\"position\":3,\"name\":\"Lareira a Bioetanol 90\\\/140 &#8211; MH Interiores\"}]},{\"@type\":\"WebSite\",\"@id\":\"https:\\\/\\\/mhinteriores.pt\\\/loja\\\/#website\",\"url\":\"https:\\\/\\\/mhinteriores.pt\\\/loja\\\/\",\"name\":\"Loja de Decora\u00e7\u00e3o - MH Interiores\",\"description\":\"MH Interiores\",\"publisher\":{\"@id\":\"https:\\\/\\\/mhinteriores.pt\\\/loja\\\/#organization\"},\"potentialAction\":[{\"@type\":\"SearchAction\",\"target\":{\"@type\":\"EntryPoint\",\"urlTemplate\":\"https:\\\/\\\/mhinteriores.pt\\\/loja\\\/?s={search_term_string}\"},\"query-input\":{\"@type\":\"PropertyValueSpecification\",\"valueRequired\":true,\"valueName\":\"search_term_string\"}}],\"inLanguage\":\"pt-PT\"},{\"@type\":\"Organization\",\"@id\":\"https:\\\/\\\/mhinteriores.pt\\\/loja\\\/#organization\",\"name\":\"Loja de Decora\u00e7\u00e3o - MH Interiores\",\"url\":\"https:\\\/\\\/mhinteriores.pt\\\/loja\\\/\",\"logo\":{\"@type\":\"ImageObject\",\"inLanguage\":\"pt-PT\",\"@id\":\"https:\\\/\\\/mhinteriores.pt\\\/loja\\\/#\\\/schema\\\/logo\\\/image\\\/\",\"url\":\"https:\\\/\\\/mhinteriores.pt\\\/loja\\\/wp-content\\\/uploads\\\/2024\\\/12\\\/cropped-MH-Interiores.png\",\"contentUrl\":\"https:\\\/\\\/mhinteriores.pt\\\/loja\\\/wp-content\\\/uploads\\\/2024\\\/12\\\/cropped-MH-Interiores.png\",\"width\":512,\"height\":512,\"caption\":\"Loja de Decora\u00e7\u00e3o - MH Interiores\"},\"image\":{\"@id\":\"https:\\\/\\\/mhinteriores.pt\\\/loja\\\/#\\\/schema\\\/logo\\\/image\\\/\"}}]}<\/script>\n<!-- \/ Yoast SEO Premium plugin. -->","yoast_head_json":{"title":"Lareira a Bioetanol 90\/140 - MH Interiores - Loja Decora&ccedil;&atilde;o de Interiores","description":"Lareira a Bioetanol 90-140 Bio-O com acendimento autom\u00e1tico, at\u00e9 20h de autonomia e design moderno. Segura, elegante e sem necessidade de chamin\u00e9.","robots":{"index":"index","follow":"follow","max-snippet":"max-snippet:-1","max-image-preview":"max-image-preview:large","max-video-preview":"max-video-preview:-1"},"canonical":"https:\/\/mhinteriores.pt\/loja\/produto\/lareira-a-bioetanol-90-140\/","og_locale":"pt_PT","og_type":"article","og_title":"Lareira a Bioetanol 90\/140 - MH Interiores","og_description":"Lareira a Bioetanol 90-140 Bio-O com acendimento autom\u00e1tico, at\u00e9 20h de autonomia e design moderno. Segura, elegante e sem necessidade de chamin\u00e9.","og_url":"https:\/\/mhinteriores.pt\/loja\/produto\/lareira-a-bioetanol-90-140\/","og_site_name":"Loja Decora&ccedil;&atilde;o de Interiores","article_modified_time":"2025-10-01T12:53:26+00:00","og_image":[{"width":800,"height":800,"url":"https:\/\/mhinteriores.pt\/loja\/wp-content\/uploads\/2025\/10\/Lareira-Bioetanol-90-140.webp","type":"image\/webp"}],"twitter_card":"summary_large_image","twitter_misc":{"Tempo estimado de leitura":"2 minutos"},"schema":{"@context":"https:\/\/schema.org","@graph":[{"@type":"WebPage","@id":"https:\/\/mhinteriores.pt\/loja\/produto\/lareira-a-bioetanol-90-140\/","url":"https:\/\/mhinteriores.pt\/loja\/produto\/lareira-a-bioetanol-90-140\/","name":"Lareira a Bioetanol 90\/140 - MH Interiores - Loja Decora&ccedil;&atilde;o de Interiores","isPartOf":{"@id":"https:\/\/mhinteriores.pt\/loja\/#website"},"primaryImageOfPage":{"@id":"https:\/\/mhinteriores.pt\/loja\/produto\/lareira-a-bioetanol-90-140\/#primaryimage"},"image":{"@id":"https:\/\/mhinteriores.pt\/loja\/produto\/lareira-a-bioetanol-90-140\/#primaryimage"},"thumbnailUrl":"https:\/\/mhinteriores.pt\/loja\/wp-content\/uploads\/2025\/10\/Lareira-Bioetanol-90-140.webp","datePublished":"2025-10-01T12:50:11+00:00","dateModified":"2025-10-01T12:53:26+00:00","description":"Lareira a Bioetanol 90-140 Bio-O com acendimento autom\u00e1tico, at\u00e9 20h de autonomia e design moderno. Segura, elegante e sem necessidade de chamin\u00e9.","breadcrumb":{"@id":"https:\/\/mhinteriores.pt\/loja\/produto\/lareira-a-bioetanol-90-140\/#breadcrumb"},"inLanguage":"pt-PT","potentialAction":[{"@type":"ReadAction","target":["https:\/\/mhinteriores.pt\/loja\/produto\/lareira-a-bioetanol-90-140\/"]}]},{"@type":"ImageObject","inLanguage":"pt-PT","@id":"https:\/\/mhinteriores.pt\/loja\/produto\/lareira-a-bioetanol-90-140\/#primaryimage","url":"https:\/\/mhinteriores.pt\/loja\/wp-content\/uploads\/2025\/10\/Lareira-Bioetanol-90-140.webp","contentUrl":"https:\/\/mhinteriores.pt\/loja\/wp-content\/uploads\/2025\/10\/Lareira-Bioetanol-90-140.webp","width":800,"height":800,"caption":"Lareira Bioetanol 90-140"},{"@type":"BreadcrumbList","@id":"https:\/\/mhinteriores.pt\/loja\/produto\/lareira-a-bioetanol-90-140\/#breadcrumb","itemListElement":[{"@type":"ListItem","position":1,"name":"In\u00edcio","item":"https:\/\/mhinteriores.pt\/loja\/"},{"@type":"ListItem","position":2,"name":"Loja","item":"https:\/\/mhinteriores.pt\/loja\/loja\/"},{"@type":"ListItem","position":3,"name":"Lareira a Bioetanol 90\/140 &#8211; MH Interiores"}]},{"@type":"WebSite","@id":"https:\/\/mhinteriores.pt\/loja\/#website","url":"https:\/\/mhinteriores.pt\/loja\/","name":"Loja de Decora\u00e7\u00e3o - MH Interiores","description":"MH Interiores","publisher":{"@id":"https:\/\/mhinteriores.pt\/loja\/#organization"},"potentialAction":[{"@type":"SearchAction","target":{"@type":"EntryPoint","urlTemplate":"https:\/\/mhinteriores.pt\/loja\/?s={search_term_string}"},"query-input":{"@type":"PropertyValueSpecification","valueRequired":true,"valueName":"search_term_string"}}],"inLanguage":"pt-PT"},{"@type":"Organization","@id":"https:\/\/mhinteriores.pt\/loja\/#organization","name":"Loja de Decora\u00e7\u00e3o - MH Interiores","url":"https:\/\/mhinteriores.pt\/loja\/","logo":{"@type":"ImageObject","inLanguage":"pt-PT","@id":"https:\/\/mhinteriores.pt\/loja\/#\/schema\/logo\/image\/","url":"https:\/\/mhinteriores.pt\/loja\/wp-content\/uploads\/2024\/12\/cropped-MH-Interiores.png","contentUrl":"https:\/\/mhinteriores.pt\/loja\/wp-content\/uploads\/2024\/12\/cropped-MH-Interiores.png","width":512,"height":512,"caption":"Loja de Decora\u00e7\u00e3o - MH Interiores"},"image":{"@id":"https:\/\/mhinteriores.pt\/loja\/#\/schema\/logo\/image\/"}}]}},"_links":{"self":[{"href":"https:\/\/mhinteriores.pt\/loja\/wp-json\/wp\/v2\/product\/5331","targetHints":{"allow":["GET"]}}],"collection":[{"href":"https:\/\/mhinteriores.pt\/loja\/wp-json\/wp\/v2\/product"}],"about":[{"href":"https:\/\/mhinteriores.pt\/loja\/wp-json\/wp\/v2\/types\/product"}],"replies":[{"embeddable":true,"href":"https:\/\/mhinteriores.pt\/loja\/wp-json\/wp\/v2\/comments?post=5331"}],"version-history":[{"count":2,"href":"https:\/\/mhinteriores.pt\/loja\/wp-json\/wp\/v2\/product\/5331\/revisions"}],"predecessor-version":[{"id":5334,"href":"https:\/\/mhinteriores.pt\/loja\/wp-json\/wp\/v2\/product\/5331\/revisions\/5334"}],"wp:featuredmedia":[{"embeddable":true,"href":"https:\/\/mhinteriores.pt\/loja\/wp-json\/wp\/v2\/media\/5332"}],"wp:attachment":[{"href":"https:\/\/mhinteriores.pt\/loja\/wp-json\/wp\/v2\/media?parent=5331"}],"wp:term":[{"taxonomy":"product_cat","embeddable":true,"href":"https:\/\/mhinteriores.pt\/loja\/wp-json\/wp\/v2\/product_cat?post=5331"},{"taxonomy":"product_tag","embeddable":true,"href":"https:\/\/mhinteriores.pt\/loja\/wp-json\/wp\/v2\/product_tag?post=5331"}],"curies":[{"name":"wp","href":"https:\/\/api.w.org\/{rel}","templated":true}]}}